{"id":428,"date":"2022-02-14T10:23:30","date_gmt":"2022-02-14T10:23:30","guid":{"rendered":"https:\/\/rumaenienhilfe.awo-rle.de\/wordpress\/?page_id=428"},"modified":"2023-12-22T10:48:24","modified_gmt":"2023-12-22T10:48:24","slug":"projekte-und-aktionen","status":"publish","type":"page","link":"https:\/\/humanitaerehilfe.awo-rle.de\/wordpress\/index.php\/projekte-und-aktionen\/","title":{"rendered":"Projekte und Aktionen"},"content":{"rendered":"\t\t<div data-elementor-type=\"wp-page\" data-elementor-id=\"428\" class=\"elementor elementor-428\">\n\t\t\t\t\t\t<section class=\"elementor-section elementor-top-section elementor-element elementor-element-2afac6b elementor-section-boxed elementor-section-height-default elementor-section-height-default\" data-id=\"2afac6b\" data-element_type=\"section\" data-e-type=\"section\">\n\t\t\t\t\t\t<div class=\"elementor-container elementor-column-gap-default\">\n\t\t\t\t\t<div class=\"elementor-column elementor-col-100 elementor-top-column elementor-element elementor-element-c79d521\" data-id=\"c79d521\" data-element_type=\"column\" data-e-type=\"column\">\n\t\t\t<div class=\"elementor-widget-wrap elementor-element-populated\">\n\t\t\t\t\t\t<div class=\"elementor-element elementor-element-2ee2f31 elementor-widget elementor-widget-text-editor\" data-id=\"2ee2f31\" data-element_type=\"widget\" data-e-type=\"widget\" data-widget_type=\"text-editor.default\">\n\t\t\t\t<div class=\"elementor-widget-container\">\n\t\t\t\t\t\t\t\t\t<p><br><\/p>\n<p>WEIHNACHTSP\u00c4CKCHENAKTION 2023 DES AKTIONSKREISES HUMANIT\u00c4RE HILFE: GEMEINSCHAFTLICHER EINSATZ F\u00dcR EINE BESONDERE BESCHERUNG<br>\nGeschrieben von Redaktion am 09. Dezember 2023. Ver\u00f6ffentlicht in Lokalnachrichten kamen.web<\/p>\n<p>&nbsp;In diesem Jahr h\u00e4tte der rum\u00e4nische Nikolaus beinahe sein Ziel verfehlt, die Weihnachtsp\u00e4ckchen aus Kamen abzuholen, da sein Auto den Dienst versagte. Doch die Mitglieder des Aktionskreises humanit\u00e4re Hilfe und insbesondere Julia Kaim von der Jahnschule fanden eine kreative L\u00f6sung, um den Kindern in Toplet dennoch eine besondere Bescherung zu erm\u00f6glichen.<\/p>\n<p>Julia Kaim appellierte an die Solidarit\u00e4t der Sch\u00fclerinnen und Sch\u00fcler, indem sie die Namenslisten der Kinder aus Toplet sammelte. Anschlie\u00dfend wurden die liebevoll gepackten P\u00e4ckchen per Versanddienstleister auf die Reise geschickt. Das ben\u00f6tigte Porto wurde durch gro\u00dfz\u00fcgige Spenden an die AWO (Arbeiterwohlfahrt) aufgebracht, wof\u00fcr allen Geldspendern herzlichst gedankt sei.<\/p>\n<p>Die P\u00e4ckchen durften dabei maximal 2 kg wiegen und die Ma\u00dfe 30x30x40 cm nicht \u00fcberschreiten. Die Verteilung sollte 31 Kindergartenkindern im Alter von 3-5 Jahren, 59 Grundsch\u00fclern im Alter von 6-10 Jahren und 57 Hauptsch\u00fclern im Alter von 11-14 Jahren zugutekommen.<\/p>\n<p>Die Jahnschule in Methler organisierte eine beeindruckende Sammelaktion f\u00fcr die Grundsch\u00fcler, bei der Eltern und Kinder gemeinsam mehr als 90 P\u00e4ckchen f\u00fcr die jungen Empf\u00e4nger packten. Ein Teil der Geschenke war auch f\u00fcr die Gymnasiasten bestimmt. Die Kitas Lach und Krach, Springm\u00e4use, Sternstunde, G\u00e4nsebl\u00fcmchen, Haus der kleinen Racker, Traumland, Hirschberg, der AWO Ortsverein Holzwickede und Ortsverein Unna Massen schlossen sich dem Engagement an und sammelten f\u00fcr die Kindergartenkinder und Gymnasiasten.<\/p>\n<p>Bis zum 6. Dezember wurden die P\u00e4ckchen gesammelt und mit Absenderadressen versehen. Dann kam der Bruder des rum\u00e4nischen Nikolaus zur Jahnschule und zur Sammelstelle in der Unnaer Stra\u00dfe, um alles abzuholen und f\u00fcr den Versand vorzubereiten. Als besondere \u00dcberraschung verteilte der Nikolaus selbstgebackene Stutenkerle bzw. Weckm\u00e4nner an die Sch\u00fclerinnen und Sch\u00fcler der Jahnschule.<\/p>\n<p>Die n\u00e4chsten Berichte werden dar\u00fcber informieren, wie die P\u00e4ckchen in Toplet vom rum\u00e4nischen Nikolaus verteilt wurden und welch strahlende Gesichter die Geschenke hervorgerufen haben. Eine gelungene Aktion, die zeigt, dass gemeinschaftliches Engagement auch in schwierigen Situationen f\u00fcr strahlende Kinderaugen sorgen kann.<\/p>\t\t\t\t\t\t\t\t<\/div>\n\t\t\t\t<\/div>\n\t\t\t\t\t<\/div>\n\t\t<\/div>\n\t\t\t\t\t<\/div>\n\t\t<\/section>\n\t\t\t\t<section class=\"elementor-section elementor-top-section elementor-element elementor-element-4f8fdd9 elementor-section-boxed elementor-section-height-default elementor-section-height-default\" data-id=\"4f8fdd9\" data-element_type=\"section\" data-e-type=\"section\">\n\t\t\t\t\t\t<div class=\"elementor-container elementor-column-gap-default\">\n\t\t\t\t\t<div class=\"elementor-column elementor-col-100 elementor-top-column elementor-element elementor-element-9a54899\" data-id=\"9a54899\" data-element_type=\"column\" data-e-type=\"column\">\n\t\t\t<div class=\"elementor-widget-wrap elementor-element-populated\">\n\t\t\t\t\t\t<div class=\"elementor-element elementor-element-d044aa9 elementor-widget elementor-widget-heading\" data-id=\"d044aa9\" data-element_type=\"widget\" data-e-type=\"widget\" data-widget_type=\"heading.default\">\n\t\t\t\t<div class=\"elementor-widget-container\">\n\t\t\t\t\t<h2 class=\"elementor-heading-title elementor-size-default\">Weihnachtsp\u00e4ckchenaktion 2023 147 P\u00e4ckchen f\u00fcr31 Kitakinder,57 Grundsch\u00fcler und 58 Gymnasiasten f\u00fcr das Dorf Toplet PLZ 327400  Rum\u00e4nien werden gepackt in der Jahnschule In Kamen Methler in den Kitas ,offenen Ganztagsbetreuungen und Ortsvereinen der AWO Ruhr-Lippe-Ems mit Schwerpunkt im  Kreis Unna bis zum 6.12.2023  Danach werden die P\u00e4ckchen an die pers\u00f6nlichen Adressen der Kinder versandt.Die P\u00e4ckchen sind p\u00fcnktlich zu Beginn der rum\u00e4nischen Weihnachtsferien in Toplet angekommen und habe viel Freude bereitet.<br><i><b>                             Frohe Weihnachten         Cracium fericit<\/b><\/i><br><\/h2>\t\t\t\t<\/div>\n\t\t\t\t<\/div>\n\t\t\t\t<section class=\"elementor-section elementor-inner-section elementor-element elementor-element-dae7b9f elementor-section-boxed elementor-section-height-default elementor-section-height-default\" data-id=\"dae7b9f\" data-element_type=\"section\" data-e-type=\"section\">\n\t\t\t\t\t\t<div class=\"elementor-container elementor-column-gap-default\">\n\t\t\t\t\t<div class=\"elementor-column elementor-col-50 elementor-inner-column elementor-element elementor-element-5675821\" data-id=\"5675821\" data-element_type=\"column\" data-e-type=\"column\">\n\t\t\t<div class=\"elementor-widget-wrap elementor-element-populated\">\n\t\t\t\t\t\t<div class=\"elementor-element elementor-element-73ee714 elementor-widget elementor-widget-image\" data-id=\"73ee714\" data-element_type=\"widget\" data-e-type=\"widget\" data-widget_type=\"image.default\">\n\t\t\t\t<div class=\"elementor-widget-container\">\n\t\t\t\t\t\t\t\t\t\t\t\t\t\t\t<img fetchpriority=\"high\" decoding=\"async\" width=\"768\" height=\"1024\" src=\"https:\/\/humanitaerehilfe.awo-rle.de\/wordpress\/wp-content\/uploads\/2023\/12\/WhatsApp-Bild-2023-12-21-um-21.31.01_00ca8702-768x1024.jpg\" class=\"attachment-medium_large size-medium_large wp-image-1587\" alt=\"\" srcset=\"https:\/\/humanitaerehilfe.awo-rle.de\/wordpress\/wp-content\/uploads\/2023\/12\/WhatsApp-Bild-2023-12-21-um-21.31.01_00ca8702-768x1024.jpg 768w, https:\/\/humanitaerehilfe.awo-rle.de\/wordpress\/wp-content\/uploads\/2023\/12\/WhatsApp-Bild-2023-12-21-um-21.31.01_00ca8702-225x300.jpg 225w, https:\/\/humanitaerehilfe.awo-rle.de\/wordpress\/wp-content\/uploads\/2023\/12\/WhatsApp-Bild-2023-12-21-um-21.31.01_00ca8702-1152x1536.jpg 1152w, https:\/\/humanitaerehilfe.awo-rle.de\/wordpress\/wp-content\/uploads\/2023\/12\/WhatsApp-Bild-2023-12-21-um-21.31.01_00ca8702.jpg 1530w\" sizes=\"(max-width: 768px) 100vw, 768px\" \/>\t\t\t\t\t\t\t\t\t\t\t\t\t\t\t<\/div>\n\t\t\t\t<\/div>\n\t\t\t\t<div class=\"elementor-element elementor-element-3a1fa6e elementor-widget elementor-widget-image\" data-id=\"3a1fa6e\" data-element_type=\"widget\" data-e-type=\"widget\" data-widget_type=\"image.default\">\n\t\t\t\t<div class=\"elementor-widget-container\">\n\t\t\t\t\t\t\t\t\t\t\t\t\t\t\t<img decoding=\"async\" width=\"768\" height=\"1024\" src=\"https:\/\/humanitaerehilfe.awo-rle.de\/wordpress\/wp-content\/uploads\/2023\/12\/WhatsApp-Bild-2023-12-21-um-21.31.05_a3e0205b-768x1024.jpg\" class=\"attachment-large size-large wp-image-1591\" alt=\"\" srcset=\"https:\/\/humanitaerehilfe.awo-rle.de\/wordpress\/wp-content\/uploads\/2023\/12\/WhatsApp-Bild-2023-12-21-um-21.31.05_a3e0205b-768x1024.jpg 768w, https:\/\/humanitaerehilfe.awo-rle.de\/wordpress\/wp-content\/uploads\/2023\/12\/WhatsApp-Bild-2023-12-21-um-21.31.05_a3e0205b-225x300.jpg 225w, https:\/\/humanitaerehilfe.awo-rle.de\/wordpress\/wp-content\/uploads\/2023\/12\/WhatsApp-Bild-2023-12-21-um-21.31.05_a3e0205b-1152x1536.jpg 1152w, https:\/\/humanitaerehilfe.awo-rle.de\/wordpress\/wp-content\/uploads\/2023\/12\/WhatsApp-Bild-2023-12-21-um-21.31.05_a3e0205b.jpg 1530w\" sizes=\"(max-width: 768px) 100vw, 768px\" \/>\t\t\t\t\t\t\t\t\t\t\t\t\t\t\t<\/div>\n\t\t\t\t<\/div>\n\t\t\t\t<div class=\"elementor-element elementor-element-ec2fadb elementor-widget elementor-widget-image\" data-id=\"ec2fadb\" data-element_type=\"widget\" data-e-type=\"widget\" data-widget_type=\"image.default\">\n\t\t\t\t<div class=\"elementor-widget-container\">\n\t\t\t\t\t\t\t\t\t\t\t\t\t\t\t<img decoding=\"async\" width=\"1024\" height=\"768\" src=\"https:\/\/humanitaerehilfe.awo-rle.de\/wordpress\/wp-content\/uploads\/2023\/12\/WhatsApp-Bild-2023-12-21-um-21.31.02_c368a687-1024x768.jpg\" class=\"attachment-large size-large wp-image-1589\" alt=\"\" srcset=\"https:\/\/humanitaerehilfe.awo-rle.de\/wordpress\/wp-content\/uploads\/2023\/12\/WhatsApp-Bild-2023-12-21-um-21.31.02_c368a687-1024x768.jpg 1024w, https:\/\/humanitaerehilfe.awo-rle.de\/wordpress\/wp-content\/uploads\/2023\/12\/WhatsApp-Bild-2023-12-21-um-21.31.02_c368a687-300x225.jpg 300w, https:\/\/humanitaerehilfe.awo-rle.de\/wordpress\/wp-content\/uploads\/2023\/12\/WhatsApp-Bild-2023-12-21-um-21.31.02_c368a687-768x576.jpg 768w, https:\/\/humanitaerehilfe.awo-rle.de\/wordpress\/wp-content\/uploads\/2023\/12\/WhatsApp-Bild-2023-12-21-um-21.31.02_c368a687-1536x1152.jpg 1536w, https:\/\/humanitaerehilfe.awo-rle.de\/wordpress\/wp-content\/uploads\/2023\/12\/WhatsApp-Bild-2023-12-21-um-21.31.02_c368a687.jpg 2040w\" sizes=\"(max-width: 1024px) 100vw, 1024px\" \/>\t\t\t\t\t\t\t\t\t\t\t\t\t\t\t<\/div>\n\t\t\t\t<\/div>\n\t\t\t\t\t<\/div>\n\t\t<\/div>\n\t\t\t\t<div class=\"elementor-column elementor-col-50 elementor-inner-column elementor-element elementor-element-a4db534\" data-id=\"a4db534\" data-element_type=\"column\" data-e-type=\"column\">\n\t\t\t<div class=\"elementor-widget-wrap\">\n\t\t\t\t\t\t\t<\/div>\n\t\t<\/div>\n\t\t\t\t\t<\/div>\n\t\t<\/section>\n\t\t\t\t<div class=\"elementor-element elementor-element-b12cb7c elementor-widget__width-initial elementor-widget elementor-widget-image\" data-id=\"b12cb7c\" data-element_type=\"widget\" data-e-type=\"widget\" data-widget_type=\"image.default\">\n\t\t\t\t<div class=\"elementor-widget-container\">\n\t\t\t\t\t\t\t\t\t\t\t\t\t\t\t<img loading=\"lazy\" decoding=\"async\" width=\"225\" height=\"300\" src=\"https:\/\/humanitaerehilfe.awo-rle.de\/wordpress\/wp-content\/uploads\/2023\/12\/WhatsApp-Bild-2023-12-08-um-14.52.19_e7e8ac30-225x300.jpg\" class=\"attachment-medium size-medium wp-image-1568\" alt=\"\" srcset=\"https:\/\/humanitaerehilfe.awo-rle.de\/wordpress\/wp-content\/uploads\/2023\/12\/WhatsApp-Bild-2023-12-08-um-14.52.19_e7e8ac30-225x300.jpg 225w, https:\/\/humanitaerehilfe.awo-rle.de\/wordpress\/wp-content\/uploads\/2023\/12\/WhatsApp-Bild-2023-12-08-um-14.52.19_e7e8ac30-768x1024.jpg 768w, https:\/\/humanitaerehilfe.awo-rle.de\/wordpress\/wp-content\/uploads\/2023\/12\/WhatsApp-Bild-2023-12-08-um-14.52.19_e7e8ac30-1152x1536.jpg 1152w, https:\/\/humanitaerehilfe.awo-rle.de\/wordpress\/wp-content\/uploads\/2023\/12\/WhatsApp-Bild-2023-12-08-um-14.52.19_e7e8ac30.jpg 1536w\" sizes=\"(max-width: 225px) 100vw, 225px\" \/>\t\t\t\t\t\t\t\t\t\t\t\t\t\t\t<\/div>\n\t\t\t\t<\/div>\n\t\t\t\t<div class=\"elementor-element elementor-element-00ace8c elementor-widget__width-initial elementor-widget elementor-widget-image\" data-id=\"00ace8c\" data-element_type=\"widget\" data-e-type=\"widget\" data-widget_type=\"image.default\">\n\t\t\t\t<div class=\"elementor-widget-container\">\n\t\t\t\t\t\t\t\t\t\t\t\t\t\t\t<img loading=\"lazy\" decoding=\"async\" width=\"225\" height=\"300\" src=\"https:\/\/humanitaerehilfe.awo-rle.de\/wordpress\/wp-content\/uploads\/2023\/12\/WhatsApp-Bild-2023-12-08-um-14.52.19_14e3fe83-225x300.jpg\" class=\"attachment-medium size-medium wp-image-1564\" alt=\"\" srcset=\"https:\/\/humanitaerehilfe.awo-rle.de\/wordpress\/wp-content\/uploads\/2023\/12\/WhatsApp-Bild-2023-12-08-um-14.52.19_14e3fe83-225x300.jpg 225w, https:\/\/humanitaerehilfe.awo-rle.de\/wordpress\/wp-content\/uploads\/2023\/12\/WhatsApp-Bild-2023-12-08-um-14.52.19_14e3fe83-768x1024.jpg 768w, https:\/\/humanitaerehilfe.awo-rle.de\/wordpress\/wp-content\/uploads\/2023\/12\/WhatsApp-Bild-2023-12-08-um-14.52.19_14e3fe83-1152x1536.jpg 1152w, https:\/\/humanitaerehilfe.awo-rle.de\/wordpress\/wp-content\/uploads\/2023\/12\/WhatsApp-Bild-2023-12-08-um-14.52.19_14e3fe83.jpg 1536w\" sizes=\"(max-width: 225px) 100vw, 225px\" \/>\t\t\t\t\t\t\t\t\t\t\t\t\t\t\t<\/div>\n\t\t\t\t<\/div>\n\t\t\t\t<div class=\"elementor-element elementor-element-8f412b7 elementor-widget__width-initial elementor-widget elementor-widget-image\" data-id=\"8f412b7\" data-element_type=\"widget\" data-e-type=\"widget\" data-widget_type=\"image.default\">\n\t\t\t\t<div class=\"elementor-widget-container\">\n\t\t\t\t\t\t\t\t\t\t\t\t\t\t\t<img loading=\"lazy\" decoding=\"async\" width=\"225\" height=\"300\" src=\"https:\/\/humanitaerehilfe.awo-rle.de\/wordpress\/wp-content\/uploads\/2023\/12\/WhatsApp-Bild-2023-12-04-um-17.54.12_11df2043-225x300.jpg\" class=\"attachment-medium size-medium wp-image-1573\" alt=\"\" srcset=\"https:\/\/humanitaerehilfe.awo-rle.de\/wordpress\/wp-content\/uploads\/2023\/12\/WhatsApp-Bild-2023-12-04-um-17.54.12_11df2043-225x300.jpg 225w, https:\/\/humanitaerehilfe.awo-rle.de\/wordpress\/wp-content\/uploads\/2023\/12\/WhatsApp-Bild-2023-12-04-um-17.54.12_11df2043.jpg 768w\" sizes=\"(max-width: 225px) 100vw, 225px\" \/>\t\t\t\t\t\t\t\t\t\t\t\t\t\t\t<\/div>\n\t\t\t\t<\/div>\n\t\t\t\t\t<\/div>\n\t\t<\/div>\n\t\t\t\t\t<\/div>\n\t\t<\/section>\n\t\t\t\t<section class=\"elementor-section elementor-top-section elementor-element elementor-element-b46d9a0 elementor-section-boxed elementor-section-height-default elementor-section-height-default\" data-id=\"b46d9a0\" data-element_type=\"section\" data-e-type=\"section\">\n\t\t\t\t\t\t<div class=\"elementor-container elementor-column-gap-default\">\n\t\t\t\t\t<div class=\"elementor-column elementor-col-100 elementor-top-column elementor-element elementor-element-1423aa2\" data-id=\"1423aa2\" data-element_type=\"column\" data-e-type=\"column\">\n\t\t\t<div class=\"elementor-widget-wrap elementor-element-populated\">\n\t\t\t\t\t\t<div class=\"elementor-element elementor-element-66c65d5 elementor-widget elementor-widget-image\" data-id=\"66c65d5\" data-element_type=\"widget\" data-e-type=\"widget\" data-widget_type=\"image.default\">\n\t\t\t\t<div class=\"elementor-widget-container\">\n\t\t\t\t\t\t\t\t\t\t\t\t\t\t\t<img loading=\"lazy\" decoding=\"async\" width=\"720\" height=\"960\" src=\"https:\/\/humanitaerehilfe.awo-rle.de\/wordpress\/wp-content\/uploads\/2023\/04\/Folie2-1.jpg\" class=\"attachment-large size-large wp-image-1449\" alt=\"\" srcset=\"https:\/\/humanitaerehilfe.awo-rle.de\/wordpress\/wp-content\/uploads\/2023\/04\/Folie2-1.jpg 720w, https:\/\/humanitaerehilfe.awo-rle.de\/wordpress\/wp-content\/uploads\/2023\/04\/Folie2-1-225x300.jpg 225w\" sizes=\"(max-width: 720px) 100vw, 720px\" \/>\t\t\t\t\t\t\t\t\t\t\t\t\t\t\t<\/div>\n\t\t\t\t<\/div>\n\t\t\t\t<div class=\"elementor-element elementor-element-2448761 elementor-widget elementor-widget-image\" data-id=\"2448761\" data-element_type=\"widget\" data-e-type=\"widget\" data-widget_type=\"image.default\">\n\t\t\t\t<div class=\"elementor-widget-container\">\n\t\t\t\t\t\t\t\t\t\t\t\t\t\t\t<img loading=\"lazy\" decoding=\"async\" width=\"225\" height=\"300\" src=\"https:\/\/humanitaerehilfe.awo-rle.de\/wordpress\/wp-content\/uploads\/2023\/12\/WhatsApp-Bild-2023-12-08-um-14.52.19_14e3fe83-225x300.jpg\" class=\"attachment-medium size-medium wp-image-1564\" alt=\"\" srcset=\"https:\/\/humanitaerehilfe.awo-rle.de\/wordpress\/wp-content\/uploads\/2023\/12\/WhatsApp-Bild-2023-12-08-um-14.52.19_14e3fe83-225x300.jpg 225w, https:\/\/humanitaerehilfe.awo-rle.de\/wordpress\/wp-content\/uploads\/2023\/12\/WhatsApp-Bild-2023-12-08-um-14.52.19_14e3fe83-768x1024.jpg 768w, https:\/\/humanitaerehilfe.awo-rle.de\/wordpress\/wp-content\/uploads\/2023\/12\/WhatsApp-Bild-2023-12-08-um-14.52.19_14e3fe83-1152x1536.jpg 1152w, https:\/\/humanitaerehilfe.awo-rle.de\/wordpress\/wp-content\/uploads\/2023\/12\/WhatsApp-Bild-2023-12-08-um-14.52.19_14e3fe83.jpg 1536w\" sizes=\"(max-width: 225px) 100vw, 225px\" \/>\t\t\t\t\t\t\t\t\t\t\t\t\t\t\t<\/div>\n\t\t\t\t<\/div>\n\t\t\t\t<div class=\"elementor-element elementor-element-1b77dea elementor-widget elementor-widget-image\" data-id=\"1b77dea\" data-element_type=\"widget\" data-e-type=\"widget\" data-widget_type=\"image.default\">\n\t\t\t\t<div class=\"elementor-widget-container\">\n\t\t\t\t\t\t\t\t\t\t\t\t\t\t\t<img loading=\"lazy\" decoding=\"async\" width=\"720\" height=\"960\" src=\"https:\/\/humanitaerehilfe.awo-rle.de\/wordpress\/wp-content\/uploads\/2023\/04\/Folie3-1.jpg\" class=\"attachment-large size-large wp-image-1453\" alt=\"\" srcset=\"https:\/\/humanitaerehilfe.awo-rle.de\/wordpress\/wp-content\/uploads\/2023\/04\/Folie3-1.jpg 720w, https:\/\/humanitaerehilfe.awo-rle.de\/wordpress\/wp-content\/uploads\/2023\/04\/Folie3-1-225x300.jpg 225w\" sizes=\"(max-width: 720px) 100vw, 720px\" \/>\t\t\t\t\t\t\t\t\t\t\t\t\t\t\t<\/div>\n\t\t\t\t<\/div>\n\t\t\t\t<div class=\"elementor-element elementor-element-5704677 elementor-widget elementor-widget-image\" data-id=\"5704677\" data-element_type=\"widget\" data-e-type=\"widget\" data-widget_type=\"image.default\">\n\t\t\t\t<div class=\"elementor-widget-container\">\n\t\t\t\t\t\t\t\t\t\t\t\t\t\t\t<img loading=\"lazy\" decoding=\"async\" width=\"720\" height=\"960\" src=\"https:\/\/humanitaerehilfe.awo-rle.de\/wordpress\/wp-content\/uploads\/2023\/04\/Folie4-1.jpg\" class=\"attachment-large size-large wp-image-1457\" alt=\"\" srcset=\"https:\/\/humanitaerehilfe.awo-rle.de\/wordpress\/wp-content\/uploads\/2023\/04\/Folie4-1.jpg 720w, https:\/\/humanitaerehilfe.awo-rle.de\/wordpress\/wp-content\/uploads\/2023\/04\/Folie4-1-225x300.jpg 225w\" sizes=\"(max-width: 720px) 100vw, 720px\" \/>\t\t\t\t\t\t\t\t\t\t\t\t\t\t\t<\/div>\n\t\t\t\t<\/div>\n\t\t\t\t<div class=\"elementor-element elementor-element-4e50d56 elementor-widget elementor-widget-image\" data-id=\"4e50d56\" data-element_type=\"widget\" data-e-type=\"widget\" data-widget_type=\"image.default\">\n\t\t\t\t<div class=\"elementor-widget-container\">\n\t\t\t\t\t\t\t\t\t\t\t\t\t\t\t<img loading=\"lazy\" decoding=\"async\" width=\"720\" height=\"960\" src=\"https:\/\/humanitaerehilfe.awo-rle.de\/wordpress\/wp-content\/uploads\/2023\/04\/Folie1-1.jpg\" class=\"attachment-large size-large wp-image-1458\" alt=\"\" srcset=\"https:\/\/humanitaerehilfe.awo-rle.de\/wordpress\/wp-content\/uploads\/2023\/04\/Folie1-1.jpg 720w, https:\/\/humanitaerehilfe.awo-rle.de\/wordpress\/wp-content\/uploads\/2023\/04\/Folie1-1-225x300.jpg 225w\" sizes=\"(max-width: 720px) 100vw, 720px\" \/>\t\t\t\t\t\t\t\t\t\t\t\t\t\t\t<\/div>\n\t\t\t\t<\/div>\n\t\t\t\t<div class=\"elementor-element elementor-element-085ac69 elementor-widget elementor-widget-image\" data-id=\"085ac69\" data-element_type=\"widget\" data-e-type=\"widget\" data-widget_type=\"image.default\">\n\t\t\t\t<div class=\"elementor-widget-container\">\n\t\t\t\t\t\t\t\t\t\t\t\t\t\t\t<img loading=\"lazy\" decoding=\"async\" width=\"720\" height=\"960\" src=\"https:\/\/humanitaerehilfe.awo-rle.de\/wordpress\/wp-content\/uploads\/2023\/04\/Folie5-1.jpg\" class=\"attachment-large size-large wp-image-1462\" alt=\"\" srcset=\"https:\/\/humanitaerehilfe.awo-rle.de\/wordpress\/wp-content\/uploads\/2023\/04\/Folie5-1.jpg 720w, https:\/\/humanitaerehilfe.awo-rle.de\/wordpress\/wp-content\/uploads\/2023\/04\/Folie5-1-225x300.jpg 225w\" sizes=\"(max-width: 720px) 100vw, 720px\" \/>\t\t\t\t\t\t\t\t\t\t\t\t\t\t\t<\/div>\n\t\t\t\t<\/div>\n\t\t\t\t<div class=\"elementor-element elementor-element-860b510 elementor-widget elementor-widget-image\" data-id=\"860b510\" data-element_type=\"widget\" data-e-type=\"widget\" data-widget_type=\"image.default\">\n\t\t\t\t<div class=\"elementor-widget-container\">\n\t\t\t\t\t\t\t\t\t\t\t\t\t\t\t<img loading=\"lazy\" decoding=\"async\" width=\"720\" height=\"960\" src=\"https:\/\/humanitaerehilfe.awo-rle.de\/wordpress\/wp-content\/uploads\/2023\/04\/Folie6-1.jpg\" class=\"attachment-large size-large wp-image-1466\" alt=\"\" srcset=\"https:\/\/humanitaerehilfe.awo-rle.de\/wordpress\/wp-content\/uploads\/2023\/04\/Folie6-1.jpg 720w, https:\/\/humanitaerehilfe.awo-rle.de\/wordpress\/wp-content\/uploads\/2023\/04\/Folie6-1-225x300.jpg 225w\" sizes=\"(max-width: 720px) 100vw, 720px\" \/>\t\t\t\t\t\t\t\t\t\t\t\t\t\t\t<\/div>\n\t\t\t\t<\/div>\n\t\t\t\t<div class=\"elementor-element elementor-element-071649d elementor-widget elementor-widget-image\" data-id=\"071649d\" data-element_type=\"widget\" data-e-type=\"widget\" data-widget_type=\"image.default\">\n\t\t\t\t<div class=\"elementor-widget-container\">\n\t\t\t\t\t\t\t\t\t\t\t\t\t\t\t<img loading=\"lazy\" decoding=\"async\" width=\"720\" height=\"960\" src=\"https:\/\/humanitaerehilfe.awo-rle.de\/wordpress\/wp-content\/uploads\/2023\/01\/Folie1.jpg\" class=\"attachment-large size-large wp-image-1302\" alt=\"\" srcset=\"https:\/\/humanitaerehilfe.awo-rle.de\/wordpress\/wp-content\/uploads\/2023\/01\/Folie1.jpg 720w, https:\/\/humanitaerehilfe.awo-rle.de\/wordpress\/wp-content\/uploads\/2023\/01\/Folie1-225x300.jpg 225w\" sizes=\"(max-width: 720px) 100vw, 720px\" \/>\t\t\t\t\t\t\t\t\t\t\t\t\t\t\t<\/div>\n\t\t\t\t<\/div>\n\t\t\t\t<div class=\"elementor-element elementor-element-0b3c725 elementor-widget elementor-widget-text-editor\" data-id=\"0b3c725\" data-element_type=\"widget\" data-e-type=\"widget\" data-widget_type=\"text-editor.default\">\n\t\t\t\t<div class=\"elementor-widget-container\">\n\t\t\t\t\t\t\t\t\t<h3>Die Weihnachtsp\u00e4ckchenaktion f\u00fcr die Kinder in Toplet konnte erfolgreich abgeschlossen werden. Am 5.12.2022 kam der rum\u00e4nische AWO-Nikolaus Nico in die Jahnschule nach Kamen Methler und bedankte sich bei Kindern, Eltern und Kollegium. F\u00fcr die Kinder brachte er kleine S\u00fc\u00dfigkeiten mit, die sich mit dem Lied in der Weihnachtsb\u00e4ckerei bedankten.<\/h3>\n<h1>Insgesamt kamen 180 Pakete zusammen. Gespendet von der Jahnschule, den Kitas Auf dem M\u00fchlenberg, Hirschberg in Fr\u00f6ndenberg, Kitas Wirbelwind in Unna, Kitas Traumland und&nbsp; Springm\u00e4use in Bergkamen, dem Ortsverein Holzwickede, Unna Massen und S\u00fcdkamen,wie verschiedene Einzelspender,die ihre Spenden pers\u00f6nlich \u00fcberbrachten.&nbsp; &nbsp; Herzlichen Dank an alle Spender .<\/h1>\t\t\t\t\t\t\t\t<\/div>\n\t\t\t\t<\/div>\n\t\t\t\t<div class=\"elementor-element elementor-element-f8b1a62 elementor-widget elementor-widget-image\" data-id=\"f8b1a62\" data-element_type=\"widget\" data-e-type=\"widget\" data-widget_type=\"image.default\">\n\t\t\t\t<div class=\"elementor-widget-container\">\n\t\t\t\t\t\t\t\t\t\t\t\t\t\t\t<img loading=\"lazy\" decoding=\"async\" width=\"1024\" height=\"720\" src=\"https:\/\/humanitaerehilfe.awo-rle.de\/wordpress\/wp-content\/uploads\/2022\/12\/IMG-20221207-WA0003-1024x720.jpeg\" class=\"attachment-large size-large wp-image-1294\" alt=\"\" srcset=\"https:\/\/humanitaerehilfe.awo-rle.de\/wordpress\/wp-content\/uploads\/2022\/12\/IMG-20221207-WA0003-1024x720.jpeg 1024w, https:\/\/humanitaerehilfe.awo-rle.de\/wordpress\/wp-content\/uploads\/2022\/12\/IMG-20221207-WA0003-300x211.jpeg 300w, https:\/\/humanitaerehilfe.awo-rle.de\/wordpress\/wp-content\/uploads\/2022\/12\/IMG-20221207-WA0003-768x540.jpeg 768w, https:\/\/humanitaerehilfe.awo-rle.de\/wordpress\/wp-content\/uploads\/2022\/12\/IMG-20221207-WA0003-1536x1079.jpeg 1536w, https:\/\/humanitaerehilfe.awo-rle.de\/wordpress\/wp-content\/uploads\/2022\/12\/IMG-20221207-WA0003-2048x1439.jpeg 2048w\" sizes=\"(max-width: 1024px) 100vw, 1024px\" \/>\t\t\t\t\t\t\t\t\t\t\t\t\t\t\t<\/div>\n\t\t\t\t<\/div>\n\t\t\t\t<div class=\"elementor-element elementor-element-c9d593a elementor-widget elementor-widget-image\" data-id=\"c9d593a\" data-element_type=\"widget\" data-e-type=\"widget\" data-widget_type=\"image.default\">\n\t\t\t\t<div class=\"elementor-widget-container\">\n\t\t\t\t\t\t\t\t\t\t\t\t\t\t\t<img loading=\"lazy\" decoding=\"async\" width=\"1024\" height=\"768\" src=\"https:\/\/humanitaerehilfe.awo-rle.de\/wordpress\/wp-content\/uploads\/2022\/12\/Humanitaere-Hilfe-Paeckchen-2022-1024x768.jpg\" class=\"attachment-large size-large wp-image-1287\" alt=\"\" srcset=\"https:\/\/humanitaerehilfe.awo-rle.de\/wordpress\/wp-content\/uploads\/2022\/12\/Humanitaere-Hilfe-Paeckchen-2022-1024x768.jpg 1024w, https:\/\/humanitaerehilfe.awo-rle.de\/wordpress\/wp-content\/uploads\/2022\/12\/Humanitaere-Hilfe-Paeckchen-2022-300x225.jpg 300w, https:\/\/humanitaerehilfe.awo-rle.de\/wordpress\/wp-content\/uploads\/2022\/12\/Humanitaere-Hilfe-Paeckchen-2022-768x576.jpg 768w, https:\/\/humanitaerehilfe.awo-rle.de\/wordpress\/wp-content\/uploads\/2022\/12\/Humanitaere-Hilfe-Paeckchen-2022-1536x1152.jpg 1536w, https:\/\/humanitaerehilfe.awo-rle.de\/wordpress\/wp-content\/uploads\/2022\/12\/Humanitaere-Hilfe-Paeckchen-2022-2048x1536.jpg 2048w\" sizes=\"(max-width: 1024px) 100vw, 1024px\" \/>\t\t\t\t\t\t\t\t\t\t\t\t\t\t\t<\/div>\n\t\t\t\t<\/div>\n\t\t\t\t<div class=\"elementor-element elementor-element-ae7e3bd elementor-widget elementor-widget-image\" data-id=\"ae7e3bd\" data-element_type=\"widget\" data-e-type=\"widget\" data-widget_type=\"image.default\">\n\t\t\t\t<div class=\"elementor-widget-container\">\n\t\t\t\t\t\t\t\t\t\t\t\t\t\t\t<img loading=\"lazy\" decoding=\"async\" width=\"1024\" height=\"768\" src=\"https:\/\/humanitaerehilfe.awo-rle.de\/wordpress\/wp-content\/uploads\/2022\/12\/IMG-20221202-WA0001-1024x768.jpg\" class=\"attachment-large size-large wp-image-1271\" alt=\"\" srcset=\"https:\/\/humanitaerehilfe.awo-rle.de\/wordpress\/wp-content\/uploads\/2022\/12\/IMG-20221202-WA0001-1024x768.jpg 1024w, https:\/\/humanitaerehilfe.awo-rle.de\/wordpress\/wp-content\/uploads\/2022\/12\/IMG-20221202-WA0001-300x225.jpg 300w, https:\/\/humanitaerehilfe.awo-rle.de\/wordpress\/wp-content\/uploads\/2022\/12\/IMG-20221202-WA0001-768x576.jpg 768w, https:\/\/humanitaerehilfe.awo-rle.de\/wordpress\/wp-content\/uploads\/2022\/12\/IMG-20221202-WA0001-1536x1152.jpg 1536w, https:\/\/humanitaerehilfe.awo-rle.de\/wordpress\/wp-content\/uploads\/2022\/12\/IMG-20221202-WA0001.jpg 2048w\" sizes=\"(max-width: 1024px) 100vw, 1024px\" \/>\t\t\t\t\t\t\t\t\t\t\t\t\t\t\t<\/div>\n\t\t\t\t<\/div>\n\t\t\t\t<div class=\"elementor-element elementor-element-ec18af4 elementor-widget elementor-widget-image\" data-id=\"ec18af4\" data-element_type=\"widget\" data-e-type=\"widget\" data-widget_type=\"image.default\">\n\t\t\t\t<div class=\"elementor-widget-container\">\n\t\t\t\t\t\t\t\t\t\t\t\t\t\t\t<img loading=\"lazy\" decoding=\"async\" width=\"768\" height=\"1024\" src=\"https:\/\/humanitaerehilfe.awo-rle.de\/wordpress\/wp-content\/uploads\/2022\/12\/IMG-20221205-WA0017-768x1024.jpg\" class=\"attachment-large size-large wp-image-1272\" alt=\"\" srcset=\"https:\/\/humanitaerehilfe.awo-rle.de\/wordpress\/wp-content\/uploads\/2022\/12\/IMG-20221205-WA0017-768x1024.jpg 768w, https:\/\/humanitaerehilfe.awo-rle.de\/wordpress\/wp-content\/uploads\/2022\/12\/IMG-20221205-WA0017-225x300.jpg 225w, https:\/\/humanitaerehilfe.awo-rle.de\/wordpress\/wp-content\/uploads\/2022\/12\/IMG-20221205-WA0017-1152x1536.jpg 1152w, https:\/\/humanitaerehilfe.awo-rle.de\/wordpress\/wp-content\/uploads\/2022\/12\/IMG-20221205-WA0017.jpg 1536w\" sizes=\"(max-width: 768px) 100vw, 768px\" \/>\t\t\t\t\t\t\t\t\t\t\t\t\t\t\t<\/div>\n\t\t\t\t<\/div>\n\t\t\t\t<div class=\"elementor-element elementor-element-0f66ab2 elementor-widget elementor-widget-image\" data-id=\"0f66ab2\" data-element_type=\"widget\" data-e-type=\"widget\" data-widget_type=\"image.default\">\n\t\t\t\t<div class=\"elementor-widget-container\">\n\t\t\t\t\t\t\t\t\t\t\t\t\t\t\t<img loading=\"lazy\" decoding=\"async\" width=\"768\" height=\"1024\" src=\"https:\/\/humanitaerehilfe.awo-rle.de\/wordpress\/wp-content\/uploads\/2022\/12\/IMG-20221205-WA0023.jpg\" class=\"attachment-large size-large wp-image-1273\" alt=\"\" srcset=\"https:\/\/humanitaerehilfe.awo-rle.de\/wordpress\/wp-content\/uploads\/2022\/12\/IMG-20221205-WA0023.jpg 768w, https:\/\/humanitaerehilfe.awo-rle.de\/wordpress\/wp-content\/uploads\/2022\/12\/IMG-20221205-WA0023-225x300.jpg 225w\" sizes=\"(max-width: 768px) 100vw, 768px\" \/>\t\t\t\t\t\t\t\t\t\t\t\t\t\t\t<\/div>\n\t\t\t\t<\/div>\n\t\t\t\t<div class=\"elementor-element elementor-element-9eec979 elementor-widget elementor-widget-image\" data-id=\"9eec979\" data-element_type=\"widget\" data-e-type=\"widget\" data-widget_type=\"image.default\">\n\t\t\t\t<div class=\"elementor-widget-container\">\n\t\t\t\t\t\t\t\t\t\t\t\t\t\t\t<img loading=\"lazy\" decoding=\"async\" width=\"768\" height=\"1024\" src=\"https:\/\/humanitaerehilfe.awo-rle.de\/wordpress\/wp-content\/uploads\/2022\/12\/20221206_143336-768x1024.jpg\" class=\"attachment-medium_large size-medium_large wp-image-1267\" alt=\"\" srcset=\"https:\/\/humanitaerehilfe.awo-rle.de\/wordpress\/wp-content\/uploads\/2022\/12\/20221206_143336-768x1024.jpg 768w, https:\/\/humanitaerehilfe.awo-rle.de\/wordpress\/wp-content\/uploads\/2022\/12\/20221206_143336-225x300.jpg 225w, https:\/\/humanitaerehilfe.awo-rle.de\/wordpress\/wp-content\/uploads\/2022\/12\/20221206_143336-1152x1536.jpg 1152w, https:\/\/humanitaerehilfe.awo-rle.de\/wordpress\/wp-content\/uploads\/2022\/12\/20221206_143336-1536x2048.jpg 1536w, https:\/\/humanitaerehilfe.awo-rle.de\/wordpress\/wp-content\/uploads\/2022\/12\/20221206_143336-scaled.jpg 1920w\" sizes=\"(max-width: 768px) 100vw, 768px\" \/>\t\t\t\t\t\t\t\t\t\t\t\t\t\t\t<\/div>\n\t\t\t\t<\/div>\n\t\t\t\t<div class=\"elementor-element elementor-element-d54fa6b elementor-widget elementor-widget-text-editor\" data-id=\"d54fa6b\" data-element_type=\"widget\" data-e-type=\"widget\" data-widget_type=\"text-editor.default\">\n\t\t\t\t<div class=\"elementor-widget-container\">\n\t\t\t\t\t\t\t\t\t\n\n\n\n<\/h6\n<h4><span style=\"font-size: 14px; letter-spacing: var( --e-global-typography-text-letter-spacing ); word-spacing: var( --e-global-typography-text-word-spacing ); font-weight: normal;\"><u>Weihnachtsp\u00e4ckchenaktion 2022<\/u><\/span><\/h4>\n<p><i style=\"font-size: 14px; letter-spacing: var( --e-global-typography-text-letter-spacing ); word-spacing: var( --e-global-typography-text-word-spacing );\"><u><b>Ge<\/b>meinsam mit der Jahnschule in Methler sammelt die AWO bis zum 2.12.2022 wieder Weihnachtsp\u00e4ckchen. Die derzeitige Krise trifft die Menschen in ganz Europa und in&nbsp; Rum\u00e4nien,&nbsp;<\/u><\/i><\/p>\n<p><i style=\"font-size: 14px; letter-spacing: var( --e-global-typography-text-letter-spacing ); word-spacing: var( --e-global-typography-text-word-spacing );\"><u>in Toplet, wo wir seit mehr als 20 Jahren Hilfe leisten, besonders. Wir bedankenn uns f\u00fcr die Unterst\u00fctzung in den vergangenen Jahren und freuen uns \u00fcber jede kleine Hilfe.Die P\u00e4ckchen k\u00f6nnen&nbsp; in der Woche bis zum 2.12.22 abgeholt oder ab sofort gebracht werden. Rufnummer: Peter resler 015252691060 Der Transport nach Rum\u00e4nien findet am 5.12.2022 statt.<\/u><\/i><br><\/p>\n<div><br><\/div>\n<p><br><\/p>\t\t\t\t\t\t\t\t<\/div>\n\t\t\t\t<\/div>\n\t\t\t\t<div class=\"elementor-element elementor-element-68f6521 elementor-widget elementor-widget-image\" data-id=\"68f6521\" data-element_type=\"widget\" data-e-type=\"widget\" data-widget_type=\"image.default\">\n\t\t\t\t<div class=\"elementor-widget-container\">\n\t\t\t\t\t\t\t\t\t\t\t\t\t\t\t<img loading=\"lazy\" decoding=\"async\" width=\"720\" height=\"960\" src=\"https:\/\/humanitaerehilfe.awo-rle.de\/wordpress\/wp-content\/uploads\/2022\/10\/Folie1.jpg\" class=\"attachment-large size-large wp-image-1255\" alt=\"\" srcset=\"https:\/\/humanitaerehilfe.awo-rle.de\/wordpress\/wp-content\/uploads\/2022\/10\/Folie1.jpg 720w, https:\/\/humanitaerehilfe.awo-rle.de\/wordpress\/wp-content\/uploads\/2022\/10\/Folie1-225x300.jpg 225w\" sizes=\"(max-width: 720px) 100vw, 720px\" \/>\t\t\t\t\t\t\t\t\t\t\t\t\t\t\t<\/div>\n\t\t\t\t<\/div>\n\t\t\t\t<div class=\"elementor-element elementor-element-2b0cbf7 elementor-widget elementor-widget-image\" data-id=\"2b0cbf7\" data-element_type=\"widget\" data-e-type=\"widget\" data-widget_type=\"image.default\">\n\t\t\t\t<div class=\"elementor-widget-container\">\n\t\t\t\t\t\t\t\t\t\t\t\t\t\t\t<img loading=\"lazy\" decoding=\"async\" width=\"720\" height=\"960\" src=\"https:\/\/humanitaerehilfe.awo-rle.de\/wordpress\/wp-content\/uploads\/2022\/10\/Folie2.jpg\" class=\"attachment-large size-large wp-image-1259\" alt=\"\" srcset=\"https:\/\/humanitaerehilfe.awo-rle.de\/wordpress\/wp-content\/uploads\/2022\/10\/Folie2.jpg 720w, https:\/\/humanitaerehilfe.awo-rle.de\/wordpress\/wp-content\/uploads\/2022\/10\/Folie2-225x300.jpg 225w\" sizes=\"(max-width: 720px) 100vw, 720px\" \/>\t\t\t\t\t\t\t\t\t\t\t\t\t\t\t<\/div>\n\t\t\t\t<\/div>\n\t\t\t\t<div class=\"elementor-element elementor-element-ea12213 elementor-widget elementor-widget-image\" data-id=\"ea12213\" data-element_type=\"widget\" data-e-type=\"widget\" data-widget_type=\"image.default\">\n\t\t\t\t<div class=\"elementor-widget-container\">\n\t\t\t\t\t\t\t\t\t\t\t\t\t\t\t\t<a href=\"https:\/\/humanitaerehilfe.awo-rle.de\/wordpress\/wp-content\/uploads\/2021\/12\/214411.jpg\" data-elementor-open-lightbox=\"yes\" data-elementor-lightbox-title=\"214411\" data-e-action-hash=\"#elementor-action%3Aaction%3Dlightbox%26settings%3DeyJpZCI6MjIzLCJ1cmwiOiJodHRwczpcL1wvaHVtYW5pdGFlcmVoaWxmZS5hd28tcmxlLmRlXC93b3JkcHJlc3NcL3dwLWNvbnRlbnRcL3VwbG9hZHNcLzIwMjFcLzEyXC8yMTQ0MTEuanBnIn0%3D\">\n\t\t\t\t\t\t\t<img loading=\"lazy\" decoding=\"async\" width=\"421\" height=\"472\" src=\"https:\/\/humanitaerehilfe.awo-rle.de\/wordpress\/wp-content\/uploads\/2021\/12\/214411.jpg\" class=\"attachment-large size-large wp-image-223\" alt=\"\" srcset=\"https:\/\/humanitaerehilfe.awo-rle.de\/wordpress\/wp-content\/uploads\/2021\/12\/214411.jpg 421w, https:\/\/humanitaerehilfe.awo-rle.de\/wordpress\/wp-content\/uploads\/2021\/12\/214411-268x300.jpg 268w\" sizes=\"(max-width: 421px) 100vw, 421px\" \/>\t\t\t\t\t\t\t\t<\/a>\n\t\t\t\t\t\t\t\t\t\t\t\t\t\t\t<\/div>\n\t\t\t\t<\/div>\n\t\t\t\t\t<\/div>\n\t\t<\/div>\n\t\t\t\t\t<\/div>\n\t\t<\/section>\n\t\t\t\t<section class=\"elementor-section elementor-top-section elementor-element elementor-element-bcedc78 elementor-section-boxed elementor-section-height-default elementor-section-height-default\" data-id=\"bcedc78\" data-element_type=\"section\" data-e-type=\"section\">\n\t\t\t\t\t\t<div class=\"elementor-container elementor-column-gap-default\">\n\t\t\t\t\t<div class=\"elementor-column elementor-col-100 elementor-top-column elementor-element elementor-element-1c4ac7e\" data-id=\"1c4ac7e\" data-element_type=\"column\" data-e-type=\"column\">\n\t\t\t<div class=\"elementor-widget-wrap elementor-element-populated\">\n\t\t\t\t\t\t<div class=\"elementor-element elementor-element-f6ca055 elementor-widget elementor-widget-text-editor\" data-id=\"f6ca055\" data-element_type=\"widget\" data-e-type=\"widget\" data-widget_type=\"text-editor.default\">\n\t\t\t\t<div class=\"elementor-widget-container\">\n\t\t\t\t\t\t\t\t\t<h2>Heimat in der Fremde finden!<\/h2><p><ul><li><span style=\"color: var( --e-global-color-text ); font-size: 15px; letter-spacing: var( --e-global-typography-text-letter-spacing ); word-spacing: var( --e-global-typography-text-word-spacing );\">Die Mitglieder des Arbeitskreises humanit\u00e4re Hilfe der AWO freuen sich \u00fcber die Finanzierung eines einj\u00e4hrigen Aktionsprogrammes &#8222;Heimat in der Fremde finden&#8220;.<\/span><\/li><li><span style=\"font-size: 15px; color: var( --e-global-color-text ); letter-spacing: var( --e-global-typography-text-letter-spacing ); word-spacing: var( --e-global-typography-text-word-spacing );\">Am 1.10.2022 startet rund um die Begegnungsst\u00e4tte des Ortsvereins der AWO Kamen-Mitte Bollwerk 9a das Aktionsprogramm f\u00fcr Fl\u00fcchtlinge aus Kamen und Umgebung. Gemeinsam finanziert vom Stadtverband, Ortsverein, Bezirksverband und als Initiator der Arbeitskreis humanit\u00e4re Hilfe des Kreisverbandes. Der OV-vorsitzende Bernhard Kr\u00fcger freut sich besonders, da\u00df die R\u00e4ume der Begegnungsst\u00e4tte mit neuem Leben erf\u00fcllt werden. Als ehrenamtliche Projektleiter stehen die AK-mitglieder Iryna und Michael J\u00e4ger bereit f\u00fcr die Organisation der vielf\u00e4ltigen Aktionen.<\/span><\/li><li><span style=\"font-size: 15px; color: var( --e-global-color-text ); letter-spacing: var( --e-global-typography-text-letter-spacing ); word-spacing: var( --e-global-typography-text-word-spacing );\">Srachkurse f\u00fcr Frauen mit Kinderbetreuung, Sprachkurse f\u00fcr M\u00e4nner<\/span><\/li><li><span style=\"font-size: 15px; color: var( --e-global-color-text ); letter-spacing: var( --e-global-typography-text-letter-spacing ); word-spacing: var( --e-global-typography-text-word-spacing );\">Ganzt\u00e4gige Seniorenbetreuung mittwochs mit Fl\u00fcchtlingsrentnern und Besuchern der Altenstube(Kochen, Backen, Fr\u00fchst\u00fcck, Kaffeetrinken, Basteln, Spielen, Ausfl\u00fcge).<\/span><\/li><li><span style=\"font-size: 15px; color: var( --e-global-color-text ); letter-spacing: var( --e-global-typography-text-letter-spacing ); word-spacing: var( --e-global-typography-text-word-spacing );\">Gitarrengruppenkurse und Einzelunterricht f\u00fcr Kinder und Jugendliche<\/span><\/li><li><span style=\"font-size: 15px; color: var( --e-global-color-text ); letter-spacing: var( --e-global-typography-text-letter-spacing ); word-spacing: var( --e-global-typography-text-word-spacing );\">Hierzu wurden bereits 21 Gitarren von B\u00fcrgern aus Kamen und Bergkamen gespendet.<\/span><\/li><li><span style=\"font-size: 15px; color: var( --e-global-color-text ); letter-spacing: var( --e-global-typography-text-letter-spacing ); word-spacing: var( --e-global-typography-text-word-spacing );\">Aufbau und Entwicklung eines gemsichten Chores, w\u00f6chentliches Chorsingen von ukrainischen und deutschen Volksliedern<\/span><\/li><li><span style=\"font-size: 15px; color: var( --e-global-color-text ); letter-spacing: var( --e-global-typography-text-letter-spacing ); word-spacing: var( --e-global-typography-text-word-spacing );\">W\u00f6chentliche Fahrradexkursionen zur Ortskenntniserweiterung in fremder Umgebung\/hierzu wurden bereits \u00fcber 50 R\u00e4der von B\u00fcrgern aus Kamen und Bergkamen gespendet<\/span><\/li><li><span style=\"font-size: 15px; color: var( --e-global-color-text ); letter-spacing: var( --e-global-typography-text-letter-spacing ); word-spacing: var( --e-global-typography-text-word-spacing );\">Von Mai bis September Exkursionen in die weitere Umgebung, Segelfreizeit in Kooperation mit der Segelgruppe M\u00f6hnesee der AWO<\/span><\/li><li><span style=\"font-size: 15px; color: var( --e-global-color-text ); letter-spacing: var( --e-global-typography-text-letter-spacing ); word-spacing: var( --e-global-typography-text-word-spacing );\">Der AWO Bezirksverband Westliches Westfalen beteiligt sich mit 4700Euro zur H\u00e4lfte an der Finanzierung der entstehenden Kosten,(Bastel- und Besch\u00e4ftigung,<\/span><\/li><li><span style=\"font-size: 15px; color: var( --e-global-color-text ); letter-spacing: var( --e-global-typography-text-letter-spacing ); word-spacing: var( --e-global-typography-text-word-spacing );\">Lebensmittel, Ausfl\u00fcge, Raumnutzung sowie am Aufwand f\u00fcr Lehrer(Sprache,Musik,Chor)Kinderbetreuung.<\/span><\/li><\/ul><\/p><p><span style=\"font-size: 15px; color: var( --e-global-color-text ); letter-spacing: var( --e-global-typography-text-letter-spacing ); word-spacing: var( --e-global-typography-text-word-spacing );\"><br><\/span><\/p>\t\t\t\t\t\t\t\t<\/div>\n\t\t\t\t<\/div>\n\t\t\t\t<div class=\"elementor-element elementor-element-f1f4083 elementor-widget elementor-widget-image\" data-id=\"f1f4083\" data-element_type=\"widget\" data-e-type=\"widget\" data-widget_type=\"image.default\">\n\t\t\t\t<div class=\"elementor-widget-container\">\n\t\t\t\t\t\t\t\t\t\t\t\t\t\t\t<img loading=\"lazy\" decoding=\"async\" width=\"768\" height=\"432\" src=\"https:\/\/humanitaerehilfe.awo-rle.de\/wordpress\/wp-content\/uploads\/2022\/09\/20220719_183410-768x432.jpg\" class=\"attachment-medium_large size-medium_large wp-image-1112\" alt=\"\" srcset=\"https:\/\/humanitaerehilfe.awo-rle.de\/wordpress\/wp-content\/uploads\/2022\/09\/20220719_183410-768x432.jpg 768w, https:\/\/humanitaerehilfe.awo-rle.de\/wordpress\/wp-content\/uploads\/2022\/09\/20220719_183410-300x169.jpg 300w, https:\/\/humanitaerehilfe.awo-rle.de\/wordpress\/wp-content\/uploads\/2022\/09\/20220719_183410-1024x576.jpg 1024w, https:\/\/humanitaerehilfe.awo-rle.de\/wordpress\/wp-content\/uploads\/2022\/09\/20220719_183410-1536x864.jpg 1536w, https:\/\/humanitaerehilfe.awo-rle.de\/wordpress\/wp-content\/uploads\/2022\/09\/20220719_183410-2048x1152.jpg 2048w, https:\/\/humanitaerehilfe.awo-rle.de\/wordpress\/wp-content\/uploads\/2022\/09\/20220719_183410-800x450.jpg 800w\" sizes=\"(max-width: 768px) 100vw, 768px\" \/>\t\t\t\t\t\t\t\t\t\t\t\t\t\t\t<\/div>\n\t\t\t\t<\/div>\n\t\t\t\t<div class=\"elementor-element elementor-element-aa95a89 elementor-widget elementor-widget-image\" data-id=\"aa95a89\" data-element_type=\"widget\" data-e-type=\"widget\" data-widget_type=\"image.default\">\n\t\t\t\t<div class=\"elementor-widget-container\">\n\t\t\t\t\t\t\t\t\t\t\t\t\t\t\t<img loading=\"lazy\" decoding=\"async\" width=\"768\" height=\"576\" src=\"https:\/\/humanitaerehilfe.awo-rle.de\/wordpress\/wp-content\/uploads\/2022\/09\/trashed-1665087595-20220824_103927-768x576.jpg\" class=\"attachment-medium_large size-medium_large wp-image-1111\" alt=\"\" srcset=\"https:\/\/humanitaerehilfe.awo-rle.de\/wordpress\/wp-content\/uploads\/2022\/09\/trashed-1665087595-20220824_103927-768x576.jpg 768w, https:\/\/humanitaerehilfe.awo-rle.de\/wordpress\/wp-content\/uploads\/2022\/09\/trashed-1665087595-20220824_103927-300x225.jpg 300w, https:\/\/humanitaerehilfe.awo-rle.de\/wordpress\/wp-content\/uploads\/2022\/09\/trashed-1665087595-20220824_103927-1024x768.jpg 1024w, https:\/\/humanitaerehilfe.awo-rle.de\/wordpress\/wp-content\/uploads\/2022\/09\/trashed-1665087595-20220824_103927-1536x1152.jpg 1536w, https:\/\/humanitaerehilfe.awo-rle.de\/wordpress\/wp-content\/uploads\/2022\/09\/trashed-1665087595-20220824_103927-2048x1536.jpg 2048w\" sizes=\"(max-width: 768px) 100vw, 768px\" \/>\t\t\t\t\t\t\t\t\t\t\t\t\t\t\t<\/div>\n\t\t\t\t<\/div>\n\t\t\t\t<div class=\"elementor-element elementor-element-9f3d680 elementor-widget elementor-widget-image\" data-id=\"9f3d680\" data-element_type=\"widget\" data-e-type=\"widget\" data-widget_type=\"image.default\">\n\t\t\t\t<div class=\"elementor-widget-container\">\n\t\t\t\t\t\t\t\t\t\t\t\t\t\t\t<img loading=\"lazy\" decoding=\"async\" width=\"768\" height=\"576\" src=\"https:\/\/humanitaerehilfe.awo-rle.de\/wordpress\/wp-content\/uploads\/2022\/09\/IMG-20220816-WA0005-768x576.jpg\" class=\"attachment-medium_large size-medium_large wp-image-1118\" alt=\"\" srcset=\"https:\/\/humanitaerehilfe.awo-rle.de\/wordpress\/wp-content\/uploads\/2022\/09\/IMG-20220816-WA0005-768x576.jpg 768w, https:\/\/humanitaerehilfe.awo-rle.de\/wordpress\/wp-content\/uploads\/2022\/09\/IMG-20220816-WA0005-300x225.jpg 300w, https:\/\/humanitaerehilfe.awo-rle.de\/wordpress\/wp-content\/uploads\/2022\/09\/IMG-20220816-WA0005-1024x768.jpg 1024w, https:\/\/humanitaerehilfe.awo-rle.de\/wordpress\/wp-content\/uploads\/2022\/09\/IMG-20220816-WA0005-1536x1152.jpg 1536w, https:\/\/humanitaerehilfe.awo-rle.de\/wordpress\/wp-content\/uploads\/2022\/09\/IMG-20220816-WA0005.jpg 1600w\" sizes=\"(max-width: 768px) 100vw, 768px\" \/>\t\t\t\t\t\t\t\t\t\t\t\t\t\t\t<\/div>\n\t\t\t\t<\/div>\n\t\t\t\t\t<\/div>\n\t\t<\/div>\n\t\t\t\t\t<\/div>\n\t\t<\/section>\n\t\t\t\t<section class=\"elementor-section elementor-top-section elementor-element elementor-element-40b04bb elementor-section-boxed elementor-section-height-default elementor-section-height-default\" data-id=\"40b04bb\" data-element_type=\"section\" data-e-type=\"section\">\n\t\t\t\t\t\t<div class=\"elementor-container elementor-column-gap-default\">\n\t\t\t\t\t<div class=\"elementor-column elementor-col-100 elementor-top-column elementor-element elementor-element-ab9b8a4\" data-id=\"ab9b8a4\" data-element_type=\"column\" data-e-type=\"column\">\n\t\t\t<div class=\"elementor-widget-wrap elementor-element-populated\">\n\t\t\t\t\t\t<div class=\"elementor-element elementor-element-ebc2193 elementor-widget elementor-widget-image\" data-id=\"ebc2193\" data-element_type=\"widget\" data-e-type=\"widget\" data-widget_type=\"image.default\">\n\t\t\t\t<div class=\"elementor-widget-container\">\n\t\t\t\t\t\t\t\t\t\t\t\t\t\t\t<img loading=\"lazy\" decoding=\"async\" width=\"768\" height=\"1065\" src=\"https:\/\/humanitaerehilfe.awo-rle.de\/wordpress\/wp-content\/uploads\/2022\/09\/IMG-20220309-WA0002-768x1065.jpg\" class=\"attachment-medium_large size-medium_large wp-image-1114\" alt=\"\" srcset=\"https:\/\/humanitaerehilfe.awo-rle.de\/wordpress\/wp-content\/uploads\/2022\/09\/IMG-20220309-WA0002-768x1065.jpg 768w, https:\/\/humanitaerehilfe.awo-rle.de\/wordpress\/wp-content\/uploads\/2022\/09\/IMG-20220309-WA0002-216x300.jpg 216w, https:\/\/humanitaerehilfe.awo-rle.de\/wordpress\/wp-content\/uploads\/2022\/09\/IMG-20220309-WA0002-738x1024.jpg 738w, https:\/\/humanitaerehilfe.awo-rle.de\/wordpress\/wp-content\/uploads\/2022\/09\/IMG-20220309-WA0002-1107x1536.jpg 1107w, https:\/\/humanitaerehilfe.awo-rle.de\/wordpress\/wp-content\/uploads\/2022\/09\/IMG-20220309-WA0002.jpg 1121w\" sizes=\"(max-width: 768px) 100vw, 768px\" \/>\t\t\t\t\t\t\t\t\t\t\t\t\t\t\t<\/div>\n\t\t\t\t<\/div>\n\t\t\t\t<div class=\"elementor-element elementor-element-55e4160 elementor-widget elementor-widget-image\" data-id=\"55e4160\" data-element_type=\"widget\" data-e-type=\"widget\" data-widget_type=\"image.default\">\n\t\t\t\t<div class=\"elementor-widget-container\">\n\t\t\t\t\t\t\t\t\t\t\t\t\t\t\t<img loading=\"lazy\" decoding=\"async\" width=\"768\" height=\"1024\" src=\"https:\/\/humanitaerehilfe.awo-rle.de\/wordpress\/wp-content\/uploads\/2022\/09\/IMG-20220315-WA0000-768x1024.jpg\" class=\"attachment-medium_large size-medium_large wp-image-1115\" alt=\"\" srcset=\"https:\/\/humanitaerehilfe.awo-rle.de\/wordpress\/wp-content\/uploads\/2022\/09\/IMG-20220315-WA0000-768x1024.jpg 768w, https:\/\/humanitaerehilfe.awo-rle.de\/wordpress\/wp-content\/uploads\/2022\/09\/IMG-20220315-WA0000-225x300.jpg 225w, https:\/\/humanitaerehilfe.awo-rle.de\/wordpress\/wp-content\/uploads\/2022\/09\/IMG-20220315-WA0000-1152x1536.jpg 1152w, https:\/\/humanitaerehilfe.awo-rle.de\/wordpress\/wp-content\/uploads\/2022\/09\/IMG-20220315-WA0000.jpg 1536w\" sizes=\"(max-width: 768px) 100vw, 768px\" \/>\t\t\t\t\t\t\t\t\t\t\t\t\t\t\t<\/div>\n\t\t\t\t<\/div>\n\t\t\t\t<div class=\"elementor-element elementor-element-395875a elementor-widget elementor-widget-image\" data-id=\"395875a\" data-element_type=\"widget\" data-e-type=\"widget\" data-widget_type=\"image.default\">\n\t\t\t\t<div class=\"elementor-widget-container\">\n\t\t\t\t\t\t\t\t\t\t\t\t\t\t\t<img loading=\"lazy\" decoding=\"async\" width=\"768\" height=\"576\" src=\"https:\/\/humanitaerehilfe.awo-rle.de\/wordpress\/wp-content\/uploads\/2022\/09\/IMG-20220827-WA0002-768x576.jpg\" class=\"attachment-medium_large size-medium_large wp-image-1119\" alt=\"\" srcset=\"https:\/\/humanitaerehilfe.awo-rle.de\/wordpress\/wp-content\/uploads\/2022\/09\/IMG-20220827-WA0002-768x576.jpg 768w, https:\/\/humanitaerehilfe.awo-rle.de\/wordpress\/wp-content\/uploads\/2022\/09\/IMG-20220827-WA0002-300x225.jpg 300w, https:\/\/humanitaerehilfe.awo-rle.de\/wordpress\/wp-content\/uploads\/2022\/09\/IMG-20220827-WA0002-1024x768.jpg 1024w, https:\/\/humanitaerehilfe.awo-rle.de\/wordpress\/wp-content\/uploads\/2022\/09\/IMG-20220827-WA0002-1536x1152.jpg 1536w, https:\/\/humanitaerehilfe.awo-rle.de\/wordpress\/wp-content\/uploads\/2022\/09\/IMG-20220827-WA0002.jpg 1600w\" sizes=\"(max-width: 768px) 100vw, 768px\" \/>\t\t\t\t\t\t\t\t\t\t\t\t\t\t\t<\/div>\n\t\t\t\t<\/div>\n\t\t\t\t\t<\/div>\n\t\t<\/div>\n\t\t\t\t\t<\/div>\n\t\t<\/section>\n\t\t\t\t<section class=\"elementor-section elementor-top-section elementor-element elementor-element-5852c88 elementor-section-boxed elementor-section-height-default elementor-section-height-default\" data-id=\"5852c88\" data-element_type=\"section\" data-e-type=\"section\">\n\t\t\t\t\t\t<div class=\"elementor-container elementor-column-gap-default\">\n\t\t\t\t\t<div class=\"elementor-column elementor-col-100 elementor-top-column elementor-element elementor-element-07ab050\" data-id=\"07ab050\" data-element_type=\"column\" data-e-type=\"column\">\n\t\t\t<div class=\"elementor-widget-wrap elementor-element-populated\">\n\t\t\t\t\t\t<div class=\"elementor-element elementor-element-26e640c elementor-widget elementor-widget-text-editor\" data-id=\"26e640c\" data-element_type=\"widget\" data-e-type=\"widget\" data-widget_type=\"text-editor.default\">\n\t\t\t\t<div class=\"elementor-widget-container\">\n\t\t\t\t\t\t\t\t\t<p>Unsere heutige Radtour am 14.7.2022 um das historische S\u00fcdkamen mit dem Schwerpunktthema Zeugen des 2.Weltkrieges in S\u00fcdkamen war ein gro\u00dfer Erfolg .Dank der Kooperation mit dem Arbeitskreis humanit\u00e4re Hilfe der Awo und der tatkr\u00e4ftigen Unterst\u00fctzung der Familie J\u00e4ger und Peters nahmen neben Heinz und Ingeborg Hattebier und Peter und Monika Resler Familiengruppen aus Mariopol und Charkiw teil, die erst seit kurzer Zeit als Kriegsfl\u00fcchlinge in Kamen leben..Start war am Kiosk Hattebier und Endpunkt ein kleines Abendessen mit Getr\u00e4nken in der Pizzeria an der S\u00fcdkamener Stra\u00dfe.Um 19:00Uhr fuhren alle wieder in ihre Wohnungen in Kamen mit dem Gef\u00fchl bei herrlichem Sonnenschein ein paar ungetr\u00fcbten Stunden abseits der schlimmen Kriegs\nerfahrungen im sch\u00f6nen S\u00fcdkamen verlebt zu haben<\/p>\t\t\t\t\t\t\t\t<\/div>\n\t\t\t\t<\/div>\n\t\t\t\t\t<\/div>\n\t\t<\/div>\n\t\t\t\t\t<\/div>\n\t\t<\/section>\n\t\t\t\t<section class=\"elementor-section elementor-top-section elementor-element elementor-element-0e16c8f elementor-section-boxed elementor-section-height-default elementor-section-height-default\" data-id=\"0e16c8f\" data-element_type=\"section\" data-e-type=\"section\">\n\t\t\t\t\t\t<div class=\"elementor-container elementor-column-gap-default\">\n\t\t\t\t\t<div class=\"elementor-column elementor-col-100 elementor-top-column elementor-element elementor-element-cb5168b\" data-id=\"cb5168b\" data-element_type=\"column\" data-e-type=\"column\">\n\t\t\t<div class=\"elementor-widget-wrap elementor-element-populated\">\n\t\t\t\t\t\t<div class=\"elementor-element elementor-element-2b2803d elementor-widget elementor-widget-image\" data-id=\"2b2803d\" data-element_type=\"widget\" data-e-type=\"widget\" data-widget_type=\"image.default\">\n\t\t\t\t<div class=\"elementor-widget-container\">\n\t\t\t\t\t\t\t\t\t\t\t\t\t\t\t<img loading=\"lazy\" decoding=\"async\" width=\"960\" height=\"720\" src=\"https:\/\/humanitaerehilfe.awo-rle.de\/wordpress\/wp-content\/uploads\/2022\/07\/Folie1.png\" class=\"attachment-large size-large wp-image-1090\" alt=\"\" srcset=\"https:\/\/humanitaerehilfe.awo-rle.de\/wordpress\/wp-content\/uploads\/2022\/07\/Folie1.png 960w, https:\/\/humanitaerehilfe.awo-rle.de\/wordpress\/wp-content\/uploads\/2022\/07\/Folie1-300x225.png 300w, https:\/\/humanitaerehilfe.awo-rle.de\/wordpress\/wp-content\/uploads\/2022\/07\/Folie1-768x576.png 768w\" sizes=\"(max-width: 960px) 100vw, 960px\" \/>\t\t\t\t\t\t\t\t\t\t\t\t\t\t\t<\/div>\n\t\t\t\t<\/div>\n\t\t\t\t\t<\/div>\n\t\t<\/div>\n\t\t\t\t\t<\/div>\n\t\t<\/section>\n\t\t\t\t<section class=\"elementor-section elementor-top-section elementor-element elementor-element-f916813 elementor-section-boxed elementor-section-height-default elementor-section-height-default\" data-id=\"f916813\" data-element_type=\"section\" data-e-type=\"section\">\n\t\t\t\t\t\t<div class=\"elementor-container elementor-column-gap-default\">\n\t\t\t\t\t<div class=\"elementor-column elementor-col-100 elementor-top-column elementor-element elementor-element-fd5cf7d\" data-id=\"fd5cf7d\" data-element_type=\"column\" data-e-type=\"column\">\n\t\t\t<div class=\"elementor-widget-wrap elementor-element-populated\">\n\t\t\t\t\t\t<div class=\"elementor-element elementor-element-6eef2ab elementor-widget elementor-widget-heading\" data-id=\"6eef2ab\" data-element_type=\"widget\" data-e-type=\"widget\" data-widget_type=\"heading.default\">\n\t\t\t\t<div class=\"elementor-widget-container\">\n\t\t\t\t\t<h2 class=\"elementor-heading-title elementor-size-default\">Projekte und Aktionen<\/h2>\t\t\t\t<\/div>\n\t\t\t\t<\/div>\n\t\t\t\t\t<\/div>\n\t\t<\/div>\n\t\t\t\t\t<\/div>\n\t\t<\/section>\n\t\t\t\t<section class=\"elementor-section elementor-top-section elementor-element elementor-element-38f54e4 elementor-section-boxed elementor-section-height-default elementor-section-height-default\" data-id=\"38f54e4\" data-element_type=\"section\" data-e-type=\"section\">\n\t\t\t\t\t\t<div class=\"elementor-container elementor-column-gap-default\">\n\t\t\t\t\t<div class=\"elementor-column elementor-col-100 elementor-top-column elementor-element elementor-element-6b34d14\" data-id=\"6b34d14\" data-element_type=\"column\" data-e-type=\"column\">\n\t\t\t<div class=\"elementor-widget-wrap elementor-element-populated\">\n\t\t\t\t\t\t<div class=\"elementor-element elementor-element-339f3c5 elementor-widget elementor-widget-image\" data-id=\"339f3c5\" data-element_type=\"widget\" data-e-type=\"widget\" data-widget_type=\"image.default\">\n\t\t\t\t<div class=\"elementor-widget-container\">\n\t\t\t\t\t\t\t\t\t\t\t\t\t\t\t<img loading=\"lazy\" decoding=\"async\" width=\"960\" height=\"720\" src=\"https:\/\/humanitaerehilfe.awo-rle.de\/wordpress\/wp-content\/uploads\/2022\/07\/Folie1.jpg\" class=\"attachment-large size-large wp-image-1083\" alt=\"\" srcset=\"https:\/\/humanitaerehilfe.awo-rle.de\/wordpress\/wp-content\/uploads\/2022\/07\/Folie1.jpg 960w, https:\/\/humanitaerehilfe.awo-rle.de\/wordpress\/wp-content\/uploads\/2022\/07\/Folie1-300x225.jpg 300w, https:\/\/humanitaerehilfe.awo-rle.de\/wordpress\/wp-content\/uploads\/2022\/07\/Folie1-768x576.jpg 768w\" sizes=\"(max-width: 960px) 100vw, 960px\" \/>\t\t\t\t\t\t\t\t\t\t\t\t\t\t\t<\/div>\n\t\t\t\t<\/div>\n\t\t\t\t<div class=\"elementor-element elementor-element-fc06362 elementor-widget elementor-widget-image\" data-id=\"fc06362\" data-element_type=\"widget\" data-e-type=\"widget\" data-widget_type=\"image.default\">\n\t\t\t\t<div class=\"elementor-widget-container\">\n\t\t\t\t\t\t\t\t\t\t\t\t\t\t\t<img loading=\"lazy\" decoding=\"async\" width=\"864\" height=\"1536\" src=\"https:\/\/humanitaerehilfe.awo-rle.de\/wordpress\/wp-content\/uploads\/2022\/07\/WhatsApp-Image-2022-07-13-at-20.46.23-864x1536.jpeg\" class=\"attachment-1536x1536 size-1536x1536 wp-image-1078\" alt=\"\" srcset=\"https:\/\/humanitaerehilfe.awo-rle.de\/wordpress\/wp-content\/uploads\/2022\/07\/WhatsApp-Image-2022-07-13-at-20.46.23-864x1536.jpeg 864w, https:\/\/humanitaerehilfe.awo-rle.de\/wordpress\/wp-content\/uploads\/2022\/07\/WhatsApp-Image-2022-07-13-at-20.46.23-169x300.jpeg 169w, https:\/\/humanitaerehilfe.awo-rle.de\/wordpress\/wp-content\/uploads\/2022\/07\/WhatsApp-Image-2022-07-13-at-20.46.23-576x1024.jpeg 576w, https:\/\/humanitaerehilfe.awo-rle.de\/wordpress\/wp-content\/uploads\/2022\/07\/WhatsApp-Image-2022-07-13-at-20.46.23-768x1366.jpeg 768w, https:\/\/humanitaerehilfe.awo-rle.de\/wordpress\/wp-content\/uploads\/2022\/07\/WhatsApp-Image-2022-07-13-at-20.46.23.jpeg 899w\" sizes=\"(max-width: 864px) 100vw, 864px\" \/>\t\t\t\t\t\t\t\t\t\t\t\t\t\t\t<\/div>\n\t\t\t\t<\/div>\n\t\t\t\t<div class=\"elementor-element elementor-element-f28511d elementor-widget elementor-widget-image\" data-id=\"f28511d\" data-element_type=\"widget\" data-e-type=\"widget\" data-widget_type=\"image.default\">\n\t\t\t\t<div class=\"elementor-widget-container\">\n\t\t\t\t\t\t\t\t\t\t\t\t\t\t\t<img loading=\"lazy\" decoding=\"async\" width=\"768\" height=\"1024\" src=\"https:\/\/humanitaerehilfe.awo-rle.de\/wordpress\/wp-content\/uploads\/2022\/05\/IMG-20220503-WA00031-768x1024.jpg\" class=\"attachment-medium_large size-medium_large wp-image-1036\" alt=\"\" srcset=\"https:\/\/humanitaerehilfe.awo-rle.de\/wordpress\/wp-content\/uploads\/2022\/05\/IMG-20220503-WA00031-768x1024.jpg 768w, https:\/\/humanitaerehilfe.awo-rle.de\/wordpress\/wp-content\/uploads\/2022\/05\/IMG-20220503-WA00031-225x300.jpg 225w, https:\/\/humanitaerehilfe.awo-rle.de\/wordpress\/wp-content\/uploads\/2022\/05\/IMG-20220503-WA00031-1152x1536.jpg 1152w, https:\/\/humanitaerehilfe.awo-rle.de\/wordpress\/wp-content\/uploads\/2022\/05\/IMG-20220503-WA00031.jpg 1536w\" sizes=\"(max-width: 768px) 100vw, 768px\" \/>\t\t\t\t\t\t\t\t\t\t\t\t\t\t\t<\/div>\n\t\t\t\t<\/div>\n\t\t\t\t<div class=\"elementor-element elementor-element-eeedc10 elementor-widget elementor-widget-text-editor\" data-id=\"eeedc10\" data-element_type=\"widget\" data-e-type=\"widget\" data-widget_type=\"text-editor.default\">\n\t\t\t\t<div class=\"elementor-widget-container\">\n\t\t\t\t\t\t\t\t\t<p>Die Ostersammelaktion f\u00fcr&nbsp; Kinder, Sch\u00fcler, Menschen mit Behinderungen und Senioren in Toplet (Rum\u00e4nien) ist abgeschlossen. Lily und Nico kommen am 20.4.2022 zur Abholung.<\/p>\n<p>Vielen Dank den Kitas der AWO Ruhr- Lippe-Ems f\u00fcr die Unterst\u00fctzung :.Drostengarten in Telgte, Hirschberg in Fr\u00f6ndenberg, Sternstunde und Villa Lach und Krach in Kamen, Springm\u00e4use und Sonnenblume in Bergkamen und an die Awo -Ortsvereine S\u00fcdkamen und Unna-Massen. Au\u00dferdem&nbsp; gilt unser besonderer dank den vielen&nbsp; Geld- und Sachspendern.<\/p>\n<p>Neben den s\u00fc\u00dfen Ostersachen,150 Kinder und 20 Behinderte bekommen eine Ostert\u00fcte und 100 Senioren eine Oster\u00fcberraschung mit Kaffee und kleinen Hasen.<\/p>\n<p>Alles p\u00fcnktlich zum orthodoxen Osterfest am kommenden Wochenende.10 Fahrr\u00e4der werden von DASDIES zur Mitnahme am Mittwoch bereitgestellt. Ferner werden St\u00fchle, Tische und eine Vielzahl von Paketen mit Sommerkleidung f\u00fcr Kinder und Senioren, die Anne Abels freundlich sortiert und gepackt hat ,mitgenommen.<\/p>\n<p>F\u00fcr die weite Reise mit Ford-Transit mit Anh\u00e4nger(Hin und R\u00fcckfahrt ca. 2000km ) wird ein Zuschu\u00df f\u00fcr Diesel in H\u00f6he von 600 Euro gew\u00e4hrt.<br><br><\/p>\t\t\t\t\t\t\t\t<\/div>\n\t\t\t\t<\/div>\n\t\t\t\t<div class=\"elementor-element elementor-element-47c4b5c elementor-widget elementor-widget-image\" data-id=\"47c4b5c\" data-element_type=\"widget\" data-e-type=\"widget\" data-widget_type=\"image.default\">\n\t\t\t\t<div class=\"elementor-widget-container\">\n\t\t\t\t\t\t\t\t\t\t\t\t\t\t\t<img loading=\"lazy\" decoding=\"async\" width=\"600\" height=\"600\" src=\"https:\/\/humanitaerehilfe.awo-rle.de\/wordpress\/wp-content\/uploads\/2022\/05\/IMG-20220502-WA00071-600x600.jpg\" class=\"attachment-ocean-thumb-m size-ocean-thumb-m wp-image-1037\" alt=\"\" srcset=\"https:\/\/humanitaerehilfe.awo-rle.de\/wordpress\/wp-content\/uploads\/2022\/05\/IMG-20220502-WA00071-600x600.jpg 600w, https:\/\/humanitaerehilfe.awo-rle.de\/wordpress\/wp-content\/uploads\/2022\/05\/IMG-20220502-WA00071-150x150.jpg 150w\" sizes=\"(max-width: 600px) 100vw, 600px\" \/>\t\t\t\t\t\t\t\t\t\t\t\t\t\t\t<\/div>\n\t\t\t\t<\/div>\n\t\t\t\t<div class=\"elementor-element elementor-element-7b1b53d elementor-widget elementor-widget-image\" data-id=\"7b1b53d\" data-element_type=\"widget\" data-e-type=\"widget\" data-widget_type=\"image.default\">\n\t\t\t\t<div class=\"elementor-widget-container\">\n\t\t\t\t\t\t\t\t\t\t\t\t\t\t\t<img loading=\"lazy\" decoding=\"async\" width=\"600\" height=\"600\" src=\"https:\/\/humanitaerehilfe.awo-rle.de\/wordpress\/wp-content\/uploads\/2022\/05\/IMG-20220503-WA00131-600x600.jpg\" class=\"attachment-ocean-thumb-m size-ocean-thumb-m wp-image-1035\" alt=\"\" srcset=\"https:\/\/humanitaerehilfe.awo-rle.de\/wordpress\/wp-content\/uploads\/2022\/05\/IMG-20220503-WA00131-600x600.jpg 600w, https:\/\/humanitaerehilfe.awo-rle.de\/wordpress\/wp-content\/uploads\/2022\/05\/IMG-20220503-WA00131-150x150.jpg 150w\" sizes=\"(max-width: 600px) 100vw, 600px\" \/>\t\t\t\t\t\t\t\t\t\t\t\t\t\t\t<\/div>\n\t\t\t\t<\/div>\n\t\t\t\t<div class=\"elementor-element elementor-element-559226f elementor-widget elementor-widget-image\" data-id=\"559226f\" data-element_type=\"widget\" data-e-type=\"widget\" data-widget_type=\"image.default\">\n\t\t\t\t<div class=\"elementor-widget-container\">\n\t\t\t\t\t\t\t\t\t\t\t\t\t\t\t<img loading=\"lazy\" decoding=\"async\" width=\"600\" height=\"600\" src=\"https:\/\/humanitaerehilfe.awo-rle.de\/wordpress\/wp-content\/uploads\/2022\/05\/IMG-20220503-WA00191-600x600.jpg\" class=\"attachment-ocean-thumb-m size-ocean-thumb-m wp-image-1038\" alt=\"\" srcset=\"https:\/\/humanitaerehilfe.awo-rle.de\/wordpress\/wp-content\/uploads\/2022\/05\/IMG-20220503-WA00191-600x600.jpg 600w, https:\/\/humanitaerehilfe.awo-rle.de\/wordpress\/wp-content\/uploads\/2022\/05\/IMG-20220503-WA00191-150x150.jpg 150w\" sizes=\"(max-width: 600px) 100vw, 600px\" \/>\t\t\t\t\t\t\t\t\t\t\t\t\t\t\t<\/div>\n\t\t\t\t<\/div>\n\t\t\t\t<section class=\"elementor-section elementor-inner-section elementor-element elementor-element-3a4753e elementor-section-boxed elementor-section-height-default elementor-section-height-default\" data-id=\"3a4753e\" data-element_type=\"section\" data-e-type=\"section\">\n\t\t\t\t\t\t<div class=\"elementor-container elementor-column-gap-default\">\n\t\t\t\t\t<div class=\"elementor-column elementor-col-50 elementor-inner-column elementor-element elementor-element-c7c272a\" data-id=\"c7c272a\" data-element_type=\"column\" data-e-type=\"column\">\n\t\t\t<div class=\"elementor-widget-wrap elementor-element-populated\">\n\t\t\t\t\t\t<div class=\"elementor-element elementor-element-c3ae73f elementor-widget elementor-widget-image\" data-id=\"c3ae73f\" data-element_type=\"widget\" data-e-type=\"widget\" data-widget_type=\"image.default\">\n\t\t\t\t<div class=\"elementor-widget-container\">\n\t\t\t\t\t\t\t\t\t\t\t\t\t\t\t<img decoding=\"async\" src=\"https:\/\/rumaenienhilfe.awo-rle.de\/wordpress\/wp-content\/uploads\/2022\/03\/2022_03_11_Anschreiben-Osteraktion-2022-Rumaenienhilfe-1.pdf\" title=\"\" alt=\"\" loading=\"lazy\" \/>\t\t\t\t\t\t\t\t\t\t\t\t\t\t\t<\/div>\n\t\t\t\t<\/div>\n\t\t\t\t<div class=\"elementor-element elementor-element-1b40cea elementor-widget elementor-widget-spacer\" data-id=\"1b40cea\" data-element_type=\"widget\" data-e-type=\"widget\" data-widget_type=\"spacer.default\">\n\t\t\t\t<div class=\"elementor-widget-container\">\n\t\t\t\t\t\t\t<div class=\"elementor-spacer\">\n\t\t\t<div class=\"elementor-spacer-inner\"><\/div>\n\t\t<\/div>\n\t\t\t\t\t\t<\/div>\n\t\t\t\t<\/div>\n\t\t\t\t<div class=\"elementor-element elementor-element-9995f65 elementor-widget elementor-widget-text-editor\" data-id=\"9995f65\" data-element_type=\"widget\" data-e-type=\"widget\" data-widget_type=\"text-editor.default\">\n\t\t\t\t<div class=\"elementor-widget-container\">\n\t\t\t\t\t\t\t\t\t<p><a href=\"https:\/\/www.lokalkompass.de\/kamen\/c-vereine-ehrenamt\/mit-dem-kleinbus-ins-krisengebiet_a1703260?fbclid=IwAR1WX9_6ZShhMGQIbVDznPbheqEigGcIdyy-I-PVYQgf0M8Mj6Cc-AnP1MU\" target=\"_blank\">Unsere Hilfslieferung nach Rum\u00e4nien zum Roten Kreuz erfolgte \u00fcber unseren Ortsverein Helm Toplet am 9.03.2022 nach Resita.Von hier aus werden Hilfskonvois gestartet, die die Sachspenden in die&nbsp; Krisengebiete fahren. Eine weitere Hilfslieferung wurde gestern geladen und geht \u00fcber Polen&nbsp; in Kooperation an eine Behinderteneinrichtung in die Westukraine ca. 300km von der polnischen Grenze.<\/a><br><\/p>\t\t\t\t\t\t\t\t<\/div>\n\t\t\t\t<\/div>\n\t\t\t\t\t<\/div>\n\t\t<\/div>\n\t\t\t\t<div class=\"elementor-column elementor-col-50 elementor-inner-column elementor-element elementor-element-7dde5b0\" data-id=\"7dde5b0\" data-element_type=\"column\" data-e-type=\"column\">\n\t\t\t<div class=\"elementor-widget-wrap elementor-element-populated\">\n\t\t\t\t\t\t<div class=\"elementor-element elementor-element-87b04e2 elementor-widget elementor-widget-image\" data-id=\"87b04e2\" data-element_type=\"widget\" data-e-type=\"widget\" data-widget_type=\"image.default\">\n\t\t\t\t<div class=\"elementor-widget-container\">\n\t\t\t\t\t\t\t\t\t\t\t\t\t\t\t<img loading=\"lazy\" decoding=\"async\" width=\"1536\" height=\"864\" src=\"https:\/\/humanitaerehilfe.awo-rle.de\/wordpress\/wp-content\/uploads\/2022\/03\/IMG-20220309-WA0004-1536x864.jpg\" class=\"attachment-1536x1536 size-1536x1536 wp-image-947\" alt=\"\" srcset=\"https:\/\/humanitaerehilfe.awo-rle.de\/wordpress\/wp-content\/uploads\/2022\/03\/IMG-20220309-WA0004-1536x864.jpg 1536w, https:\/\/humanitaerehilfe.awo-rle.de\/wordpress\/wp-content\/uploads\/2022\/03\/IMG-20220309-WA0004-300x169.jpg 300w, https:\/\/humanitaerehilfe.awo-rle.de\/wordpress\/wp-content\/uploads\/2022\/03\/IMG-20220309-WA0004-1024x576.jpg 1024w, https:\/\/humanitaerehilfe.awo-rle.de\/wordpress\/wp-content\/uploads\/2022\/03\/IMG-20220309-WA0004-768x432.jpg 768w, https:\/\/humanitaerehilfe.awo-rle.de\/wordpress\/wp-content\/uploads\/2022\/03\/IMG-20220309-WA0004.jpg 1600w\" sizes=\"(max-width: 1536px) 100vw, 1536px\" \/>\t\t\t\t\t\t\t\t\t\t\t\t\t\t\t<\/div>\n\t\t\t\t<\/div>\n\t\t\t\t\t<\/div>\n\t\t<\/div>\n\t\t\t\t\t<\/div>\n\t\t<\/section>\n\t\t\t\t<div class=\"elementor-element elementor-element-41356b6 elementor-widget elementor-widget-image\" data-id=\"41356b6\" data-element_type=\"widget\" data-e-type=\"widget\" data-widget_type=\"image.default\">\n\t\t\t\t<div class=\"elementor-widget-container\">\n\t\t\t\t\t\t\t\t\t\t\t\t\t\t\t<img loading=\"lazy\" decoding=\"async\" width=\"1024\" height=\"576\" src=\"https:\/\/humanitaerehilfe.awo-rle.de\/wordpress\/wp-content\/uploads\/2022\/03\/IMG-20220309-WA0005-1024x576.jpg\" class=\"attachment-large size-large wp-image-948\" alt=\"\" srcset=\"https:\/\/humanitaerehilfe.awo-rle.de\/wordpress\/wp-content\/uploads\/2022\/03\/IMG-20220309-WA0005-1024x576.jpg 1024w, https:\/\/humanitaerehilfe.awo-rle.de\/wordpress\/wp-content\/uploads\/2022\/03\/IMG-20220309-WA0005-300x169.jpg 300w, https:\/\/humanitaerehilfe.awo-rle.de\/wordpress\/wp-content\/uploads\/2022\/03\/IMG-20220309-WA0005-768x432.jpg 768w, https:\/\/humanitaerehilfe.awo-rle.de\/wordpress\/wp-content\/uploads\/2022\/03\/IMG-20220309-WA0005-1536x864.jpg 1536w, https:\/\/humanitaerehilfe.awo-rle.de\/wordpress\/wp-content\/uploads\/2022\/03\/IMG-20220309-WA0005.jpg 1600w\" sizes=\"(max-width: 1024px) 100vw, 1024px\" \/>\t\t\t\t\t\t\t\t\t\t\t\t\t\t\t<\/div>\n\t\t\t\t<\/div>\n\t\t\t\t<div class=\"elementor-element elementor-element-07679a0 elementor-widget elementor-widget-image\" data-id=\"07679a0\" data-element_type=\"widget\" data-e-type=\"widget\" data-widget_type=\"image.default\">\n\t\t\t\t<div class=\"elementor-widget-container\">\n\t\t\t\t\t\t\t\t\t\t\t\t\t\t\t<img loading=\"lazy\" decoding=\"async\" width=\"768\" height=\"1365\" src=\"https:\/\/humanitaerehilfe.awo-rle.de\/wordpress\/wp-content\/uploads\/2022\/03\/IMG-20220309-WA0006-768x1365.jpg\" class=\"attachment-medium_large size-medium_large wp-image-949\" alt=\"\" srcset=\"https:\/\/humanitaerehilfe.awo-rle.de\/wordpress\/wp-content\/uploads\/2022\/03\/IMG-20220309-WA0006-768x1365.jpg 768w, https:\/\/humanitaerehilfe.awo-rle.de\/wordpress\/wp-content\/uploads\/2022\/03\/IMG-20220309-WA0006-169x300.jpg 169w, https:\/\/humanitaerehilfe.awo-rle.de\/wordpress\/wp-content\/uploads\/2022\/03\/IMG-20220309-WA0006-576x1024.jpg 576w, https:\/\/humanitaerehilfe.awo-rle.de\/wordpress\/wp-content\/uploads\/2022\/03\/IMG-20220309-WA0006-864x1536.jpg 864w, https:\/\/humanitaerehilfe.awo-rle.de\/wordpress\/wp-content\/uploads\/2022\/03\/IMG-20220309-WA0006.jpg 900w\" sizes=\"(max-width: 768px) 100vw, 768px\" \/>\t\t\t\t\t\t\t\t\t\t\t\t\t\t\t<\/div>\n\t\t\t\t<\/div>\n\t\t\t\t<div class=\"elementor-element elementor-element-c4748de elementor-widget elementor-widget-image\" data-id=\"c4748de\" data-element_type=\"widget\" data-e-type=\"widget\" data-widget_type=\"image.default\">\n\t\t\t\t<div class=\"elementor-widget-container\">\n\t\t\t\t\t\t\t\t\t\t\t\t\t\t\t<img decoding=\"async\" src=\"https:\/\/rumaenienhilfe.awo-rle.de\/wordpress\/wp-content\/uploads\/2022\/03\/2022_03_11_Anschreiben-Osteraktion-2022-Rumaenienhilfe-2.pdf\" title=\"\" alt=\"\" loading=\"lazy\" \/>\t\t\t\t\t\t\t\t\t\t\t\t\t\t\t<\/div>\n\t\t\t\t<\/div>\n\t\t\t\t<div class=\"elementor-element elementor-element-6fbaff3 elementor-widget elementor-widget-image\" data-id=\"6fbaff3\" data-element_type=\"widget\" data-e-type=\"widget\" data-widget_type=\"image.default\">\n\t\t\t\t<div class=\"elementor-widget-container\">\n\t\t\t\t\t\t\t\t\t\t\t\t\t\t\t<img decoding=\"async\" src=\"https:\/\/rumaenienhilfe.awo-rle.de\/wordpress\/wp-content\/uploads\/2022\/03\/2022_03_11_Anschreiben-Osteraktion-2022-Rumaenienhilfe-3.pdf\" title=\"\" alt=\"\" loading=\"lazy\" \/>\t\t\t\t\t\t\t\t\t\t\t\t\t\t\t<\/div>\n\t\t\t\t<\/div>\n\t\t\t\t<div class=\"elementor-element elementor-element-3ac8393 elementor-widget elementor-widget-spacer\" data-id=\"3ac8393\" data-element_type=\"widget\" data-e-type=\"widget\" data-widget_type=\"spacer.default\">\n\t\t\t\t<div class=\"elementor-widget-container\">\n\t\t\t\t\t\t\t<div class=\"elementor-spacer\">\n\t\t\t<div class=\"elementor-spacer-inner\"><\/div>\n\t\t<\/div>\n\t\t\t\t\t\t<\/div>\n\t\t\t\t<\/div>\n\t\t\t\t<div class=\"elementor-element elementor-element-d014804 elementor-widget elementor-widget-text-editor\" data-id=\"d014804\" data-element_type=\"widget\" data-e-type=\"widget\" data-widget_type=\"text-editor.default\">\n\t\t\t\t<div class=\"elementor-widget-container\">\n\t\t\t\t\t\t\t\t\t<p><a href=\"https:\/\/awo-rle.de\/awo-hilft\">https:\/\/awo-rle.de\/awo-hilft<\/a><\/p>\t\t\t\t\t\t\t\t<\/div>\n\t\t\t\t<\/div>\n\t\t\t\t<div class=\"elementor-element elementor-element-ebed8f5 elementor-widget elementor-widget-image\" data-id=\"ebed8f5\" data-element_type=\"widget\" data-e-type=\"widget\" data-widget_type=\"image.default\">\n\t\t\t\t<div class=\"elementor-widget-container\">\n\t\t\t\t\t\t\t\t\t\t\t\t\t\t\t<img loading=\"lazy\" decoding=\"async\" width=\"724\" height=\"1024\" src=\"https:\/\/humanitaerehilfe.awo-rle.de\/wordpress\/wp-content\/uploads\/2022\/03\/Flyer-Spendenaufruf_update-724x1024.jpg\" class=\"attachment-large size-large wp-image-914\" alt=\"\" srcset=\"https:\/\/humanitaerehilfe.awo-rle.de\/wordpress\/wp-content\/uploads\/2022\/03\/Flyer-Spendenaufruf_update-724x1024.jpg 724w, https:\/\/humanitaerehilfe.awo-rle.de\/wordpress\/wp-content\/uploads\/2022\/03\/Flyer-Spendenaufruf_update-212x300.jpg 212w, https:\/\/humanitaerehilfe.awo-rle.de\/wordpress\/wp-content\/uploads\/2022\/03\/Flyer-Spendenaufruf_update-768x1086.jpg 768w, https:\/\/humanitaerehilfe.awo-rle.de\/wordpress\/wp-content\/uploads\/2022\/03\/Flyer-Spendenaufruf_update-1086x1536.jpg 1086w, https:\/\/humanitaerehilfe.awo-rle.de\/wordpress\/wp-content\/uploads\/2022\/03\/Flyer-Spendenaufruf_update-1448x2048.jpg 1448w, https:\/\/humanitaerehilfe.awo-rle.de\/wordpress\/wp-content\/uploads\/2022\/03\/Flyer-Spendenaufruf_update.jpg 1587w\" sizes=\"(max-width: 724px) 100vw, 724px\" \/>\t\t\t\t\t\t\t\t\t\t\t\t\t\t\t<\/div>\n\t\t\t\t<\/div>\n\t\t\t\t<div class=\"elementor-element elementor-element-14c6bc8 elementor-widget elementor-widget-text-editor\" data-id=\"14c6bc8\" data-element_type=\"widget\" data-e-type=\"widget\" data-widget_type=\"text-editor.default\">\n\t\t\t\t<div class=\"elementor-widget-container\">\n\t\t\t\t\t\t\t\t\t<p><br><\/p>\n<p>Unser rum\u00e4nischer&nbsp; Partner AWO Helm Toplet rief gemeinsam mit unserem Arbeitskreis humanit\u00e4re Hilfe und der DASDIES der AWO Ruhr-Lippe -Ems zu einer Spendenaktion f\u00fcr die Ukraine auf.<\/p>\n<p>Wir danken herzlich allen Sachspendern. Aufgrund des herrvorragenden Sammelergebnisses stellen wir die Sachspendensammlung \u00fcber DasDies bis auf weiteres ein. Wir bitten weiter um Geldspenden f\u00fcr die Finanzierung von&nbsp; Fahrtkosten f\u00fcr Transporte, Evakuierungen und f\u00fcr die Unterst\u00fctzung von gefl\u00fcchteten Kindern und Familien<\/p>\n<p>aus der Ukraine im Kreis Unna.<\/p>\n<p>&nbsp;<\/p>\t\t\t\t\t\t\t\t<\/div>\n\t\t\t\t<\/div>\n\t\t\t\t\t<\/div>\n\t\t<\/div>\n\t\t\t\t\t<\/div>\n\t\t<\/section>\n\t\t\t\t<section class=\"elementor-section elementor-top-section elementor-element elementor-element-4f8f499 elementor-section-boxed elementor-section-height-default elementor-section-height-default\" data-id=\"4f8f499\" data-element_type=\"section\" data-e-type=\"section\">\n\t\t\t\t\t\t<div class=\"elementor-container elementor-column-gap-default\">\n\t\t\t\t\t<div class=\"elementor-column elementor-col-100 elementor-top-column elementor-element elementor-element-8a13a1d\" data-id=\"8a13a1d\" data-element_type=\"column\" data-e-type=\"column\">\n\t\t\t<div class=\"elementor-widget-wrap\">\n\t\t\t\t\t\t\t<\/div>\n\t\t<\/div>\n\t\t\t\t\t<\/div>\n\t\t<\/section>\n\t\t\t\t<section class=\"elementor-section elementor-top-section elementor-element elementor-element-aba1ba0 elementor-section-boxed elementor-section-height-default elementor-section-height-default\" data-id=\"aba1ba0\" data-element_type=\"section\" data-e-type=\"section\">\n\t\t\t\t\t\t<div class=\"elementor-container elementor-column-gap-default\">\n\t\t\t\t\t<div class=\"elementor-column elementor-col-100 elementor-top-column elementor-element elementor-element-cc6fbb5\" data-id=\"cc6fbb5\" data-element_type=\"column\" data-e-type=\"column\">\n\t\t\t<div class=\"elementor-widget-wrap elementor-element-populated\">\n\t\t\t\t\t\t<div class=\"elementor-element elementor-element-35bb04a elementor-widget elementor-widget-text-editor\" data-id=\"35bb04a\" data-element_type=\"widget\" data-e-type=\"widget\" data-widget_type=\"text-editor.default\">\n\t\t\t\t<div class=\"elementor-widget-container\">\n\t\t\t\t\t\t\t\t\t<p>P\u00fcnktlich zu Beginn der rum\u00e4nischen Weihnachtsferien&nbsp; am 23.12.2021 konnten die Geschenke und Sachspenden an die Kinder und Sch\u00fcler in Toplet verteilt werden. Damit jedes Kind und jeder Sch\u00fcler ein Geschenk erhielt wurden unsere P\u00e4ckchen umgepackt.<\/p>\t\t\t\t\t\t\t\t<\/div>\n\t\t\t\t<\/div>\n\t\t\t\t<section class=\"elementor-section elementor-inner-section elementor-element elementor-element-83195ab elementor-section-boxed elementor-section-height-default elementor-section-height-default\" data-id=\"83195ab\" data-element_type=\"section\" data-e-type=\"section\">\n\t\t\t\t\t\t<div class=\"elementor-container elementor-column-gap-default\">\n\t\t\t\t\t<div class=\"elementor-column elementor-col-50 elementor-inner-column elementor-element elementor-element-db96481\" data-id=\"db96481\" data-element_type=\"column\" data-e-type=\"column\">\n\t\t\t<div class=\"elementor-widget-wrap elementor-element-populated\">\n\t\t\t\t\t\t<div class=\"elementor-element elementor-element-f9c0b07 elementor-widget elementor-widget-image\" data-id=\"f9c0b07\" data-element_type=\"widget\" data-e-type=\"widget\" data-widget_type=\"image.default\">\n\t\t\t\t<div class=\"elementor-widget-container\">\n\t\t\t\t\t\t\t\t\t\t\t\t\t\t\t<img loading=\"lazy\" decoding=\"async\" width=\"600\" height=\"585\" src=\"https:\/\/humanitaerehilfe.awo-rle.de\/wordpress\/wp-content\/uploads\/2021\/12\/214396.jpg\" class=\"attachment-medium_large size-medium_large wp-image-214\" alt=\"\" srcset=\"https:\/\/humanitaerehilfe.awo-rle.de\/wordpress\/wp-content\/uploads\/2021\/12\/214396.jpg 600w, https:\/\/humanitaerehilfe.awo-rle.de\/wordpress\/wp-content\/uploads\/2021\/12\/214396-300x293.jpg 300w\" sizes=\"(max-width: 600px) 100vw, 600px\" \/>\t\t\t\t\t\t\t\t\t\t\t\t\t\t\t<\/div>\n\t\t\t\t<\/div>\n\t\t\t\t\t<\/div>\n\t\t<\/div>\n\t\t\t\t<div class=\"elementor-column elementor-col-50 elementor-inner-column elementor-element elementor-element-b43efcc\" data-id=\"b43efcc\" data-element_type=\"column\" data-e-type=\"column\">\n\t\t\t<div class=\"elementor-widget-wrap elementor-element-populated\">\n\t\t\t\t\t\t<div class=\"elementor-element elementor-element-c4ebfcf elementor-widget elementor-widget-image\" data-id=\"c4ebfcf\" data-element_type=\"widget\" data-e-type=\"widget\" data-widget_type=\"image.default\">\n\t\t\t\t<div class=\"elementor-widget-container\">\n\t\t\t\t\t\t\t\t\t\t\t\t\t\t\t<img loading=\"lazy\" decoding=\"async\" width=\"421\" height=\"472\" src=\"https:\/\/humanitaerehilfe.awo-rle.de\/wordpress\/wp-content\/uploads\/2021\/12\/214411.jpg\" class=\"attachment-medium_large size-medium_large wp-image-223\" alt=\"\" srcset=\"https:\/\/humanitaerehilfe.awo-rle.de\/wordpress\/wp-content\/uploads\/2021\/12\/214411.jpg 421w, https:\/\/humanitaerehilfe.awo-rle.de\/wordpress\/wp-content\/uploads\/2021\/12\/214411-268x300.jpg 268w\" sizes=\"(max-width: 421px) 100vw, 421px\" \/>\t\t\t\t\t\t\t\t\t\t\t\t\t\t\t<\/div>\n\t\t\t\t<\/div>\n\t\t\t\t<div class=\"elementor-element elementor-element-a65897e elementor-widget elementor-widget-image\" data-id=\"a65897e\" data-element_type=\"widget\" data-e-type=\"widget\" data-widget_type=\"image.default\">\n\t\t\t\t<div class=\"elementor-widget-container\">\n\t\t\t\t\t\t\t\t\t\t\t\t\t\t\t<img loading=\"lazy\" decoding=\"async\" width=\"768\" height=\"1024\" src=\"https:\/\/humanitaerehilfe.awo-rle.de\/wordpress\/wp-content\/uploads\/2021\/12\/cropped-214384-1-768x1024.jpg\" class=\"attachment-medium_large size-medium_large wp-image-362\" alt=\"\" srcset=\"https:\/\/humanitaerehilfe.awo-rle.de\/wordpress\/wp-content\/uploads\/2021\/12\/cropped-214384-1-768x1024.jpg 768w, https:\/\/humanitaerehilfe.awo-rle.de\/wordpress\/wp-content\/uploads\/2021\/12\/cropped-214384-1-225x300.jpg 225w, https:\/\/humanitaerehilfe.awo-rle.de\/wordpress\/wp-content\/uploads\/2021\/12\/cropped-214384-1-1152x1536.jpg 1152w, https:\/\/humanitaerehilfe.awo-rle.de\/wordpress\/wp-content\/uploads\/2021\/12\/cropped-214384-1-1536x2048.jpg 1536w, https:\/\/humanitaerehilfe.awo-rle.de\/wordpress\/wp-content\/uploads\/2021\/12\/cropped-214384-1-scaled.jpg 1920w\" sizes=\"(max-width: 768px) 100vw, 768px\" \/>\t\t\t\t\t\t\t\t\t\t\t\t\t\t\t<\/div>\n\t\t\t\t<\/div>\n\t\t\t\t\t<\/div>\n\t\t<\/div>\n\t\t\t\t\t<\/div>\n\t\t<\/section>\n\t\t\t\t<section class=\"elementor-section elementor-inner-section elementor-element elementor-element-2629589 elementor-section-boxed elementor-section-height-default elementor-section-height-default\" data-id=\"2629589\" data-element_type=\"section\" data-e-type=\"section\">\n\t\t\t\t\t\t<div class=\"elementor-container elementor-column-gap-default\">\n\t\t\t\t\t<div class=\"elementor-column elementor-col-50 elementor-inner-column elementor-element elementor-element-7072388\" data-id=\"7072388\" data-element_type=\"column\" data-e-type=\"column\">\n\t\t\t<div class=\"elementor-widget-wrap elementor-element-populated\">\n\t\t\t\t\t\t<div class=\"elementor-element elementor-element-f46e668 elementor-widget elementor-widget-image\" data-id=\"f46e668\" data-element_type=\"widget\" data-e-type=\"widget\" data-widget_type=\"image.default\">\n\t\t\t\t<div class=\"elementor-widget-container\">\n\t\t\t\t\t\t\t\t\t\t\t\t\t\t\t<img loading=\"lazy\" decoding=\"async\" width=\"511\" height=\"454\" src=\"https:\/\/humanitaerehilfe.awo-rle.de\/wordpress\/wp-content\/uploads\/2021\/12\/214399.jpg\" class=\"attachment-medium_large size-medium_large wp-image-216\" alt=\"\" srcset=\"https:\/\/humanitaerehilfe.awo-rle.de\/wordpress\/wp-content\/uploads\/2021\/12\/214399.jpg 511w, https:\/\/humanitaerehilfe.awo-rle.de\/wordpress\/wp-content\/uploads\/2021\/12\/214399-300x267.jpg 300w\" sizes=\"(max-width: 511px) 100vw, 511px\" \/>\t\t\t\t\t\t\t\t\t\t\t\t\t\t\t<\/div>\n\t\t\t\t<\/div>\n\t\t\t\t\t<\/div>\n\t\t<\/div>\n\t\t\t\t<div class=\"elementor-column elementor-col-50 elementor-inner-column elementor-element elementor-element-a2cf9a0\" data-id=\"a2cf9a0\" data-element_type=\"column\" data-e-type=\"column\">\n\t\t\t<div class=\"elementor-widget-wrap\">\n\t\t\t\t\t\t\t<\/div>\n\t\t<\/div>\n\t\t\t\t\t<\/div>\n\t\t<\/section>\n\t\t\t\t\t<\/div>\n\t\t<\/div>\n\t\t\t\t\t<\/div>\n\t\t<\/section>\n\t\t\t\t<section class=\"elementor-section elementor-top-section elementor-element elementor-element-af82e50 elementor-section-boxed elementor-section-height-default elementor-section-height-default\" data-id=\"af82e50\" data-element_type=\"section\" data-e-type=\"section\">\n\t\t\t\t\t\t<div class=\"elementor-container elementor-column-gap-default\">\n\t\t\t\t\t<div class=\"elementor-column elementor-col-100 elementor-top-column elementor-element elementor-element-f28827d\" data-id=\"f28827d\" data-element_type=\"column\" data-e-type=\"column\">\n\t\t\t<div class=\"elementor-widget-wrap elementor-element-populated\">\n\t\t\t\t\t\t<div class=\"elementor-element elementor-element-c4ba3e0 elementor-widget elementor-widget-text-editor\" data-id=\"c4ba3e0\" data-element_type=\"widget\" data-e-type=\"widget\" data-widget_type=\"text-editor.default\">\n\t\t\t\t<div class=\"elementor-widget-container\">\n\t\t\t\t\t\t\t\t\t<p>Liebe Julia Kaim,liebe Alexandra M\u00f6ller,<br>herzlichen Dank f\u00fcr diese tolle Aktion.Herzlichen Dank an Schulleiterin,Kollegium,Eltern,Sch\u00fcler,wie Erzieherteam,Kinder und Eltern.<br>Der rum\u00e4nische Nicolae wird berichten,wenn er nach seiner langen Heimreise den Kindern in Toplet die Weihnachtsgaben \u00fcberbracht<br>hat.Liebe Gr\u00fc\u00dfe im Auftrag de AK humnit\u00e4re Hilfe der AWO RLE&nbsp; KV Unna Peter Resler<\/p>\t\t\t\t\t\t\t\t<\/div>\n\t\t\t\t<\/div>\n\t\t\t\t\t<\/div>\n\t\t<\/div>\n\t\t\t\t\t<\/div>\n\t\t<\/section>\n\t\t\t\t<section class=\"elementor-section elementor-top-section elementor-element elementor-element-c283cae elementor-section-boxed elementor-section-height-default elementor-section-height-default\" data-id=\"c283cae\" data-element_type=\"section\" data-e-type=\"section\">\n\t\t\t\t\t\t<div class=\"elementor-container elementor-column-gap-default\">\n\t\t\t\t\t<div class=\"elementor-column elementor-col-100 elementor-top-column elementor-element elementor-element-6ee810a\" data-id=\"6ee810a\" data-element_type=\"column\" data-e-type=\"column\">\n\t\t\t<div class=\"elementor-widget-wrap elementor-element-populated\">\n\t\t\t\t\t\t<div class=\"elementor-element elementor-element-15ec0e6 elementor-widget elementor-widget-image\" data-id=\"15ec0e6\" data-element_type=\"widget\" data-e-type=\"widget\" data-widget_type=\"image.default\">\n\t\t\t\t<div class=\"elementor-widget-container\">\n\t\t\t\t\t\t\t\t\t\t\t\t\t\t\t<img decoding=\"async\" src=\"https:\/\/rumaenienhilfe.awo-rle.de\/assets\/images\/20211214_103835.jpg\" title=\"\" alt=\"\" loading=\"lazy\" \/>\t\t\t\t\t\t\t\t\t\t\t\t\t\t\t<\/div>\n\t\t\t\t<\/div>\n\t\t\t\t<section class=\"elementor-section elementor-inner-section elementor-element elementor-element-405c09b elementor-section-boxed elementor-section-height-default elementor-section-height-default\" data-id=\"405c09b\" data-element_type=\"section\" data-e-type=\"section\">\n\t\t\t\t\t\t<div class=\"elementor-container elementor-column-gap-default\">\n\t\t\t\t\t<div class=\"elementor-column elementor-col-50 elementor-inner-column elementor-element elementor-element-e0740a7\" data-id=\"e0740a7\" data-element_type=\"column\" data-e-type=\"column\">\n\t\t\t<div class=\"elementor-widget-wrap elementor-element-populated\">\n\t\t\t\t\t\t<div class=\"elementor-element elementor-element-7e4d009 elementor-widget elementor-widget-image\" data-id=\"7e4d009\" data-element_type=\"widget\" data-e-type=\"widget\" data-widget_type=\"image.default\">\n\t\t\t\t<div class=\"elementor-widget-container\">\n\t\t\t\t\t\t\t\t\t\t\t\t\t\t\t<img decoding=\"async\" src=\"https:\/\/rumaenienhilfe.awo-rle.de\/assets\/images\/20211214_102702.jpg\" title=\"\" alt=\"\" loading=\"lazy\" \/>\t\t\t\t\t\t\t\t\t\t\t\t\t\t\t<\/div>\n\t\t\t\t<\/div>\n\t\t\t\t\t<\/div>\n\t\t<\/div>\n\t\t\t\t<div class=\"elementor-column elementor-col-50 elementor-inner-column elementor-element elementor-element-09c8044\" data-id=\"09c8044\" data-element_type=\"column\" data-e-type=\"column\">\n\t\t\t<div class=\"elementor-widget-wrap elementor-element-populated\">\n\t\t\t\t\t\t<div class=\"elementor-element elementor-element-87c52ae elementor-widget elementor-widget-image\" data-id=\"87c52ae\" data-element_type=\"widget\" data-e-type=\"widget\" data-widget_type=\"image.default\">\n\t\t\t\t<div class=\"elementor-widget-container\">\n\t\t\t\t\t\t\t\t\t\t\t\t\t\t\t<img decoding=\"async\" src=\"https:\/\/rumaenienhilfe.awo-rle.de\/assets\/images\/20211214_173055.jpg\" title=\"\" alt=\"\" loading=\"lazy\" \/>\t\t\t\t\t\t\t\t\t\t\t\t\t\t\t<\/div>\n\t\t\t\t<\/div>\n\t\t\t\t\t<\/div>\n\t\t<\/div>\n\t\t\t\t\t<\/div>\n\t\t<\/section>\n\t\t\t\t\t<\/div>\n\t\t<\/div>\n\t\t\t\t\t<\/div>\n\t\t<\/section>\n\t\t\t\t<section class=\"elementor-section elementor-top-section elementor-element elementor-element-4a2f45e elementor-section-boxed elementor-section-height-default elementor-section-height-default\" data-id=\"4a2f45e\" data-element_type=\"section\" data-e-type=\"section\">\n\t\t\t\t\t\t<div class=\"elementor-container elementor-column-gap-default\">\n\t\t\t\t\t<div class=\"elementor-column elementor-col-100 elementor-top-column elementor-element elementor-element-292bdf1\" data-id=\"292bdf1\" data-element_type=\"column\" data-e-type=\"column\">\n\t\t\t<div class=\"elementor-widget-wrap elementor-element-populated\">\n\t\t\t\t\t\t<div class=\"elementor-element elementor-element-db839a0 elementor-widget elementor-widget-image\" data-id=\"db839a0\" data-element_type=\"widget\" data-e-type=\"widget\" data-widget_type=\"image.default\">\n\t\t\t\t<div class=\"elementor-widget-container\">\n\t\t\t\t\t\t\t\t\t\t\t\t\t\t\t<img decoding=\"async\" src=\"https:\/\/rumaenienhilfe.awo-rle.de\/assets\/images\/Jahnschule.png\" title=\"\" alt=\"\" loading=\"lazy\" \/>\t\t\t\t\t\t\t\t\t\t\t\t\t\t\t<\/div>\n\t\t\t\t<\/div>\n\t\t\t\t\t<\/div>\n\t\t<\/div>\n\t\t\t\t\t<\/div>\n\t\t<\/section>\n\t\t\t\t<section class=\"elementor-section elementor-top-section elementor-element elementor-element-e73ceb3 elementor-section-boxed elementor-section-height-default elementor-section-height-default\" data-id=\"e73ceb3\" data-element_type=\"section\" data-e-type=\"section\">\n\t\t\t\t\t\t<div class=\"elementor-container elementor-column-gap-default\">\n\t\t\t\t\t<div class=\"elementor-column elementor-col-100 elementor-top-column elementor-element elementor-element-ed823b2\" data-id=\"ed823b2\" data-element_type=\"column\" data-e-type=\"column\">\n\t\t\t<div class=\"elementor-widget-wrap elementor-element-populated\">\n\t\t\t\t\t\t<div class=\"elementor-element elementor-element-9072c05 elementor-widget elementor-widget-text-editor\" data-id=\"9072c05\" data-element_type=\"widget\" data-e-type=\"widget\" data-widget_type=\"text-editor.default\">\n\t\t\t\t<div class=\"elementor-widget-container\">\n\t\t\t\t\t\t\t\t\t<p class=\"justifyleft\"><a href=\"https:\/\/rumaenienhilfe.awo-rle.de\/assets\/files\/Weihnachtsaktion%20Rum%C3%A4nien.doc.pdf\"><span style=\"font-size: 140%;\">Weihnachtsp\u00e4ckchenaktion der Jahnschule aus Kamen Methler<\/span><\/a>&nbsp;2021&nbsp; &nbsp;Bitte klicken um den Aufruf zu lesen!<\/p>\n<p class=\"justifyleft\">Unser Arbeitskreis bedankt sich herzlich bei den \nInitiatoren, besonders bei Julia Kaim,wie dem Lehrerkollegium,den \nSch\u00fclern und Eltern.<\/p>\n<p class=\"justifyleft\"><a href=\"https:\/\/awo-rle.de\/Kita-Gaensebluemchen-Kamen\">Die&nbsp; AWO Kita G\u00e4nsebl\u00fcmchen in Kamen Methler hat sich der Aktion spontan angeschlossen.<\/a>Herzlichen Dank an Frau M\u00f6ller,ihren Mitarbeitern Kindern und Eltern<\/p>\t\t\t\t\t\t\t\t<\/div>\n\t\t\t\t<\/div>\n\t\t\t\t<div class=\"elementor-element elementor-element-c6a2ead elementor-widget elementor-widget-image\" data-id=\"c6a2ead\" data-element_type=\"widget\" data-e-type=\"widget\" data-widget_type=\"image.default\">\n\t\t\t\t<div class=\"elementor-widget-container\">\n\t\t\t\t\t\t\t\t\t\t\t\t\t\t\t<img loading=\"lazy\" decoding=\"async\" width=\"768\" height=\"576\" src=\"https:\/\/humanitaerehilfe.awo-rle.de\/wordpress\/wp-content\/uploads\/2022\/02\/Folie17-768x576.jpg\" class=\"attachment-medium_large size-medium_large wp-image-661\" alt=\"\" srcset=\"https:\/\/humanitaerehilfe.awo-rle.de\/wordpress\/wp-content\/uploads\/2022\/02\/Folie17-768x576.jpg 768w, https:\/\/humanitaerehilfe.awo-rle.de\/wordpress\/wp-content\/uploads\/2022\/02\/Folie17-300x225.jpg 300w, https:\/\/humanitaerehilfe.awo-rle.de\/wordpress\/wp-content\/uploads\/2022\/02\/Folie17.jpg 960w\" sizes=\"(max-width: 768px) 100vw, 768px\" \/>\t\t\t\t\t\t\t\t\t\t\t\t\t\t\t<\/div>\n\t\t\t\t<\/div>\n\t\t\t\t<div class=\"elementor-element elementor-element-00e9e57 elementor-widget elementor-widget-text-editor\" data-id=\"00e9e57\" data-element_type=\"widget\" data-e-type=\"widget\" data-widget_type=\"text-editor.default\">\n\t\t\t\t<div class=\"elementor-widget-container\">\n\t\t\t\t\t\t\t\t\t<p>Erfolgreiche Verladeaktion am 10.6.2021.Wegen \u00dcberladung mu\u00dften 600kg wieder ausgeladen werden.Die n\u00e4chste Abholung ist bereits geplant.<\/p>\t\t\t\t\t\t\t\t<\/div>\n\t\t\t\t<\/div>\n\t\t\t\t<section class=\"elementor-section elementor-inner-section elementor-element elementor-element-d037ef4 elementor-section-boxed elementor-section-height-default elementor-section-height-default\" data-id=\"d037ef4\" data-element_type=\"section\" data-e-type=\"section\">\n\t\t\t\t\t\t<div class=\"elementor-container elementor-column-gap-default\">\n\t\t\t\t\t<div class=\"elementor-column elementor-col-50 elementor-inner-column elementor-element elementor-element-08f4064\" data-id=\"08f4064\" data-element_type=\"column\" data-e-type=\"column\">\n\t\t\t<div class=\"elementor-widget-wrap elementor-element-populated\">\n\t\t\t\t\t\t<div class=\"elementor-element elementor-element-ba06f98 elementor-widget elementor-widget-image\" data-id=\"ba06f98\" data-element_type=\"widget\" data-e-type=\"widget\" data-widget_type=\"image.default\">\n\t\t\t\t<div class=\"elementor-widget-container\">\n\t\t\t\t\t\t\t\t\t\t\t\t\t\t\t<img loading=\"lazy\" decoding=\"async\" width=\"360\" height=\"480\" src=\"https:\/\/humanitaerehilfe.awo-rle.de\/wordpress\/wp-content\/uploads\/2022\/02\/IMG-20210611-WA0016.jpg\" class=\"attachment-medium_large size-medium_large wp-image-662\" alt=\"\" srcset=\"https:\/\/humanitaerehilfe.awo-rle.de\/wordpress\/wp-content\/uploads\/2022\/02\/IMG-20210611-WA0016.jpg 360w, https:\/\/humanitaerehilfe.awo-rle.de\/wordpress\/wp-content\/uploads\/2022\/02\/IMG-20210611-WA0016-225x300.jpg 225w\" sizes=\"(max-width: 360px) 100vw, 360px\" \/>\t\t\t\t\t\t\t\t\t\t\t\t\t\t\t<\/div>\n\t\t\t\t<\/div>\n\t\t\t\t\t<\/div>\n\t\t<\/div>\n\t\t\t\t<div class=\"elementor-column elementor-col-50 elementor-inner-column elementor-element elementor-element-803f8c8\" data-id=\"803f8c8\" data-element_type=\"column\" data-e-type=\"column\">\n\t\t\t<div class=\"elementor-widget-wrap elementor-element-populated\">\n\t\t\t\t\t\t<div class=\"elementor-element elementor-element-801d47b elementor-widget elementor-widget-image\" data-id=\"801d47b\" data-element_type=\"widget\" data-e-type=\"widget\" data-widget_type=\"image.default\">\n\t\t\t\t<div class=\"elementor-widget-container\">\n\t\t\t\t\t\t\t\t\t\t\t\t\t\t\t<img loading=\"lazy\" decoding=\"async\" width=\"768\" height=\"1367\" src=\"https:\/\/humanitaerehilfe.awo-rle.de\/wordpress\/wp-content\/uploads\/2022\/02\/20210611_120726-768x1367.jpg\" class=\"attachment-medium_large size-medium_large wp-image-663\" alt=\"\" srcset=\"https:\/\/humanitaerehilfe.awo-rle.de\/wordpress\/wp-content\/uploads\/2022\/02\/20210611_120726-768x1367.jpg 768w, https:\/\/humanitaerehilfe.awo-rle.de\/wordpress\/wp-content\/uploads\/2022\/02\/20210611_120726-169x300.jpg 169w, https:\/\/humanitaerehilfe.awo-rle.de\/wordpress\/wp-content\/uploads\/2022\/02\/20210611_120726-575x1024.jpg 575w, https:\/\/humanitaerehilfe.awo-rle.de\/wordpress\/wp-content\/uploads\/2022\/02\/20210611_120726-863x1536.jpg 863w, https:\/\/humanitaerehilfe.awo-rle.de\/wordpress\/wp-content\/uploads\/2022\/02\/20210611_120726.jpg 899w\" sizes=\"(max-width: 768px) 100vw, 768px\" \/>\t\t\t\t\t\t\t\t\t\t\t\t\t\t\t<\/div>\n\t\t\t\t<\/div>\n\t\t\t\t\t<\/div>\n\t\t<\/div>\n\t\t\t\t\t<\/div>\n\t\t<\/section>\n\t\t\t\t<div class=\"elementor-element elementor-element-f1b4a35 elementor-widget elementor-widget-text-editor\" data-id=\"f1b4a35\" data-element_type=\"widget\" data-e-type=\"widget\" data-widget_type=\"text-editor.default\">\n\t\t\t\t<div class=\"elementor-widget-container\">\n\t\t\t\t\t\t\t\t\t<p><span style=\"font-size: 140%;\">Besuch am 10.6.2021 in der Kita Schatzinsel in Bergkamen beim Arbeitskreismitglied Riccardo Conte mit Nico und Lilly.<\/span><\/p>\t\t\t\t\t\t\t\t<\/div>\n\t\t\t\t<\/div>\n\t\t\t\t<section class=\"elementor-section elementor-inner-section elementor-element elementor-element-006f529 elementor-section-boxed elementor-section-height-default elementor-section-height-default\" data-id=\"006f529\" data-element_type=\"section\" data-e-type=\"section\">\n\t\t\t\t\t\t<div class=\"elementor-container elementor-column-gap-default\">\n\t\t\t\t\t<div class=\"elementor-column elementor-col-50 elementor-inner-column elementor-element elementor-element-3e37420\" data-id=\"3e37420\" data-element_type=\"column\" data-e-type=\"column\">\n\t\t\t<div class=\"elementor-widget-wrap elementor-element-populated\">\n\t\t\t\t\t\t<div class=\"elementor-element elementor-element-011f448 elementor-widget elementor-widget-image\" data-id=\"011f448\" data-element_type=\"widget\" data-e-type=\"widget\" data-widget_type=\"image.default\">\n\t\t\t\t<div class=\"elementor-widget-container\">\n\t\t\t\t\t\t\t\t\t\t\t\t\t\t\t<img loading=\"lazy\" decoding=\"async\" width=\"768\" height=\"576\" src=\"https:\/\/humanitaerehilfe.awo-rle.de\/wordpress\/wp-content\/uploads\/2022\/02\/Folie16-768x576.jpg\" class=\"attachment-medium_large size-medium_large wp-image-665\" alt=\"\" srcset=\"https:\/\/humanitaerehilfe.awo-rle.de\/wordpress\/wp-content\/uploads\/2022\/02\/Folie16-768x576.jpg 768w, https:\/\/humanitaerehilfe.awo-rle.de\/wordpress\/wp-content\/uploads\/2022\/02\/Folie16-300x225.jpg 300w, https:\/\/humanitaerehilfe.awo-rle.de\/wordpress\/wp-content\/uploads\/2022\/02\/Folie16.jpg 960w\" sizes=\"(max-width: 768px) 100vw, 768px\" \/>\t\t\t\t\t\t\t\t\t\t\t\t\t\t\t<\/div>\n\t\t\t\t<\/div>\n\t\t\t\t\t<\/div>\n\t\t<\/div>\n\t\t\t\t<div class=\"elementor-column elementor-col-50 elementor-inner-column elementor-element elementor-element-82ee0b7\" data-id=\"82ee0b7\" data-element_type=\"column\" data-e-type=\"column\">\n\t\t\t<div class=\"elementor-widget-wrap elementor-element-populated\">\n\t\t\t\t\t\t<div class=\"elementor-element elementor-element-73550cf elementor-widget elementor-widget-image\" data-id=\"73550cf\" data-element_type=\"widget\" data-e-type=\"widget\" data-widget_type=\"image.default\">\n\t\t\t\t<div class=\"elementor-widget-container\">\n\t\t\t\t\t\t\t\t\t\t\t\t\t\t\t<img loading=\"lazy\" decoding=\"async\" width=\"768\" height=\"576\" src=\"https:\/\/humanitaerehilfe.awo-rle.de\/wordpress\/wp-content\/uploads\/2022\/02\/Folie2-768x576.jpg\" class=\"attachment-medium_large size-medium_large wp-image-666\" alt=\"\" srcset=\"https:\/\/humanitaerehilfe.awo-rle.de\/wordpress\/wp-content\/uploads\/2022\/02\/Folie2-768x576.jpg 768w, https:\/\/humanitaerehilfe.awo-rle.de\/wordpress\/wp-content\/uploads\/2022\/02\/Folie2-300x225.jpg 300w, https:\/\/humanitaerehilfe.awo-rle.de\/wordpress\/wp-content\/uploads\/2022\/02\/Folie2.jpg 960w\" sizes=\"(max-width: 768px) 100vw, 768px\" \/>\t\t\t\t\t\t\t\t\t\t\t\t\t\t\t<\/div>\n\t\t\t\t<\/div>\n\t\t\t\t\t<\/div>\n\t\t<\/div>\n\t\t\t\t\t<\/div>\n\t\t<\/section>\n\t\t\t\t<section class=\"elementor-section elementor-inner-section elementor-element elementor-element-4958960 elementor-section-boxed elementor-section-height-default elementor-section-height-default\" data-id=\"4958960\" data-element_type=\"section\" data-e-type=\"section\">\n\t\t\t\t\t\t<div class=\"elementor-container elementor-column-gap-default\">\n\t\t\t\t\t<div class=\"elementor-column elementor-col-50 elementor-inner-column elementor-element elementor-element-488d867\" data-id=\"488d867\" data-element_type=\"column\" data-e-type=\"column\">\n\t\t\t<div class=\"elementor-widget-wrap elementor-element-populated\">\n\t\t\t\t\t\t<div class=\"elementor-element elementor-element-4fd511f elementor-widget elementor-widget-image\" data-id=\"4fd511f\" data-element_type=\"widget\" data-e-type=\"widget\" data-widget_type=\"image.default\">\n\t\t\t\t<div class=\"elementor-widget-container\">\n\t\t\t\t\t\t\t\t\t\t\t\t\t\t\t<img loading=\"lazy\" decoding=\"async\" width=\"768\" height=\"1367\" src=\"https:\/\/humanitaerehilfe.awo-rle.de\/wordpress\/wp-content\/uploads\/2022\/02\/20210611_104150-768x1367.jpg\" class=\"attachment-medium_large size-medium_large wp-image-664\" alt=\"\" srcset=\"https:\/\/humanitaerehilfe.awo-rle.de\/wordpress\/wp-content\/uploads\/2022\/02\/20210611_104150-768x1367.jpg 768w, https:\/\/humanitaerehilfe.awo-rle.de\/wordpress\/wp-content\/uploads\/2022\/02\/20210611_104150-169x300.jpg 169w, https:\/\/humanitaerehilfe.awo-rle.de\/wordpress\/wp-content\/uploads\/2022\/02\/20210611_104150-575x1024.jpg 575w, https:\/\/humanitaerehilfe.awo-rle.de\/wordpress\/wp-content\/uploads\/2022\/02\/20210611_104150-863x1536.jpg 863w, https:\/\/humanitaerehilfe.awo-rle.de\/wordpress\/wp-content\/uploads\/2022\/02\/20210611_104150.jpg 899w\" sizes=\"(max-width: 768px) 100vw, 768px\" \/>\t\t\t\t\t\t\t\t\t\t\t\t\t\t\t<\/div>\n\t\t\t\t<\/div>\n\t\t\t\t\t<\/div>\n\t\t<\/div>\n\t\t\t\t<div class=\"elementor-column elementor-col-50 elementor-inner-column elementor-element elementor-element-0874e52\" data-id=\"0874e52\" data-element_type=\"column\" data-e-type=\"column\">\n\t\t\t<div class=\"elementor-widget-wrap\">\n\t\t\t\t\t\t\t<\/div>\n\t\t<\/div>\n\t\t\t\t\t<\/div>\n\t\t<\/section>\n\t\t\t\t<div class=\"elementor-element elementor-element-c9020be elementor-widget elementor-widget-text-editor\" data-id=\"c9020be\" data-element_type=\"widget\" data-e-type=\"widget\" data-widget_type=\"text-editor.default\">\n\t\t\t\t<div class=\"elementor-widget-container\">\n\t\t\t\t\t\t\t\t\t<p><span style=\"font-size: 140%;\">Unsere Sammelaktion ist abgeschlossen,der Transport erfolgt am 19.4.2021! Wir danken den 15 Kitas und dem Ortsverein Holzwickede f\u00fcr ihre gro\u00dfartige Unterst\u00fctzung und freuen uns \u00fcber weitere Aktionsfotos. F\u00fcr die Verladung am Montag(19.4.21 ) hat sich gerade ein richtiger Osterhase angemeldet.Mal sehen wie er hei\u00dft und wie er aussieht ?<\/span><\/p>\t\t\t\t\t\t\t\t<\/div>\n\t\t\t\t<\/div>\n\t\t\t\t<section class=\"elementor-section elementor-inner-section elementor-element elementor-element-a4459fe elementor-section-boxed elementor-section-height-default elementor-section-height-default\" data-id=\"a4459fe\" data-element_type=\"section\" data-e-type=\"section\">\n\t\t\t\t\t\t<div class=\"elementor-container elementor-column-gap-default\">\n\t\t\t\t\t<div class=\"elementor-column elementor-col-50 elementor-inner-column elementor-element elementor-element-63f88e3\" data-id=\"63f88e3\" data-element_type=\"column\" data-e-type=\"column\">\n\t\t\t<div class=\"elementor-widget-wrap elementor-element-populated\">\n\t\t\t\t\t\t<div class=\"elementor-element elementor-element-5e4188a elementor-widget elementor-widget-image\" data-id=\"5e4188a\" data-element_type=\"widget\" data-e-type=\"widget\" data-widget_type=\"image.default\">\n\t\t\t\t<div class=\"elementor-widget-container\">\n\t\t\t\t\t\t\t\t\t\t\t\t\t\t\t<img loading=\"lazy\" decoding=\"async\" width=\"768\" height=\"576\" src=\"https:\/\/humanitaerehilfe.awo-rle.de\/wordpress\/wp-content\/uploads\/2022\/02\/Folie15-768x576.jpg\" class=\"attachment-medium_large size-medium_large wp-image-671\" alt=\"\" srcset=\"https:\/\/humanitaerehilfe.awo-rle.de\/wordpress\/wp-content\/uploads\/2022\/02\/Folie15-768x576.jpg 768w, https:\/\/humanitaerehilfe.awo-rle.de\/wordpress\/wp-content\/uploads\/2022\/02\/Folie15-300x225.jpg 300w, https:\/\/humanitaerehilfe.awo-rle.de\/wordpress\/wp-content\/uploads\/2022\/02\/Folie15.jpg 960w\" sizes=\"(max-width: 768px) 100vw, 768px\" \/>\t\t\t\t\t\t\t\t\t\t\t\t\t\t\t<\/div>\n\t\t\t\t<\/div>\n\t\t\t\t\t<\/div>\n\t\t<\/div>\n\t\t\t\t<div class=\"elementor-column elementor-col-50 elementor-inner-column elementor-element elementor-element-9548bb0\" data-id=\"9548bb0\" data-element_type=\"column\" data-e-type=\"column\">\n\t\t\t<div class=\"elementor-widget-wrap elementor-element-populated\">\n\t\t\t\t\t\t<div class=\"elementor-element elementor-element-9426ba2 elementor-widget elementor-widget-image\" data-id=\"9426ba2\" data-element_type=\"widget\" data-e-type=\"widget\" data-widget_type=\"image.default\">\n\t\t\t\t<div class=\"elementor-widget-container\">\n\t\t\t\t\t\t\t\t\t\t\t\t\t\t\t<img loading=\"lazy\" decoding=\"async\" width=\"768\" height=\"373\" src=\"https:\/\/humanitaerehilfe.awo-rle.de\/wordpress\/wp-content\/uploads\/2022\/02\/1-Kita-Sternstunde-Rumaenien-Ostern2021-768x373.jpg\" class=\"attachment-medium_large size-medium_large wp-image-670\" alt=\"\" srcset=\"https:\/\/humanitaerehilfe.awo-rle.de\/wordpress\/wp-content\/uploads\/2022\/02\/1-Kita-Sternstunde-Rumaenien-Ostern2021-768x373.jpg 768w, https:\/\/humanitaerehilfe.awo-rle.de\/wordpress\/wp-content\/uploads\/2022\/02\/1-Kita-Sternstunde-Rumaenien-Ostern2021-300x146.jpg 300w, https:\/\/humanitaerehilfe.awo-rle.de\/wordpress\/wp-content\/uploads\/2022\/02\/1-Kita-Sternstunde-Rumaenien-Ostern2021-1024x497.jpg 1024w, https:\/\/humanitaerehilfe.awo-rle.de\/wordpress\/wp-content\/uploads\/2022\/02\/1-Kita-Sternstunde-Rumaenien-Ostern2021-1536x746.jpg 1536w, https:\/\/humanitaerehilfe.awo-rle.de\/wordpress\/wp-content\/uploads\/2022\/02\/1-Kita-Sternstunde-Rumaenien-Ostern2021.jpg 1600w\" sizes=\"(max-width: 768px) 100vw, 768px\" \/>\t\t\t\t\t\t\t\t\t\t\t\t\t\t\t<\/div>\n\t\t\t\t<\/div>\n\t\t\t\t\t<\/div>\n\t\t<\/div>\n\t\t\t\t\t<\/div>\n\t\t<\/section>\n\t\t\t\t<div class=\"elementor-element elementor-element-bb55916 elementor-widget elementor-widget-text-editor\" data-id=\"bb55916\" data-element_type=\"widget\" data-e-type=\"widget\" data-widget_type=\"text-editor.default\">\n\t\t\t\t<div class=\"elementor-widget-container\">\n\t\t\t\t\t\t\t\t\t<p><span style=\"font-size: 140%;\">Kita Biberburg<\/span><\/p>\t\t\t\t\t\t\t\t<\/div>\n\t\t\t\t<\/div>\n\t\t\t\t<section class=\"elementor-section elementor-inner-section elementor-element elementor-element-161a5b8 elementor-section-boxed elementor-section-height-default elementor-section-height-default\" data-id=\"161a5b8\" data-element_type=\"section\" data-e-type=\"section\">\n\t\t\t\t\t\t<div class=\"elementor-container elementor-column-gap-default\">\n\t\t\t\t\t<div class=\"elementor-column elementor-col-50 elementor-inner-column elementor-element elementor-element-95d4e85\" data-id=\"95d4e85\" data-element_type=\"column\" data-e-type=\"column\">\n\t\t\t<div class=\"elementor-widget-wrap elementor-element-populated\">\n\t\t\t\t\t\t<div class=\"elementor-element elementor-element-e0eeb7d elementor-widget elementor-widget-image\" data-id=\"e0eeb7d\" data-element_type=\"widget\" data-e-type=\"widget\" data-widget_type=\"image.default\">\n\t\t\t\t<div class=\"elementor-widget-container\">\n\t\t\t\t\t\t\t\t\t\t\t\t\t\t\t<img loading=\"lazy\" decoding=\"async\" width=\"768\" height=\"576\" src=\"https:\/\/humanitaerehilfe.awo-rle.de\/wordpress\/wp-content\/uploads\/2022\/02\/suesse-gruesse-kita-biberburg-768x576.jpg\" class=\"attachment-medium_large size-medium_large wp-image-672\" alt=\"\" srcset=\"https:\/\/humanitaerehilfe.awo-rle.de\/wordpress\/wp-content\/uploads\/2022\/02\/suesse-gruesse-kita-biberburg-768x576.jpg 768w, https:\/\/humanitaerehilfe.awo-rle.de\/wordpress\/wp-content\/uploads\/2022\/02\/suesse-gruesse-kita-biberburg-300x225.jpg 300w, https:\/\/humanitaerehilfe.awo-rle.de\/wordpress\/wp-content\/uploads\/2022\/02\/suesse-gruesse-kita-biberburg-1024x768.jpg 1024w, https:\/\/humanitaerehilfe.awo-rle.de\/wordpress\/wp-content\/uploads\/2022\/02\/suesse-gruesse-kita-biberburg.jpg 1200w\" sizes=\"(max-width: 768px) 100vw, 768px\" \/>\t\t\t\t\t\t\t\t\t\t\t\t\t\t\t<\/div>\n\t\t\t\t<\/div>\n\t\t\t\t\t<\/div>\n\t\t<\/div>\n\t\t\t\t<div class=\"elementor-column elementor-col-50 elementor-inner-column elementor-element elementor-element-682eda4\" data-id=\"682eda4\" data-element_type=\"column\" data-e-type=\"column\">\n\t\t\t<div class=\"elementor-widget-wrap elementor-element-populated\">\n\t\t\t\t\t\t<div class=\"elementor-element elementor-element-6aed69e elementor-widget elementor-widget-image\" data-id=\"6aed69e\" data-element_type=\"widget\" data-e-type=\"widget\" data-widget_type=\"image.default\">\n\t\t\t\t<div class=\"elementor-widget-container\">\n\t\t\t\t\t\t\t\t\t\t\t\t\t\t\t<img loading=\"lazy\" decoding=\"async\" width=\"768\" height=\"373\" src=\"https:\/\/humanitaerehilfe.awo-rle.de\/wordpress\/wp-content\/uploads\/2022\/02\/2-Sternstunde-Rumaenien-Ostern-2021-768x373.jpg\" class=\"attachment-medium_large size-medium_large wp-image-673\" alt=\"\" srcset=\"https:\/\/humanitaerehilfe.awo-rle.de\/wordpress\/wp-content\/uploads\/2022\/02\/2-Sternstunde-Rumaenien-Ostern-2021-768x373.jpg 768w, https:\/\/humanitaerehilfe.awo-rle.de\/wordpress\/wp-content\/uploads\/2022\/02\/2-Sternstunde-Rumaenien-Ostern-2021-300x146.jpg 300w, https:\/\/humanitaerehilfe.awo-rle.de\/wordpress\/wp-content\/uploads\/2022\/02\/2-Sternstunde-Rumaenien-Ostern-2021-1024x497.jpg 1024w, https:\/\/humanitaerehilfe.awo-rle.de\/wordpress\/wp-content\/uploads\/2022\/02\/2-Sternstunde-Rumaenien-Ostern-2021-1536x746.jpg 1536w, https:\/\/humanitaerehilfe.awo-rle.de\/wordpress\/wp-content\/uploads\/2022\/02\/2-Sternstunde-Rumaenien-Ostern-2021.jpg 1600w\" sizes=\"(max-width: 768px) 100vw, 768px\" \/>\t\t\t\t\t\t\t\t\t\t\t\t\t\t\t<\/div>\n\t\t\t\t<\/div>\n\t\t\t\t\t<\/div>\n\t\t<\/div>\n\t\t\t\t\t<\/div>\n\t\t<\/section>\n\t\t\t\t<div class=\"elementor-element elementor-element-47585dd elementor-widget elementor-widget-text-editor\" data-id=\"47585dd\" data-element_type=\"widget\" data-e-type=\"widget\" data-widget_type=\"text-editor.default\">\n\t\t\t\t<div class=\"elementor-widget-container\">\n\t\t\t\t\t\t\t\t\t<p><strong style=\"font-size: 140%;\">&nbsp;Osteraktion 2021 &#8222;S\u00fc\u00dfe Gr\u00fc\u00dfe nach<\/strong><span style=\"font-size: 140%;\"> Rum\u00e4<\/span><span style=\"font-size: 140%;\">nien&#8220;<\/span><\/p>\n<p><span style=\"font-size: 140%;\">Folgende Kindertageseinrichtungen haben sich beteiligt und sammeltenn S\u00fc\u00dfigkeiten im gro\u00dfen Karton oder in kleinen Paketen oder schickten Geldspenden. Danke!Danke! Danke!Danke! Die s\u00fc\u00dfen Sachen&nbsp; werden im Rahmen eines Hilfsg\u00fctertransportes p\u00fcnktlich zum orthodoxen Osterfest am 2.5.2021 inToplet sein. <br><\/span><\/p>\n<ul><li><span style=\"font-size: 140%;\">Kita Sternstunde<\/span><\/li><li><span style=\"font-size: 140%;\">Kita Hirschberg<\/span><\/li><li><span style=\"font-size: 140%;\">Kita Biberburg<\/span><\/li><li><span style=\"font-size: 140%;\">Kita Rasselbande<\/span><\/li><li><span style=\"font-size: 140%;\">Kita Springm\u00e4use<\/span><\/li><li><span style=\"font-size: 140%;\">Kita Villa Lach und Krach<\/span><\/li><li><span style=\"font-size: 140%;\">Kita M\u00fchlenberg<\/span><\/li><li><span style=\"font-size: 140%;\">Kita Lilliput<\/span><\/li><li><span style=\"font-size: 140%;\">Kita Schatzinsel<\/span><\/li><li><span style=\"font-size: 140%;\">OV Holzwickede<\/span><\/li><li><span style=\"font-size: 140%;\">Kita Lummerland<\/span><\/li><li><span style=\"font-size: 140%;\">Kita Haus der kleinen Racker<\/span><\/li><li><span style=\"font-size: 140%;\">Kita Vorstadtstrolche<\/span><\/li><li><span style=\"font-size: 140%;\">Kita Wirbelwind<\/span><span style=\"font-size: 140%;\"><\/span><\/li><li><span style=\"font-size: 140%;\">Kita Regenbogen<\/span><\/li><\/ul>\n<p>6. bis 16.4.2021 <strong>Osterfest in Rum\u00e4nien am 2.5.2021 Orthodoxe Kirche Rum\u00e4nien<\/strong><\/p>\n<p>Spendenaufruf des Kreisverbandes<\/p>\t\t\t\t\t\t\t\t<\/div>\n\t\t\t\t<\/div>\n\t\t\t\t<section class=\"elementor-section elementor-inner-section elementor-element elementor-element-fbcf3b1 elementor-section-boxed elementor-section-height-default elementor-section-height-default\" data-id=\"fbcf3b1\" data-element_type=\"section\" data-e-type=\"section\">\n\t\t\t\t\t\t<div class=\"elementor-container elementor-column-gap-default\">\n\t\t\t\t\t<div class=\"elementor-column elementor-col-50 elementor-inner-column elementor-element elementor-element-21d653d\" data-id=\"21d653d\" data-element_type=\"column\" data-e-type=\"column\">\n\t\t\t<div class=\"elementor-widget-wrap elementor-element-populated\">\n\t\t\t\t\t\t<div class=\"elementor-element elementor-element-d890d08 elementor-widget elementor-widget-image\" data-id=\"d890d08\" data-element_type=\"widget\" data-e-type=\"widget\" data-widget_type=\"image.default\">\n\t\t\t\t<div class=\"elementor-widget-container\">\n\t\t\t\t\t\t\t\t\t\t\t\t\t\t\t<img loading=\"lazy\" decoding=\"async\" width=\"768\" height=\"1086\" src=\"https:\/\/humanitaerehilfe.awo-rle.de\/wordpress\/wp-content\/uploads\/2022\/02\/osteraktion21_0001-768x1086.jpg\" class=\"attachment-medium_large size-medium_large wp-image-678\" alt=\"\" srcset=\"https:\/\/humanitaerehilfe.awo-rle.de\/wordpress\/wp-content\/uploads\/2022\/02\/osteraktion21_0001-768x1086.jpg 768w, https:\/\/humanitaerehilfe.awo-rle.de\/wordpress\/wp-content\/uploads\/2022\/02\/osteraktion21_0001-212x300.jpg 212w, https:\/\/humanitaerehilfe.awo-rle.de\/wordpress\/wp-content\/uploads\/2022\/02\/osteraktion21_0001-724x1024.jpg 724w, https:\/\/humanitaerehilfe.awo-rle.de\/wordpress\/wp-content\/uploads\/2022\/02\/osteraktion21_0001.jpg 849w\" sizes=\"(max-width: 768px) 100vw, 768px\" \/>\t\t\t\t\t\t\t\t\t\t\t\t\t\t\t<\/div>\n\t\t\t\t<\/div>\n\t\t\t\t\t<\/div>\n\t\t<\/div>\n\t\t\t\t<div class=\"elementor-column elementor-col-50 elementor-inner-column elementor-element elementor-element-a37a1f9\" data-id=\"a37a1f9\" data-element_type=\"column\" data-e-type=\"column\">\n\t\t\t<div class=\"elementor-widget-wrap elementor-element-populated\">\n\t\t\t\t\t\t<div class=\"elementor-element elementor-element-4140b73 elementor-widget elementor-widget-image\" data-id=\"4140b73\" data-element_type=\"widget\" data-e-type=\"widget\" data-widget_type=\"image.default\">\n\t\t\t\t<div class=\"elementor-widget-container\">\n\t\t\t\t\t\t\t\t\t\t\t\t\t\t\t<img loading=\"lazy\" decoding=\"async\" width=\"768\" height=\"1086\" src=\"https:\/\/humanitaerehilfe.awo-rle.de\/wordpress\/wp-content\/uploads\/2022\/02\/osteraktion21_00021-768x1086.jpg\" class=\"attachment-medium_large size-medium_large wp-image-679\" alt=\"\" srcset=\"https:\/\/humanitaerehilfe.awo-rle.de\/wordpress\/wp-content\/uploads\/2022\/02\/osteraktion21_00021-768x1086.jpg 768w, https:\/\/humanitaerehilfe.awo-rle.de\/wordpress\/wp-content\/uploads\/2022\/02\/osteraktion21_00021-212x300.jpg 212w, https:\/\/humanitaerehilfe.awo-rle.de\/wordpress\/wp-content\/uploads\/2022\/02\/osteraktion21_00021-724x1024.jpg 724w, https:\/\/humanitaerehilfe.awo-rle.de\/wordpress\/wp-content\/uploads\/2022\/02\/osteraktion21_00021.jpg 849w\" sizes=\"(max-width: 768px) 100vw, 768px\" \/>\t\t\t\t\t\t\t\t\t\t\t\t\t\t\t<\/div>\n\t\t\t\t<\/div>\n\t\t\t\t\t<\/div>\n\t\t<\/div>\n\t\t\t\t\t<\/div>\n\t\t<\/section>\n\t\t\t\t<div class=\"elementor-element elementor-element-502e830 elementor-widget elementor-widget-text-editor\" data-id=\"502e830\" data-element_type=\"widget\" data-e-type=\"widget\" data-widget_type=\"text-editor.default\">\n\t\t\t\t<div class=\"elementor-widget-container\">\n\t\t\t\t\t\t\t\t\t<p><span style=\"font-size: 120%;\">Erste Pressemitteilung im Hellweger Anzeiger<\/span><\/p>\t\t\t\t\t\t\t\t<\/div>\n\t\t\t\t<\/div>\n\t\t\t\t<div class=\"elementor-element elementor-element-b617e52 elementor-widget elementor-widget-image\" data-id=\"b617e52\" data-element_type=\"widget\" data-e-type=\"widget\" data-widget_type=\"image.default\">\n\t\t\t\t<div class=\"elementor-widget-container\">\n\t\t\t\t\t\t\t\t\t\t\t\t\t\t\t<img loading=\"lazy\" decoding=\"async\" width=\"768\" height=\"1075\" src=\"https:\/\/humanitaerehilfe.awo-rle.de\/wordpress\/wp-content\/uploads\/2022\/02\/IMG-20210326-WA0003-768x1075.jpg\" class=\"attachment-medium_large size-medium_large wp-image-680\" alt=\"\" srcset=\"https:\/\/humanitaerehilfe.awo-rle.de\/wordpress\/wp-content\/uploads\/2022\/02\/IMG-20210326-WA0003-768x1075.jpg 768w, https:\/\/humanitaerehilfe.awo-rle.de\/wordpress\/wp-content\/uploads\/2022\/02\/IMG-20210326-WA0003-214x300.jpg 214w, https:\/\/humanitaerehilfe.awo-rle.de\/wordpress\/wp-content\/uploads\/2022\/02\/IMG-20210326-WA0003-731x1024.jpg 731w, https:\/\/humanitaerehilfe.awo-rle.de\/wordpress\/wp-content\/uploads\/2022\/02\/IMG-20210326-WA0003.jpg 857w\" sizes=\"(max-width: 768px) 100vw, 768px\" \/>\t\t\t\t\t\t\t\t\t\t\t\t\t\t\t<\/div>\n\t\t\t\t<\/div>\n\t\t\t\t<div class=\"elementor-element elementor-element-e7e8273 elementor-widget elementor-widget-text-editor\" data-id=\"e7e8273\" data-element_type=\"widget\" data-e-type=\"widget\" data-widget_type=\"text-editor.default\">\n\t\t\t\t<div class=\"elementor-widget-container\">\n\t\t\t\t\t\t\t\t\t<p>18.12.2020<\/p>\t\t\t\t\t\t\t\t<\/div>\n\t\t\t\t<\/div>\n\t\t\t\t<div class=\"elementor-element elementor-element-ecad18b elementor-widget elementor-widget-image\" data-id=\"ecad18b\" data-element_type=\"widget\" data-e-type=\"widget\" data-widget_type=\"image.default\">\n\t\t\t\t<div class=\"elementor-widget-container\">\n\t\t\t\t\t\t\t\t\t\t\t\t\t\t\t<img loading=\"lazy\" decoding=\"async\" width=\"768\" height=\"576\" src=\"https:\/\/humanitaerehilfe.awo-rle.de\/wordpress\/wp-content\/uploads\/2022\/02\/Folie14-768x576.jpg\" class=\"attachment-medium_large size-medium_large wp-image-681\" alt=\"\" srcset=\"https:\/\/humanitaerehilfe.awo-rle.de\/wordpress\/wp-content\/uploads\/2022\/02\/Folie14-768x576.jpg 768w, https:\/\/humanitaerehilfe.awo-rle.de\/wordpress\/wp-content\/uploads\/2022\/02\/Folie14-300x225.jpg 300w, https:\/\/humanitaerehilfe.awo-rle.de\/wordpress\/wp-content\/uploads\/2022\/02\/Folie14.jpg 960w\" sizes=\"(max-width: 768px) 100vw, 768px\" \/>\t\t\t\t\t\t\t\t\t\t\t\t\t\t\t<\/div>\n\t\t\t\t<\/div>\n\t\t\t\t<div class=\"elementor-element elementor-element-7aebd8b elementor-widget elementor-widget-text-editor\" data-id=\"7aebd8b\" data-element_type=\"widget\" data-e-type=\"widget\" data-widget_type=\"text-editor.default\">\n\t\t\t\t<div class=\"elementor-widget-container\">\n\t\t\t\t\t\t\t\t\t<p>Versammlungsverbot,Kontakteinschr\u00e4nkungen,geschlossene\n Schulen und Kinderg\u00e4rten,geschlossene Seniorenbegegnung,Corona bestimmt\n auch das Leben in Toplet. Nico und Lilly fahren mit dem Geschenkewagen und \nverteilen die Weihnachtsp\u00e4cken an Sch\u00fcler ,Kindergartenkinder und \nSenioren.Die Holzaktion, 1 Raummeter Bremnnholz f\u00fcr besonders bed\u00fcrftige Familien, ist \nangelaufen.Leider streikte der Motor des Lieferautos.Mittlerweile wurde \nein Ersatzmotor eingebaut,so da\u00df gemeinsam mit dem F\u00f6rster die Aktion weiter durchgef\u00fchrt werden kann.<\/p>\t\t\t\t\t\t\t\t<\/div>\n\t\t\t\t<\/div>\n\t\t\t\t<div class=\"elementor-element elementor-element-f28b24f elementor-widget elementor-widget-image\" data-id=\"f28b24f\" data-element_type=\"widget\" data-e-type=\"widget\" data-widget_type=\"image.default\">\n\t\t\t\t<div class=\"elementor-widget-container\">\n\t\t\t\t\t\t\t\t\t\t\t\t\t\t\t<img loading=\"lazy\" decoding=\"async\" width=\"768\" height=\"576\" src=\"https:\/\/humanitaerehilfe.awo-rle.de\/wordpress\/wp-content\/uploads\/2022\/02\/Folie13-768x576.jpg\" class=\"attachment-medium_large size-medium_large wp-image-682\" alt=\"\" srcset=\"https:\/\/humanitaerehilfe.awo-rle.de\/wordpress\/wp-content\/uploads\/2022\/02\/Folie13-768x576.jpg 768w, https:\/\/humanitaerehilfe.awo-rle.de\/wordpress\/wp-content\/uploads\/2022\/02\/Folie13-300x225.jpg 300w, https:\/\/humanitaerehilfe.awo-rle.de\/wordpress\/wp-content\/uploads\/2022\/02\/Folie13.jpg 960w\" sizes=\"(max-width: 768px) 100vw, 768px\" \/>\t\t\t\t\t\t\t\t\t\t\t\t\t\t\t<\/div>\n\t\t\t\t<\/div>\n\t\t\t\t<div class=\"elementor-element elementor-element-b7dbe26 elementor-widget elementor-widget-text-editor\" data-id=\"b7dbe26\" data-element_type=\"widget\" data-e-type=\"widget\" data-widget_type=\"text-editor.default\">\n\t\t\t\t<div class=\"elementor-widget-container\">\n\t\t\t\t\t\t\t\t\t<p>16.12.2020<br>Erste Verteilaktion in Barza an Grundsch\u00fcler und Kindergartenkinder.<\/p>\t\t\t\t\t\t\t\t<\/div>\n\t\t\t\t<\/div>\n\t\t\t\t<div class=\"elementor-element elementor-element-bcdf2dd elementor-widget elementor-widget-image\" data-id=\"bcdf2dd\" data-element_type=\"widget\" data-e-type=\"widget\" data-widget_type=\"image.default\">\n\t\t\t\t<div class=\"elementor-widget-container\">\n\t\t\t\t\t\t\t\t\t\t\t\t\t\t\t<img loading=\"lazy\" decoding=\"async\" width=\"768\" height=\"576\" src=\"https:\/\/humanitaerehilfe.awo-rle.de\/wordpress\/wp-content\/uploads\/2022\/02\/Folie12-768x576.jpg\" class=\"attachment-medium_large size-medium_large wp-image-683\" alt=\"\" srcset=\"https:\/\/humanitaerehilfe.awo-rle.de\/wordpress\/wp-content\/uploads\/2022\/02\/Folie12-768x576.jpg 768w, https:\/\/humanitaerehilfe.awo-rle.de\/wordpress\/wp-content\/uploads\/2022\/02\/Folie12-300x225.jpg 300w, https:\/\/humanitaerehilfe.awo-rle.de\/wordpress\/wp-content\/uploads\/2022\/02\/Folie12.jpg 960w\" sizes=\"(max-width: 768px) 100vw, 768px\" \/>\t\t\t\t\t\t\t\t\t\t\t\t\t\t\t<\/div>\n\t\t\t\t<\/div>\n\t\t\t\t<div class=\"elementor-element elementor-element-84d87db elementor-widget elementor-widget-text-editor\" data-id=\"84d87db\" data-element_type=\"widget\" data-e-type=\"widget\" data-widget_type=\"text-editor.default\">\n\t\t\t\t<div class=\"elementor-widget-container\">\n\t\t\t\t\t\t\t\t\t<p>30.11.2020<br>Der LKW ist in Toplet angekommen und wird vor dem Kulturhaus ausgeladen. Die Weihnachtsp\u00e4ckchen werden nach Alter sortiert und gelagert. Da Schulen und Kinderg\u00e4rten wegen Corona geschlossen sind wird nach Absprache mit dem Schulleiter verabredet,da\u00df die Sch\u00fcler an verschiedenen Tagen Gruppenweise zur Abholung eingeladen werden.Das sonstige Ladegut siehe Ladeliste wird im &#8222;Sozialkaufhaus&#8220;gelagert.<\/p>\n\n<p>27.11.2020<br><a href=\"https:\/\/rumaenienhilfe.awo-rle.de\/assets\/files\/2020_11_27_Transport-Rumn%C3%A4nien.pdf\">Verladung des Sammelgutes und der \u00fcber 300 Weihnachtsp\u00e4ckchen<\/a><a href=\"https:\/\/rumaenienhilfe.awo-rle.de\/assets\/files\/2020_11_27_Transport-Rumn%C3%A4nien.pdf\">.Hier die Ladeliste.<\/a><\/p>\t\t\t\t\t\t\t\t<\/div>\n\t\t\t\t<\/div>\n\t\t\t\t<div class=\"elementor-element elementor-element-59c9142 elementor-widget elementor-widget-image\" data-id=\"59c9142\" data-element_type=\"widget\" data-e-type=\"widget\" data-widget_type=\"image.default\">\n\t\t\t\t<div class=\"elementor-widget-container\">\n\t\t\t\t\t\t\t\t\t\t\t\t\t\t\t<img loading=\"lazy\" decoding=\"async\" width=\"768\" height=\"576\" src=\"https:\/\/humanitaerehilfe.awo-rle.de\/wordpress\/wp-content\/uploads\/2022\/02\/Folie11-768x576.jpg\" class=\"attachment-medium_large size-medium_large wp-image-684\" alt=\"\" srcset=\"https:\/\/humanitaerehilfe.awo-rle.de\/wordpress\/wp-content\/uploads\/2022\/02\/Folie11-768x576.jpg 768w, https:\/\/humanitaerehilfe.awo-rle.de\/wordpress\/wp-content\/uploads\/2022\/02\/Folie11-300x225.jpg 300w, https:\/\/humanitaerehilfe.awo-rle.de\/wordpress\/wp-content\/uploads\/2022\/02\/Folie11.jpg 960w\" sizes=\"(max-width: 768px) 100vw, 768px\" \/>\t\t\t\t\t\t\t\t\t\t\t\t\t\t\t<\/div>\n\t\t\t\t<\/div>\n\t\t\t\t<div class=\"elementor-element elementor-element-44ee281 elementor-widget elementor-widget-text-editor\" data-id=\"44ee281\" data-element_type=\"widget\" data-e-type=\"widget\" data-widget_type=\"text-editor.default\">\n\t\t\t\t<div class=\"elementor-widget-container\">\n\t\t\t\t\t\t\t\t\t<p><span style=\"font-size: 100%;\">Gute Reise nach Rum\u00e4nien und herzlichen Dank den Ladehelfern&nbsp;&nbsp;<\/span><span style=\"font-size: 100%;\">des Arbeitskreises&nbsp;<\/span><span style=\"font-size: 100%;\">und den Mitarbeitern der DASDIES&nbsp;gGmbH.<\/span><\/p>\n\n<p><span style=\"font-size: 100%;\">19.11.2020&nbsp;<\/span><\/p>\n<p><span style=\"font-size: 100%;\">&nbsp;Der K\u00fcnstler Reinhard Krebs spendet&nbsp; B\u00fccher&nbsp;<\/span><span style=\"font-size: 100%;\">und Kalender mit&nbsp; seinen&nbsp;Texten&nbsp;<\/span><span style=\"font-size: 100%;\">und&nbsp; Bildern&nbsp;zugunsten der Spender&nbsp;<\/span><span style=\"font-size: 100%;\">der humanit\u00e4ren Hilfe als Dankesch\u00f6n. Super!<\/span><\/p>\t\t\t\t\t\t\t\t<\/div>\n\t\t\t\t<\/div>\n\t\t\t\t<div class=\"elementor-element elementor-element-415308f elementor-widget elementor-widget-image\" data-id=\"415308f\" data-element_type=\"widget\" data-e-type=\"widget\" data-widget_type=\"image.default\">\n\t\t\t\t<div class=\"elementor-widget-container\">\n\t\t\t\t\t\t\t\t\t\t\t\t\t\t\t<img loading=\"lazy\" decoding=\"async\" width=\"768\" height=\"569\" src=\"https:\/\/humanitaerehilfe.awo-rle.de\/wordpress\/wp-content\/uploads\/2022\/02\/Herbstgold1-21-768x569.jpg\" class=\"attachment-medium_large size-medium_large wp-image-685\" alt=\"\" srcset=\"https:\/\/humanitaerehilfe.awo-rle.de\/wordpress\/wp-content\/uploads\/2022\/02\/Herbstgold1-21-768x569.jpg 768w, https:\/\/humanitaerehilfe.awo-rle.de\/wordpress\/wp-content\/uploads\/2022\/02\/Herbstgold1-21-300x222.jpg 300w, https:\/\/humanitaerehilfe.awo-rle.de\/wordpress\/wp-content\/uploads\/2022\/02\/Herbstgold1-21-1024x758.jpg 1024w, https:\/\/humanitaerehilfe.awo-rle.de\/wordpress\/wp-content\/uploads\/2022\/02\/Herbstgold1-21-1536x1138.jpg 1536w, https:\/\/humanitaerehilfe.awo-rle.de\/wordpress\/wp-content\/uploads\/2022\/02\/Herbstgold1-21.jpg 1600w\" sizes=\"(max-width: 768px) 100vw, 768px\" \/>\t\t\t\t\t\t\t\t\t\t\t\t\t\t\t<\/div>\n\t\t\t\t<\/div>\n\t\t\t\t<div class=\"elementor-element elementor-element-65f638d elementor-widget elementor-widget-text-editor\" data-id=\"65f638d\" data-element_type=\"widget\" data-e-type=\"widget\" data-widget_type=\"text-editor.default\">\n\t\t\t\t<div class=\"elementor-widget-container\">\n\t\t\t\t\t\t\t\t\t<p>25.10.2020<\/p>\n<p>Aufgrund der Coronasituation endet die Weihnachtsp\u00e4ckchensammelaktion am 25.11.2020.Leider k\u00f6nnen wir die P\u00e4ckchen nicht selbst nach Toplet&nbsp;&nbsp;bringen bzw. k\u00f6nnen unsere rum\u00e4nischen Freunde&nbsp;die P\u00e4ckchen nicht abholen,wie geplant.Wir werden nun unser Sammelgut(K\u00fcche aus dem Haus am M\u00fchlbach,elektrisches Pflegebett,Rollatoren und Rollst\u00fchle,300Kartons,KLeidung,Schr\u00e4nke,Fahrr\u00e4der,&nbsp;Betten,div. M\u00f6bel ,Haushaltsgegenst\u00e4nde,etc. aus unserem Lager&nbsp;&nbsp;mit den P\u00e4ckchen&nbsp;mit einer rum\u00e4nischen&nbsp;Spedition,die auf der R\u00fcckfahrt,eine Leerfahrt hat, versenden. Der Sammelcountdown l\u00e4uft.<br><\/p>\n\n<p><span style=\"font-size: 100%;\">Wir bedanken uns gemeinsam mit den Kindern,Sch\u00fclern.Hochbetagten aus Toplet f\u00fcr die Solidarit\u00e4t in schweren Pandemiezeiten in Europa.Auch in Rum\u00e4nien gibt es massive Einschr\u00e4nkungen im t\u00e4glichen Leben wie bei uns.<\/span><\/p>\t\t\t\t\t\t\t\t<\/div>\n\t\t\t\t<\/div>\n\t\t\t\t<section class=\"elementor-section elementor-inner-section elementor-element elementor-element-7a527a9 elementor-section-boxed elementor-section-height-default elementor-section-height-default\" data-id=\"7a527a9\" data-element_type=\"section\" data-e-type=\"section\">\n\t\t\t\t\t\t<div class=\"elementor-container elementor-column-gap-default\">\n\t\t\t\t\t<div class=\"elementor-column elementor-col-50 elementor-inner-column elementor-element elementor-element-c87bbea\" data-id=\"c87bbea\" data-element_type=\"column\" data-e-type=\"column\">\n\t\t\t<div class=\"elementor-widget-wrap elementor-element-populated\">\n\t\t\t\t\t\t<div class=\"elementor-element elementor-element-170471b elementor-widget elementor-widget-image\" data-id=\"170471b\" data-element_type=\"widget\" data-e-type=\"widget\" data-widget_type=\"image.default\">\n\t\t\t\t<div class=\"elementor-widget-container\">\n\t\t\t\t\t\t\t\t\t\t\t\t\t\t\t<img loading=\"lazy\" decoding=\"async\" width=\"720\" height=\"960\" src=\"https:\/\/humanitaerehilfe.awo-rle.de\/wordpress\/wp-content\/uploads\/2022\/02\/15285047_1257867354283939_4651493699966120248_n.jpg\" class=\"attachment-large size-large wp-image-686\" alt=\"\" srcset=\"https:\/\/humanitaerehilfe.awo-rle.de\/wordpress\/wp-content\/uploads\/2022\/02\/15285047_1257867354283939_4651493699966120248_n.jpg 720w, https:\/\/humanitaerehilfe.awo-rle.de\/wordpress\/wp-content\/uploads\/2022\/02\/15285047_1257867354283939_4651493699966120248_n-225x300.jpg 225w\" sizes=\"(max-width: 720px) 100vw, 720px\" \/>\t\t\t\t\t\t\t\t\t\t\t\t\t\t\t<\/div>\n\t\t\t\t<\/div>\n\t\t\t\t\t<\/div>\n\t\t<\/div>\n\t\t\t\t<div class=\"elementor-column elementor-col-50 elementor-inner-column elementor-element elementor-element-f02c185\" data-id=\"f02c185\" data-element_type=\"column\" data-e-type=\"column\">\n\t\t\t<div class=\"elementor-widget-wrap elementor-element-populated\">\n\t\t\t\t\t\t<div class=\"elementor-element elementor-element-8f705cd elementor-widget elementor-widget-image\" data-id=\"8f705cd\" data-element_type=\"widget\" data-e-type=\"widget\" data-widget_type=\"image.default\">\n\t\t\t\t<div class=\"elementor-widget-container\">\n\t\t\t\t\t\t\t\t\t\t\t\t\t\t\t<img loading=\"lazy\" decoding=\"async\" width=\"1024\" height=\"768\" src=\"https:\/\/humanitaerehilfe.awo-rle.de\/wordpress\/wp-content\/uploads\/2022\/02\/IMG_20191203_160832-1024x768.jpg\" class=\"attachment-large size-large wp-image-687\" alt=\"\" srcset=\"https:\/\/humanitaerehilfe.awo-rle.de\/wordpress\/wp-content\/uploads\/2022\/02\/IMG_20191203_160832-1024x768.jpg 1024w, https:\/\/humanitaerehilfe.awo-rle.de\/wordpress\/wp-content\/uploads\/2022\/02\/IMG_20191203_160832-300x225.jpg 300w, https:\/\/humanitaerehilfe.awo-rle.de\/wordpress\/wp-content\/uploads\/2022\/02\/IMG_20191203_160832-768x576.jpg 768w, https:\/\/humanitaerehilfe.awo-rle.de\/wordpress\/wp-content\/uploads\/2022\/02\/IMG_20191203_160832-1536x1152.jpg 1536w, https:\/\/humanitaerehilfe.awo-rle.de\/wordpress\/wp-content\/uploads\/2022\/02\/IMG_20191203_160832.jpg 1600w\" sizes=\"(max-width: 1024px) 100vw, 1024px\" \/>\t\t\t\t\t\t\t\t\t\t\t\t\t\t\t<\/div>\n\t\t\t\t<\/div>\n\t\t\t\t\t<\/div>\n\t\t<\/div>\n\t\t\t\t\t<\/div>\n\t\t<\/section>\n\t\t\t\t<div class=\"elementor-element elementor-element-4cbd65c elementor-widget elementor-widget-text-editor\" data-id=\"4cbd65c\" data-element_type=\"widget\" data-e-type=\"widget\" data-widget_type=\"text-editor.default\">\n\t\t\t\t<div class=\"elementor-widget-container\">\n\t\t\t\t\t\t\t\t\t<p><span style=\"font-size: 100%;\">Herzlichen Dank den Eltern,Kindern,Erziehern,<\/span><span style=\"font-size: 100%;\">Sch\u00fclern und P\u00e4dagogen und den vielen Einzelspendern&nbsp;<\/span><span style=\"font-size: 100%;\">aus den St\u00e4dten des Kreises Unna und der&nbsp;<\/span><span style=\"font-size: 100%;\">Stadt Hamm.<\/span><\/p>\t\t\t\t\t\t\t\t<\/div>\n\t\t\t\t<\/div>\n\t\t\t\t<section class=\"elementor-section elementor-inner-section elementor-element elementor-element-b0cc369 elementor-section-boxed elementor-section-height-default elementor-section-height-default\" data-id=\"b0cc369\" data-element_type=\"section\" data-e-type=\"section\">\n\t\t\t\t\t\t<div class=\"elementor-container elementor-column-gap-default\">\n\t\t\t\t\t<div class=\"elementor-column elementor-col-50 elementor-inner-column elementor-element elementor-element-819ecbd\" data-id=\"819ecbd\" data-element_type=\"column\" data-e-type=\"column\">\n\t\t\t<div class=\"elementor-widget-wrap elementor-element-populated\">\n\t\t\t\t\t\t<div class=\"elementor-element elementor-element-09c5575 elementor-widget elementor-widget-image\" data-id=\"09c5575\" data-element_type=\"widget\" data-e-type=\"widget\" data-widget_type=\"image.default\">\n\t\t\t\t<div class=\"elementor-widget-container\">\n\t\t\t\t\t\t\t\t\t\t\t\t\t\t\t<img loading=\"lazy\" decoding=\"async\" width=\"1024\" height=\"576\" src=\"https:\/\/humanitaerehilfe.awo-rle.de\/wordpress\/wp-content\/uploads\/2022\/02\/hirschbergwp-1024x576.jpg\" class=\"attachment-large size-large wp-image-688\" alt=\"\" srcset=\"https:\/\/humanitaerehilfe.awo-rle.de\/wordpress\/wp-content\/uploads\/2022\/02\/hirschbergwp-1024x576.jpg 1024w, https:\/\/humanitaerehilfe.awo-rle.de\/wordpress\/wp-content\/uploads\/2022\/02\/hirschbergwp-300x169.jpg 300w, https:\/\/humanitaerehilfe.awo-rle.de\/wordpress\/wp-content\/uploads\/2022\/02\/hirschbergwp-768x432.jpg 768w, https:\/\/humanitaerehilfe.awo-rle.de\/wordpress\/wp-content\/uploads\/2022\/02\/hirschbergwp-1536x864.jpg 1536w, https:\/\/humanitaerehilfe.awo-rle.de\/wordpress\/wp-content\/uploads\/2022\/02\/hirschbergwp.jpg 1600w\" sizes=\"(max-width: 1024px) 100vw, 1024px\" \/>\t\t\t\t\t\t\t\t\t\t\t\t\t\t\t<\/div>\n\t\t\t\t<\/div>\n\t\t\t\t\t<\/div>\n\t\t<\/div>\n\t\t\t\t<div class=\"elementor-column elementor-col-50 elementor-inner-column elementor-element elementor-element-844fb79\" data-id=\"844fb79\" data-element_type=\"column\" data-e-type=\"column\">\n\t\t\t<div class=\"elementor-widget-wrap elementor-element-populated\">\n\t\t\t\t\t\t<div class=\"elementor-element elementor-element-acf2c2f elementor-widget elementor-widget-image\" data-id=\"acf2c2f\" data-element_type=\"widget\" data-e-type=\"widget\" data-widget_type=\"image.default\">\n\t\t\t\t<div class=\"elementor-widget-container\">\n\t\t\t\t\t\t\t\t\t\t\t\t\t\t\t<img loading=\"lazy\" decoding=\"async\" width=\"684\" height=\"1024\" src=\"https:\/\/humanitaerehilfe.awo-rle.de\/wordpress\/wp-content\/uploads\/2022\/02\/funkelstein1-684x1024.jpg\" class=\"attachment-large size-large wp-image-691\" alt=\"\" srcset=\"https:\/\/humanitaerehilfe.awo-rle.de\/wordpress\/wp-content\/uploads\/2022\/02\/funkelstein1-684x1024.jpg 684w, https:\/\/humanitaerehilfe.awo-rle.de\/wordpress\/wp-content\/uploads\/2022\/02\/funkelstein1-200x300.jpg 200w, https:\/\/humanitaerehilfe.awo-rle.de\/wordpress\/wp-content\/uploads\/2022\/02\/funkelstein1-768x1151.jpg 768w, https:\/\/humanitaerehilfe.awo-rle.de\/wordpress\/wp-content\/uploads\/2022\/02\/funkelstein1.jpg 801w\" sizes=\"(max-width: 684px) 100vw, 684px\" \/>\t\t\t\t\t\t\t\t\t\t\t\t\t\t\t<\/div>\n\t\t\t\t<\/div>\n\t\t\t\t\t<\/div>\n\t\t<\/div>\n\t\t\t\t\t<\/div>\n\t\t<\/section>\n\t\t\t\t<section class=\"elementor-section elementor-inner-section elementor-element elementor-element-d963f7c elementor-section-boxed elementor-section-height-default elementor-section-height-default\" data-id=\"d963f7c\" data-element_type=\"section\" data-e-type=\"section\">\n\t\t\t\t\t\t<div class=\"elementor-container elementor-column-gap-default\">\n\t\t\t\t\t<div class=\"elementor-column elementor-col-50 elementor-inner-column elementor-element elementor-element-57b34c4\" data-id=\"57b34c4\" data-element_type=\"column\" data-e-type=\"column\">\n\t\t\t<div class=\"elementor-widget-wrap elementor-element-populated\">\n\t\t\t\t\t\t<div class=\"elementor-element elementor-element-fa23b46 elementor-widget elementor-widget-image\" data-id=\"fa23b46\" data-element_type=\"widget\" data-e-type=\"widget\" data-widget_type=\"image.default\">\n\t\t\t\t<div class=\"elementor-widget-container\">\n\t\t\t\t\t\t\t\t\t\t\t\t\t\t\t<img loading=\"lazy\" decoding=\"async\" width=\"1024\" height=\"768\" src=\"https:\/\/humanitaerehilfe.awo-rle.de\/wordpress\/wp-content\/uploads\/2022\/02\/jahnschulewp-1024x768.jpg\" class=\"attachment-large size-large wp-image-690\" alt=\"\" srcset=\"https:\/\/humanitaerehilfe.awo-rle.de\/wordpress\/wp-content\/uploads\/2022\/02\/jahnschulewp-1024x768.jpg 1024w, https:\/\/humanitaerehilfe.awo-rle.de\/wordpress\/wp-content\/uploads\/2022\/02\/jahnschulewp-300x225.jpg 300w, https:\/\/humanitaerehilfe.awo-rle.de\/wordpress\/wp-content\/uploads\/2022\/02\/jahnschulewp-768x576.jpg 768w, https:\/\/humanitaerehilfe.awo-rle.de\/wordpress\/wp-content\/uploads\/2022\/02\/jahnschulewp-1536x1152.jpg 1536w, https:\/\/humanitaerehilfe.awo-rle.de\/wordpress\/wp-content\/uploads\/2022\/02\/jahnschulewp.jpg 1600w\" sizes=\"(max-width: 1024px) 100vw, 1024px\" \/>\t\t\t\t\t\t\t\t\t\t\t\t\t\t\t<\/div>\n\t\t\t\t<\/div>\n\t\t\t\t\t<\/div>\n\t\t<\/div>\n\t\t\t\t<div class=\"elementor-column elementor-col-50 elementor-inner-column elementor-element elementor-element-864825c\" data-id=\"864825c\" data-element_type=\"column\" data-e-type=\"column\">\n\t\t\t<div class=\"elementor-widget-wrap\">\n\t\t\t\t\t\t\t<\/div>\n\t\t<\/div>\n\t\t\t\t\t<\/div>\n\t\t<\/section>\n\t\t\t\t<div class=\"elementor-element elementor-element-d85e1fc elementor-widget elementor-widget-text-editor\" data-id=\"d85e1fc\" data-element_type=\"widget\" data-e-type=\"widget\" data-widget_type=\"text-editor.default\">\n\t\t\t\t<div class=\"elementor-widget-container\">\n\t\t\t\t\t\t\t\t\t<p>&nbsp;Kita Hirschberg&nbsp; ,Kita Rasselbande,Kita<br>\nLummerland,OGS Jahnschule,OGS B\u00f6nen,OV Horstmar,OV S\u00fcdkamen,OV<br>\nHeeren,Kita Funkelstein ,Tagespflege Unna, Kita Haus der kleinen Racker,Kita Villa Lach und<br>\nKrach,Kita Kunterbunt,Kita Sonnenblume ,Kita Springm\u00e4use&nbsp; ,OGS<br>\nMaximilian-Schule&nbsp; &nbsp; &nbsp; &nbsp; &nbsp; &nbsp; &nbsp; &nbsp; &nbsp; &nbsp; &nbsp; &nbsp; &nbsp; &nbsp; &nbsp; &nbsp; &nbsp; &nbsp; &nbsp; &nbsp; &nbsp; &nbsp; &nbsp; &nbsp; &nbsp; &nbsp; &nbsp; &nbsp;<br>\n &nbsp; &nbsp; &nbsp; &nbsp; &nbsp; &nbsp; &nbsp; &nbsp; &nbsp; &nbsp; &nbsp; &nbsp; &nbsp; &nbsp; &nbsp; &nbsp; &nbsp; &nbsp; &nbsp; &nbsp; &nbsp; &nbsp; &nbsp; &nbsp; &nbsp; &nbsp; &nbsp; &nbsp; &nbsp; &nbsp; &nbsp; &nbsp; &nbsp; &nbsp; &nbsp; &nbsp;<br>\n &nbsp; &nbsp; &nbsp; &nbsp; &nbsp; &nbsp; &nbsp; &nbsp; &nbsp;&nbsp; &nbsp; &nbsp; &nbsp; &nbsp; &nbsp; &nbsp; &nbsp; &nbsp; &nbsp; &nbsp; &nbsp; &nbsp; &nbsp; &nbsp; &nbsp; &nbsp; &nbsp; &nbsp; &nbsp; &nbsp; &nbsp; &nbsp; &nbsp; &nbsp; &nbsp; &nbsp; &nbsp;<br>\n &nbsp; &nbsp; &nbsp; &nbsp; &nbsp; &nbsp; &nbsp; &nbsp; &nbsp; &nbsp; &nbsp; &nbsp; &nbsp; &nbsp; &nbsp; &nbsp; &nbsp;&nbsp;&nbsp; &nbsp; &nbsp; &nbsp; &nbsp; &nbsp; &nbsp; &nbsp; &nbsp; &nbsp; &nbsp; &nbsp; &nbsp; &nbsp; &nbsp; &nbsp; &nbsp; &nbsp; &nbsp;<br>\n 02.10.2020 &nbsp; &nbsp; &nbsp; &nbsp; &nbsp; &nbsp;&nbsp; <br><\/p>\n\n<p><span style=\"font-size: 100%;\"><a href=\"https:\/\/rumaenienhilfe.awo-rle.de\/assets\/files\/2020_10_02_2-Informationen-Weihnachtspakete-2020.pdf\">Die Weihnachtsp\u00e4ckchenaktion 2020 ist er\u00f6ffnet.Hier die Packliste.<\/a> Die ersten Pakete wurde heute am 28.10.2020 von der Kindertageseinrichtung Funkelstein&nbsp;<\/span><span style=\"font-size: 100%;\">abgeholt.Wir danken herzlich,der Leiterin Frau Katzsch,ihrem Team,ihren Eltern und Kindern. D<a href=\"https:\/\/rumaenienhilfe.awo-rle.de\/assets\/files\/2020_10_02_1-Anschreiben-Weihnachtspakete-2020.pdf\">en Aufruf des Kreisverbandes lesen Sie hie<\/a>r.<\/span><\/p>\t\t\t\t\t\t\t\t<\/div>\n\t\t\t\t<\/div>\n\t\t\t\t<section class=\"elementor-section elementor-inner-section elementor-element elementor-element-8691d5a elementor-section-boxed elementor-section-height-default elementor-section-height-default\" data-id=\"8691d5a\" data-element_type=\"section\" data-e-type=\"section\">\n\t\t\t\t\t\t<div class=\"elementor-container elementor-column-gap-default\">\n\t\t\t\t\t<div class=\"elementor-column elementor-col-50 elementor-inner-column elementor-element elementor-element-660a295\" data-id=\"660a295\" data-element_type=\"column\" data-e-type=\"column\">\n\t\t\t<div class=\"elementor-widget-wrap elementor-element-populated\">\n\t\t\t\t\t\t<div class=\"elementor-element elementor-element-654b76a elementor-widget elementor-widget-image\" data-id=\"654b76a\" data-element_type=\"widget\" data-e-type=\"widget\" data-widget_type=\"image.default\">\n\t\t\t\t<div class=\"elementor-widget-container\">\n\t\t\t\t\t\t\t\t\t\t\t\t\t\t\t<img loading=\"lazy\" decoding=\"async\" width=\"1024\" height=\"576\" src=\"https:\/\/humanitaerehilfe.awo-rle.de\/wordpress\/wp-content\/uploads\/2022\/02\/IMG-20201126-WA00191-1024x576.jpg\" class=\"attachment-large size-large wp-image-696\" alt=\"\" srcset=\"https:\/\/humanitaerehilfe.awo-rle.de\/wordpress\/wp-content\/uploads\/2022\/02\/IMG-20201126-WA00191-1024x576.jpg 1024w, https:\/\/humanitaerehilfe.awo-rle.de\/wordpress\/wp-content\/uploads\/2022\/02\/IMG-20201126-WA00191-300x169.jpg 300w, https:\/\/humanitaerehilfe.awo-rle.de\/wordpress\/wp-content\/uploads\/2022\/02\/IMG-20201126-WA00191-768x432.jpg 768w, https:\/\/humanitaerehilfe.awo-rle.de\/wordpress\/wp-content\/uploads\/2022\/02\/IMG-20201126-WA00191-1536x864.jpg 1536w, https:\/\/humanitaerehilfe.awo-rle.de\/wordpress\/wp-content\/uploads\/2022\/02\/IMG-20201126-WA00191.jpg 1600w\" sizes=\"(max-width: 1024px) 100vw, 1024px\" \/>\t\t\t\t\t\t\t\t\t\t\t\t\t\t\t<\/div>\n\t\t\t\t<\/div>\n\t\t\t\t\t<\/div>\n\t\t<\/div>\n\t\t\t\t<div class=\"elementor-column elementor-col-50 elementor-inner-column elementor-element elementor-element-fa94197\" data-id=\"fa94197\" data-element_type=\"column\" data-e-type=\"column\">\n\t\t\t<div class=\"elementor-widget-wrap elementor-element-populated\">\n\t\t\t\t\t\t<div class=\"elementor-element elementor-element-603ecc5 elementor-widget elementor-widget-image\" data-id=\"603ecc5\" data-element_type=\"widget\" data-e-type=\"widget\" data-widget_type=\"image.default\">\n\t\t\t\t<div class=\"elementor-widget-container\">\n\t\t\t\t\t\t\t\t\t\t\t\t\t\t\t<img loading=\"lazy\" decoding=\"async\" width=\"1024\" height=\"576\" src=\"https:\/\/humanitaerehilfe.awo-rle.de\/wordpress\/wp-content\/uploads\/2022\/02\/IMG-20201126-WA0018-1024x576.jpg\" class=\"attachment-large size-large wp-image-695\" alt=\"\" srcset=\"https:\/\/humanitaerehilfe.awo-rle.de\/wordpress\/wp-content\/uploads\/2022\/02\/IMG-20201126-WA0018-1024x576.jpg 1024w, https:\/\/humanitaerehilfe.awo-rle.de\/wordpress\/wp-content\/uploads\/2022\/02\/IMG-20201126-WA0018-300x169.jpg 300w, https:\/\/humanitaerehilfe.awo-rle.de\/wordpress\/wp-content\/uploads\/2022\/02\/IMG-20201126-WA0018-768x432.jpg 768w, https:\/\/humanitaerehilfe.awo-rle.de\/wordpress\/wp-content\/uploads\/2022\/02\/IMG-20201126-WA0018-1536x864.jpg 1536w, https:\/\/humanitaerehilfe.awo-rle.de\/wordpress\/wp-content\/uploads\/2022\/02\/IMG-20201126-WA0018.jpg 1600w\" sizes=\"(max-width: 1024px) 100vw, 1024px\" \/>\t\t\t\t\t\t\t\t\t\t\t\t\t\t\t<\/div>\n\t\t\t\t<\/div>\n\t\t\t\t\t<\/div>\n\t\t<\/div>\n\t\t\t\t\t<\/div>\n\t\t<\/section>\n\t\t\t\t<section class=\"elementor-section elementor-inner-section elementor-element elementor-element-a457062 elementor-section-boxed elementor-section-height-default elementor-section-height-default\" data-id=\"a457062\" data-element_type=\"section\" data-e-type=\"section\">\n\t\t\t\t\t\t<div class=\"elementor-container elementor-column-gap-default\">\n\t\t\t\t\t<div class=\"elementor-column elementor-col-50 elementor-inner-column elementor-element elementor-element-b3bd11c\" data-id=\"b3bd11c\" data-element_type=\"column\" data-e-type=\"column\">\n\t\t\t<div class=\"elementor-widget-wrap elementor-element-populated\">\n\t\t\t\t\t\t<div class=\"elementor-element elementor-element-3a391fd elementor-widget elementor-widget-image\" data-id=\"3a391fd\" data-element_type=\"widget\" data-e-type=\"widget\" data-widget_type=\"image.default\">\n\t\t\t\t<div class=\"elementor-widget-container\">\n\t\t\t\t\t\t\t\t\t\t\t\t\t\t\t<img loading=\"lazy\" decoding=\"async\" width=\"1024\" height=\"576\" src=\"https:\/\/humanitaerehilfe.awo-rle.de\/wordpress\/wp-content\/uploads\/2022\/02\/IMG-20201126-WA0020-1024x576.jpg\" class=\"attachment-large size-large wp-image-697\" alt=\"\" srcset=\"https:\/\/humanitaerehilfe.awo-rle.de\/wordpress\/wp-content\/uploads\/2022\/02\/IMG-20201126-WA0020-1024x576.jpg 1024w, https:\/\/humanitaerehilfe.awo-rle.de\/wordpress\/wp-content\/uploads\/2022\/02\/IMG-20201126-WA0020-300x169.jpg 300w, https:\/\/humanitaerehilfe.awo-rle.de\/wordpress\/wp-content\/uploads\/2022\/02\/IMG-20201126-WA0020-768x432.jpg 768w, https:\/\/humanitaerehilfe.awo-rle.de\/wordpress\/wp-content\/uploads\/2022\/02\/IMG-20201126-WA0020-1536x864.jpg 1536w, https:\/\/humanitaerehilfe.awo-rle.de\/wordpress\/wp-content\/uploads\/2022\/02\/IMG-20201126-WA0020.jpg 1600w\" sizes=\"(max-width: 1024px) 100vw, 1024px\" \/>\t\t\t\t\t\t\t\t\t\t\t\t\t\t\t<\/div>\n\t\t\t\t<\/div>\n\t\t\t\t\t<\/div>\n\t\t<\/div>\n\t\t\t\t<div class=\"elementor-column elementor-col-50 elementor-inner-column elementor-element elementor-element-1430242\" data-id=\"1430242\" data-element_type=\"column\" data-e-type=\"column\">\n\t\t\t<div class=\"elementor-widget-wrap elementor-element-populated\">\n\t\t\t\t\t\t<div class=\"elementor-element elementor-element-bd2e392 elementor-widget elementor-widget-image\" data-id=\"bd2e392\" data-element_type=\"widget\" data-e-type=\"widget\" data-widget_type=\"image.default\">\n\t\t\t\t<div class=\"elementor-widget-container\">\n\t\t\t\t\t\t\t\t\t\t\t\t\t\t\t<img loading=\"lazy\" decoding=\"async\" width=\"1024\" height=\"576\" src=\"https:\/\/humanitaerehilfe.awo-rle.de\/wordpress\/wp-content\/uploads\/2022\/02\/IMG-20201126-WA0021-1024x576.jpg\" class=\"attachment-large size-large wp-image-698\" alt=\"\" srcset=\"https:\/\/humanitaerehilfe.awo-rle.de\/wordpress\/wp-content\/uploads\/2022\/02\/IMG-20201126-WA0021-1024x576.jpg 1024w, https:\/\/humanitaerehilfe.awo-rle.de\/wordpress\/wp-content\/uploads\/2022\/02\/IMG-20201126-WA0021-300x169.jpg 300w, https:\/\/humanitaerehilfe.awo-rle.de\/wordpress\/wp-content\/uploads\/2022\/02\/IMG-20201126-WA0021-768x432.jpg 768w, https:\/\/humanitaerehilfe.awo-rle.de\/wordpress\/wp-content\/uploads\/2022\/02\/IMG-20201126-WA0021-1536x864.jpg 1536w, https:\/\/humanitaerehilfe.awo-rle.de\/wordpress\/wp-content\/uploads\/2022\/02\/IMG-20201126-WA0021.jpg 1600w\" sizes=\"(max-width: 1024px) 100vw, 1024px\" \/>\t\t\t\t\t\t\t\t\t\t\t\t\t\t\t<\/div>\n\t\t\t\t<\/div>\n\t\t\t\t\t<\/div>\n\t\t<\/div>\n\t\t\t\t\t<\/div>\n\t\t<\/section>\n\t\t\t\t<section class=\"elementor-section elementor-inner-section elementor-element elementor-element-a4a4ec3 elementor-section-boxed elementor-section-height-default elementor-section-height-default\" data-id=\"a4a4ec3\" data-element_type=\"section\" data-e-type=\"section\">\n\t\t\t\t\t\t<div class=\"elementor-container elementor-column-gap-default\">\n\t\t\t\t\t<div class=\"elementor-column elementor-col-50 elementor-inner-column elementor-element elementor-element-8a077f9\" data-id=\"8a077f9\" data-element_type=\"column\" data-e-type=\"column\">\n\t\t\t<div class=\"elementor-widget-wrap elementor-element-populated\">\n\t\t\t\t\t\t<div class=\"elementor-element elementor-element-348f21f elementor-widget elementor-widget-image\" data-id=\"348f21f\" data-element_type=\"widget\" data-e-type=\"widget\" data-widget_type=\"image.default\">\n\t\t\t\t<div class=\"elementor-widget-container\">\n\t\t\t\t\t\t\t\t\t\t\t\t\t\t\t<img loading=\"lazy\" decoding=\"async\" width=\"1024\" height=\"576\" src=\"https:\/\/humanitaerehilfe.awo-rle.de\/wordpress\/wp-content\/uploads\/2022\/02\/IMG-20201126-WA00161-1024x576.jpg\" class=\"attachment-large size-large wp-image-694\" alt=\"\" srcset=\"https:\/\/humanitaerehilfe.awo-rle.de\/wordpress\/wp-content\/uploads\/2022\/02\/IMG-20201126-WA00161-1024x576.jpg 1024w, https:\/\/humanitaerehilfe.awo-rle.de\/wordpress\/wp-content\/uploads\/2022\/02\/IMG-20201126-WA00161-300x169.jpg 300w, https:\/\/humanitaerehilfe.awo-rle.de\/wordpress\/wp-content\/uploads\/2022\/02\/IMG-20201126-WA00161-768x432.jpg 768w, https:\/\/humanitaerehilfe.awo-rle.de\/wordpress\/wp-content\/uploads\/2022\/02\/IMG-20201126-WA00161-1536x864.jpg 1536w, https:\/\/humanitaerehilfe.awo-rle.de\/wordpress\/wp-content\/uploads\/2022\/02\/IMG-20201126-WA00161.jpg 1600w\" sizes=\"(max-width: 1024px) 100vw, 1024px\" \/>\t\t\t\t\t\t\t\t\t\t\t\t\t\t\t<\/div>\n\t\t\t\t<\/div>\n\t\t\t\t\t<\/div>\n\t\t<\/div>\n\t\t\t\t<div class=\"elementor-column elementor-col-50 elementor-inner-column elementor-element elementor-element-b753b94\" data-id=\"b753b94\" data-element_type=\"column\" data-e-type=\"column\">\n\t\t\t<div class=\"elementor-widget-wrap elementor-element-populated\">\n\t\t\t\t\t\t<div class=\"elementor-element elementor-element-6af4ded elementor-widget elementor-widget-image\" data-id=\"6af4ded\" data-element_type=\"widget\" data-e-type=\"widget\" data-widget_type=\"image.default\">\n\t\t\t\t<div class=\"elementor-widget-container\">\n\t\t\t\t\t\t\t\t\t\t\t\t\t\t\t<img loading=\"lazy\" decoding=\"async\" width=\"1024\" height=\"576\" src=\"https:\/\/humanitaerehilfe.awo-rle.de\/wordpress\/wp-content\/uploads\/2022\/02\/IMG-20201126-WA0012-1024x576.jpg\" class=\"attachment-large size-large wp-image-693\" alt=\"\" srcset=\"https:\/\/humanitaerehilfe.awo-rle.de\/wordpress\/wp-content\/uploads\/2022\/02\/IMG-20201126-WA0012-1024x576.jpg 1024w, https:\/\/humanitaerehilfe.awo-rle.de\/wordpress\/wp-content\/uploads\/2022\/02\/IMG-20201126-WA0012-300x169.jpg 300w, https:\/\/humanitaerehilfe.awo-rle.de\/wordpress\/wp-content\/uploads\/2022\/02\/IMG-20201126-WA0012-768x432.jpg 768w, https:\/\/humanitaerehilfe.awo-rle.de\/wordpress\/wp-content\/uploads\/2022\/02\/IMG-20201126-WA0012-1536x864.jpg 1536w, https:\/\/humanitaerehilfe.awo-rle.de\/wordpress\/wp-content\/uploads\/2022\/02\/IMG-20201126-WA0012.jpg 1600w\" sizes=\"(max-width: 1024px) 100vw, 1024px\" \/>\t\t\t\t\t\t\t\t\t\t\t\t\t\t\t<\/div>\n\t\t\t\t<\/div>\n\t\t\t\t\t<\/div>\n\t\t<\/div>\n\t\t\t\t\t<\/div>\n\t\t<\/section>\n\t\t\t\t<div class=\"elementor-element elementor-element-3dbc5cd elementor-widget elementor-widget-text-editor\" data-id=\"3dbc5cd\" data-element_type=\"widget\" data-e-type=\"widget\" data-widget_type=\"text-editor.default\">\n\t\t\t\t<div class=\"elementor-widget-container\">\n\t\t\t\t\t\t\t\t\t<div><br><\/div><div>4.8.2020 Rum\u00e4nien Gemeinde Toplet<br><\/div>\n<p>Aufbau des neuen Ketteler Kletterger\u00fcst vor dem Kindergarten und der Grundschule in Barza,durch das Schulkollegium. Herzlichen Dank an die Geldspender<\/p>\t\t\t\t\t\t\t\t<\/div>\n\t\t\t\t<\/div>\n\t\t\t\t<section class=\"elementor-section elementor-inner-section elementor-element elementor-element-5c20439 elementor-section-boxed elementor-section-height-default elementor-section-height-default\" data-id=\"5c20439\" data-element_type=\"section\" data-e-type=\"section\">\n\t\t\t\t\t\t<div class=\"elementor-container elementor-column-gap-default\">\n\t\t\t\t\t<div class=\"elementor-column elementor-col-50 elementor-inner-column elementor-element elementor-element-52e34cc\" data-id=\"52e34cc\" data-element_type=\"column\" data-e-type=\"column\">\n\t\t\t<div class=\"elementor-widget-wrap elementor-element-populated\">\n\t\t\t\t\t\t<div class=\"elementor-element elementor-element-eeea4ff elementor-widget elementor-widget-image\" data-id=\"eeea4ff\" data-element_type=\"widget\" data-e-type=\"widget\" data-widget_type=\"image.default\">\n\t\t\t\t<div class=\"elementor-widget-container\">\n\t\t\t\t\t\t\t\t\t\t\t\t\t\t\t<img loading=\"lazy\" decoding=\"async\" width=\"1024\" height=\"768\" src=\"https:\/\/humanitaerehilfe.awo-rle.de\/wordpress\/wp-content\/uploads\/2022\/02\/IMG-20200804-WA0003.jpg\" class=\"attachment-large size-large wp-image-700\" alt=\"\" srcset=\"https:\/\/humanitaerehilfe.awo-rle.de\/wordpress\/wp-content\/uploads\/2022\/02\/IMG-20200804-WA0003.jpg 1024w, https:\/\/humanitaerehilfe.awo-rle.de\/wordpress\/wp-content\/uploads\/2022\/02\/IMG-20200804-WA0003-300x225.jpg 300w, https:\/\/humanitaerehilfe.awo-rle.de\/wordpress\/wp-content\/uploads\/2022\/02\/IMG-20200804-WA0003-768x576.jpg 768w\" sizes=\"(max-width: 1024px) 100vw, 1024px\" \/>\t\t\t\t\t\t\t\t\t\t\t\t\t\t\t<\/div>\n\t\t\t\t<\/div>\n\t\t\t\t\t<\/div>\n\t\t<\/div>\n\t\t\t\t<div class=\"elementor-column elementor-col-50 elementor-inner-column elementor-element elementor-element-c915f2f\" data-id=\"c915f2f\" data-element_type=\"column\" data-e-type=\"column\">\n\t\t\t<div class=\"elementor-widget-wrap elementor-element-populated\">\n\t\t\t\t\t\t<div class=\"elementor-element elementor-element-8e8c285 elementor-widget elementor-widget-image\" data-id=\"8e8c285\" data-element_type=\"widget\" data-e-type=\"widget\" data-widget_type=\"image.default\">\n\t\t\t\t<div class=\"elementor-widget-container\">\n\t\t\t\t\t\t\t\t\t\t\t\t\t\t\t<img loading=\"lazy\" decoding=\"async\" width=\"1024\" height=\"768\" src=\"https:\/\/humanitaerehilfe.awo-rle.de\/wordpress\/wp-content\/uploads\/2022\/02\/IMG-20200804-WA0010.jpg\" class=\"attachment-large size-large wp-image-702\" alt=\"\" srcset=\"https:\/\/humanitaerehilfe.awo-rle.de\/wordpress\/wp-content\/uploads\/2022\/02\/IMG-20200804-WA0010.jpg 1024w, https:\/\/humanitaerehilfe.awo-rle.de\/wordpress\/wp-content\/uploads\/2022\/02\/IMG-20200804-WA0010-300x225.jpg 300w, https:\/\/humanitaerehilfe.awo-rle.de\/wordpress\/wp-content\/uploads\/2022\/02\/IMG-20200804-WA0010-768x576.jpg 768w\" sizes=\"(max-width: 1024px) 100vw, 1024px\" \/>\t\t\t\t\t\t\t\t\t\t\t\t\t\t\t<\/div>\n\t\t\t\t<\/div>\n\t\t\t\t\t<\/div>\n\t\t<\/div>\n\t\t\t\t\t<\/div>\n\t\t<\/section>\n\t\t\t\t<section class=\"elementor-section elementor-inner-section elementor-element elementor-element-552733a elementor-section-boxed elementor-section-height-default elementor-section-height-default\" data-id=\"552733a\" data-element_type=\"section\" data-e-type=\"section\">\n\t\t\t\t\t\t<div class=\"elementor-container elementor-column-gap-default\">\n\t\t\t\t\t<div class=\"elementor-column elementor-col-50 elementor-inner-column elementor-element elementor-element-c161506\" data-id=\"c161506\" data-element_type=\"column\" data-e-type=\"column\">\n\t\t\t<div class=\"elementor-widget-wrap elementor-element-populated\">\n\t\t\t\t\t\t<div class=\"elementor-element elementor-element-588e959 elementor-widget elementor-widget-image\" data-id=\"588e959\" data-element_type=\"widget\" data-e-type=\"widget\" data-widget_type=\"image.default\">\n\t\t\t\t<div class=\"elementor-widget-container\">\n\t\t\t\t\t\t\t\t\t\t\t\t\t\t\t<img loading=\"lazy\" decoding=\"async\" width=\"1024\" height=\"768\" src=\"https:\/\/humanitaerehilfe.awo-rle.de\/wordpress\/wp-content\/uploads\/2022\/02\/IMG-20200804-WA0002.jpg\" class=\"attachment-large size-large wp-image-699\" alt=\"\" srcset=\"https:\/\/humanitaerehilfe.awo-rle.de\/wordpress\/wp-content\/uploads\/2022\/02\/IMG-20200804-WA0002.jpg 1024w, https:\/\/humanitaerehilfe.awo-rle.de\/wordpress\/wp-content\/uploads\/2022\/02\/IMG-20200804-WA0002-300x225.jpg 300w, https:\/\/humanitaerehilfe.awo-rle.de\/wordpress\/wp-content\/uploads\/2022\/02\/IMG-20200804-WA0002-768x576.jpg 768w\" sizes=\"(max-width: 1024px) 100vw, 1024px\" \/>\t\t\t\t\t\t\t\t\t\t\t\t\t\t\t<\/div>\n\t\t\t\t<\/div>\n\t\t\t\t\t<\/div>\n\t\t<\/div>\n\t\t\t\t<div class=\"elementor-column elementor-col-50 elementor-inner-column elementor-element elementor-element-95f4026\" data-id=\"95f4026\" data-element_type=\"column\" data-e-type=\"column\">\n\t\t\t<div class=\"elementor-widget-wrap elementor-element-populated\">\n\t\t\t\t\t\t<div class=\"elementor-element elementor-element-e22707b elementor-widget elementor-widget-image\" data-id=\"e22707b\" data-element_type=\"widget\" data-e-type=\"widget\" data-widget_type=\"image.default\">\n\t\t\t\t<div class=\"elementor-widget-container\">\n\t\t\t\t\t\t\t\t\t\t\t\t\t\t\t<img loading=\"lazy\" decoding=\"async\" width=\"768\" height=\"1024\" src=\"https:\/\/humanitaerehilfe.awo-rle.de\/wordpress\/wp-content\/uploads\/2022\/02\/IMG-20200804-WA0004.jpg\" class=\"attachment-large size-large wp-image-701\" alt=\"\" srcset=\"https:\/\/humanitaerehilfe.awo-rle.de\/wordpress\/wp-content\/uploads\/2022\/02\/IMG-20200804-WA0004.jpg 768w, https:\/\/humanitaerehilfe.awo-rle.de\/wordpress\/wp-content\/uploads\/2022\/02\/IMG-20200804-WA0004-225x300.jpg 225w\" sizes=\"(max-width: 768px) 100vw, 768px\" \/>\t\t\t\t\t\t\t\t\t\t\t\t\t\t\t<\/div>\n\t\t\t\t<\/div>\n\t\t\t\t\t<\/div>\n\t\t<\/div>\n\t\t\t\t\t<\/div>\n\t\t<\/section>\n\t\t\t\t<div class=\"elementor-element elementor-element-26ab362 elementor-widget elementor-widget-text-editor\" data-id=\"26ab362\" data-element_type=\"widget\" data-e-type=\"widget\" data-widget_type=\"text-editor.default\">\n\t\t\t\t<div class=\"elementor-widget-container\">\n\t\t\t\t\t\t\t\t\t<p style=\"font-size: 18px; line-height: 2;\"><span style=\"font-size: 80%;\">29.7.2020<\/span><\/p>\n<p style=\"font-size: 18px; line-height: 2;\"><span style=\"font-size: 80%;\">Spontane Abholung durch die Leerr\u00fcckfahrt eines rum\u00e4nischen Spediteurs von heute auf morgen. Besonderer Dank an die Helfer,die spontan die Verladung m\u00f6glich machten.<\/span><\/p>\t\t\t\t\t\t\t\t<\/div>\n\t\t\t\t<\/div>\n\t\t\t\t<div class=\"elementor-element elementor-element-8cdbddd elementor-widget elementor-widget-image\" data-id=\"8cdbddd\" data-element_type=\"widget\" data-e-type=\"widget\" data-widget_type=\"image.default\">\n\t\t\t\t<div class=\"elementor-widget-container\">\n\t\t\t\t\t\t\t\t\t\t\t\t\t\t\t<img loading=\"lazy\" decoding=\"async\" width=\"768\" height=\"1024\" src=\"https:\/\/humanitaerehilfe.awo-rle.de\/wordpress\/wp-content\/uploads\/2022\/02\/IMG-20200729-WA0002-768x1024.jpg\" class=\"attachment-medium_large size-medium_large wp-image-703\" alt=\"\" srcset=\"https:\/\/humanitaerehilfe.awo-rle.de\/wordpress\/wp-content\/uploads\/2022\/02\/IMG-20200729-WA0002-768x1024.jpg 768w, https:\/\/humanitaerehilfe.awo-rle.de\/wordpress\/wp-content\/uploads\/2022\/02\/IMG-20200729-WA0002-225x300.jpg 225w, https:\/\/humanitaerehilfe.awo-rle.de\/wordpress\/wp-content\/uploads\/2022\/02\/IMG-20200729-WA0002.jpg 900w\" sizes=\"(max-width: 768px) 100vw, 768px\" \/>\t\t\t\t\t\t\t\t\t\t\t\t\t\t\t<\/div>\n\t\t\t\t<\/div>\n\t\t\t\t<div class=\"elementor-element elementor-element-1e7b73d elementor-widget elementor-widget-text-editor\" data-id=\"1e7b73d\" data-element_type=\"widget\" data-e-type=\"widget\" data-widget_type=\"text-editor.default\">\n\t\t\t\t<div class=\"elementor-widget-container\">\n\t\t\t\t\t\t\t\t\t<p style=\"font-size: 18px; line-height: 2;\"><span style=\"font-size: 80%;\">10.7.2020<\/span><\/p>\n<p style=\"font-size: 18px; line-height: 2;\"><span style=\"font-size: 80%;\">Die Spendenbereitschaft unserer Unterst\u00fctzer,F\u00f6rderer und Spender ist ungebrochen und das seit mehrt als 25 Jahren.Heute holen J\u00fcrgen, Karin,Rainer eine M\u00f6belspende aus Methler ab.Peter besichtigt heute eine M\u00f6belspende in Kamen.<\/span><\/p>\n<p style=\"font-size: 18px; line-height: 2;\"><span style=\"font-size: 80%;\">8.7.2020<\/span><\/p>\t\t\t\t\t\t\t\t<\/div>\n\t\t\t\t<\/div>\n\t\t\t\t<section class=\"elementor-section elementor-inner-section elementor-element elementor-element-529a36c elementor-section-boxed elementor-section-height-default elementor-section-height-default\" data-id=\"529a36c\" data-element_type=\"section\" data-e-type=\"section\">\n\t\t\t\t\t\t<div class=\"elementor-container elementor-column-gap-default\">\n\t\t\t\t\t<div class=\"elementor-column elementor-col-50 elementor-inner-column elementor-element elementor-element-69343f5\" data-id=\"69343f5\" data-element_type=\"column\" data-e-type=\"column\">\n\t\t\t<div class=\"elementor-widget-wrap elementor-element-populated\">\n\t\t\t\t\t\t<div class=\"elementor-element elementor-element-a388fb0 elementor-widget elementor-widget-image\" data-id=\"a388fb0\" data-element_type=\"widget\" data-e-type=\"widget\" data-widget_type=\"image.default\">\n\t\t\t\t<div class=\"elementor-widget-container\">\n\t\t\t\t\t\t\t\t\t\t\t\t\t\t\t<img loading=\"lazy\" decoding=\"async\" width=\"768\" height=\"1024\" src=\"https:\/\/humanitaerehilfe.awo-rle.de\/wordpress\/wp-content\/uploads\/2022\/02\/osowa-krankenhaus5-768x1024.jpg\" class=\"attachment-medium_large size-medium_large wp-image-705\" alt=\"\" srcset=\"https:\/\/humanitaerehilfe.awo-rle.de\/wordpress\/wp-content\/uploads\/2022\/02\/osowa-krankenhaus5-768x1024.jpg 768w, https:\/\/humanitaerehilfe.awo-rle.de\/wordpress\/wp-content\/uploads\/2022\/02\/osowa-krankenhaus5-225x300.jpg 225w, https:\/\/humanitaerehilfe.awo-rle.de\/wordpress\/wp-content\/uploads\/2022\/02\/osowa-krankenhaus5.jpg 900w\" sizes=\"(max-width: 768px) 100vw, 768px\" \/>\t\t\t\t\t\t\t\t\t\t\t\t\t\t\t<\/div>\n\t\t\t\t<\/div>\n\t\t\t\t\t<\/div>\n\t\t<\/div>\n\t\t\t\t<div class=\"elementor-column elementor-col-50 elementor-inner-column elementor-element elementor-element-7368826\" data-id=\"7368826\" data-element_type=\"column\" data-e-type=\"column\">\n\t\t\t<div class=\"elementor-widget-wrap elementor-element-populated\">\n\t\t\t\t\t\t<div class=\"elementor-element elementor-element-025d0ca elementor-widget elementor-widget-image\" data-id=\"025d0ca\" data-element_type=\"widget\" data-e-type=\"widget\" data-widget_type=\"image.default\">\n\t\t\t\t<div class=\"elementor-widget-container\">\n\t\t\t\t\t\t\t\t\t\t\t\t\t\t\t<img loading=\"lazy\" decoding=\"async\" width=\"768\" height=\"769\" src=\"https:\/\/humanitaerehilfe.awo-rle.de\/wordpress\/wp-content\/uploads\/2022\/02\/Scan-768x769.jpg\" class=\"attachment-medium_large size-medium_large wp-image-706\" alt=\"\" srcset=\"https:\/\/humanitaerehilfe.awo-rle.de\/wordpress\/wp-content\/uploads\/2022\/02\/Scan-768x769.jpg 768w, https:\/\/humanitaerehilfe.awo-rle.de\/wordpress\/wp-content\/uploads\/2022\/02\/Scan-300x300.jpg 300w, https:\/\/humanitaerehilfe.awo-rle.de\/wordpress\/wp-content\/uploads\/2022\/02\/Scan-1022x1024.jpg 1022w, https:\/\/humanitaerehilfe.awo-rle.de\/wordpress\/wp-content\/uploads\/2022\/02\/Scan-150x150.jpg 150w, https:\/\/humanitaerehilfe.awo-rle.de\/wordpress\/wp-content\/uploads\/2022\/02\/Scan.jpg 1198w\" sizes=\"(max-width: 768px) 100vw, 768px\" \/>\t\t\t\t\t\t\t\t\t\t\t\t\t\t\t<\/div>\n\t\t\t\t<\/div>\n\t\t\t\t\t<\/div>\n\t\t<\/div>\n\t\t\t\t\t<\/div>\n\t\t<\/section>\n\t\t\t\t<section class=\"elementor-section elementor-inner-section elementor-element elementor-element-cc6781a elementor-section-boxed elementor-section-height-default elementor-section-height-default\" data-id=\"cc6781a\" data-element_type=\"section\" data-e-type=\"section\">\n\t\t\t\t\t\t<div class=\"elementor-container elementor-column-gap-default\">\n\t\t\t\t\t<div class=\"elementor-column elementor-col-50 elementor-inner-column elementor-element elementor-element-af6bd0c\" data-id=\"af6bd0c\" data-element_type=\"column\" data-e-type=\"column\">\n\t\t\t<div class=\"elementor-widget-wrap elementor-element-populated\">\n\t\t\t\t\t\t<div class=\"elementor-element elementor-element-1015f47 elementor-widget elementor-widget-image\" data-id=\"1015f47\" data-element_type=\"widget\" data-e-type=\"widget\" data-widget_type=\"image.default\">\n\t\t\t\t<div class=\"elementor-widget-container\">\n\t\t\t\t\t\t\t\t\t\t\t\t\t\t\t<img loading=\"lazy\" decoding=\"async\" width=\"768\" height=\"576\" src=\"https:\/\/humanitaerehilfe.awo-rle.de\/wordpress\/wp-content\/uploads\/2022\/02\/osowa-krankenhaus3-768x576.jpg\" class=\"attachment-medium_large size-medium_large wp-image-704\" alt=\"\" srcset=\"https:\/\/humanitaerehilfe.awo-rle.de\/wordpress\/wp-content\/uploads\/2022\/02\/osowa-krankenhaus3-768x576.jpg 768w, https:\/\/humanitaerehilfe.awo-rle.de\/wordpress\/wp-content\/uploads\/2022\/02\/osowa-krankenhaus3-300x225.jpg 300w, https:\/\/humanitaerehilfe.awo-rle.de\/wordpress\/wp-content\/uploads\/2022\/02\/osowa-krankenhaus3-1024x768.jpg 1024w, https:\/\/humanitaerehilfe.awo-rle.de\/wordpress\/wp-content\/uploads\/2022\/02\/osowa-krankenhaus3-1536x1152.jpg 1536w, https:\/\/humanitaerehilfe.awo-rle.de\/wordpress\/wp-content\/uploads\/2022\/02\/osowa-krankenhaus3.jpg 1600w\" sizes=\"(max-width: 768px) 100vw, 768px\" \/>\t\t\t\t\t\t\t\t\t\t\t\t\t\t\t<\/div>\n\t\t\t\t<\/div>\n\t\t\t\t\t<\/div>\n\t\t<\/div>\n\t\t\t\t<div class=\"elementor-column elementor-col-50 elementor-inner-column elementor-element elementor-element-f0d46a0\" data-id=\"f0d46a0\" data-element_type=\"column\" data-e-type=\"column\">\n\t\t\t<div class=\"elementor-widget-wrap\">\n\t\t\t\t\t\t\t<\/div>\n\t\t<\/div>\n\t\t\t\t\t<\/div>\n\t\t<\/section>\n\t\t\t\t<div class=\"elementor-element elementor-element-ba99b94 elementor-widget elementor-widget-text-editor\" data-id=\"ba99b94\" data-element_type=\"widget\" data-e-type=\"widget\" data-widget_type=\"text-editor.default\">\n\t\t\t\t<div class=\"elementor-widget-container\">\n\t\t\t\t\t\t\t\t\t<p style=\"font-size: 18px; line-height: 2;\"><span style=\"font-size: 80%;\">Kaum ist unsere Hilfslieferung angekommen,schon werden die gespendeten Pflegehilfsmittel zum Krankenhaus nach Orsowa transportiert und vertraglich geregelt f\u00fcr Bed\u00fcrftige zur Verf\u00fcgung gestellt.Ein neues&nbsp; KettlerKletterspielger\u00e4t wird an der kleinen Nebenschule in Barza vom Schulleiter Jonanis Horesku und dem Awo-Vorsitzenden Nico Fusario aufgebaut.Au\u00dferdem wird der Kicker und der Basketballst\u00e4nder im Gymnasium in Toplet&nbsp; aufgebaut.Die vielen Kaffeemaschinen,das Geschirr,Kleidung und weiter Haushaltsgegenst\u00e4nde werden von Lilly im Sozialkaufhaus zur Verf\u00fcgung gestellt.&nbsp;<\/span><\/p>\n\n\n\n<p style=\"font-size: 18px; line-height: 2;\"><span style=\"font-size: 80%;\">Am 17.6.2020 hat es geklappt,wir haben einen LKW gefunden der unser Sammelgut bei einer Leerr\u00fcckfahrt nach Toplet bringt.Unsere Freunde selbst konnten aufgrund der Coronavorschriften ja nicht zur Abnholung kommen. Herzlichen Dank an Helga,Moni,Sebastian,Georg ,J\u00fcrgen f\u00fcr\n die ungeplante spontane Verladungsaktion.Nach 2 Tagen ist alles \nangekommen und wurde im Kulturhaus ausgeladen.Das neue \nKettlerkletterger\u00fcst wird in auf dem Schulhof in Barza und \nBasketballst\u00e4nder und Kicker im Gymnasium in Toplet aufgebaut.Der Rest \ngeht in das Sozialkaufhaus. Aufgrund der Coronalockerungen halten wir an dem Besuchstermin unserer Freunde aus&nbsp; Rum\u00e4nen(Schulleiter B\u00fcrgermeister Awovorsitzender) in der Zeit vom 17.-21.8.2020 noch fest.<\/span><\/p>\t\t\t\t\t\t\t\t<\/div>\n\t\t\t\t<\/div>\n\t\t\t\t<section class=\"elementor-section elementor-inner-section elementor-element elementor-element-97595b4 elementor-section-boxed elementor-section-height-default elementor-section-height-default\" data-id=\"97595b4\" data-element_type=\"section\" data-e-type=\"section\">\n\t\t\t\t\t\t<div class=\"elementor-container elementor-column-gap-default\">\n\t\t\t\t\t<div class=\"elementor-column elementor-col-50 elementor-inner-column elementor-element elementor-element-a5db782\" data-id=\"a5db782\" data-element_type=\"column\" data-e-type=\"column\">\n\t\t\t<div class=\"elementor-widget-wrap elementor-element-populated\">\n\t\t\t\t\t\t<div class=\"elementor-element elementor-element-1c1e158 elementor-widget elementor-widget-image\" data-id=\"1c1e158\" data-element_type=\"widget\" data-e-type=\"widget\" data-widget_type=\"image.default\">\n\t\t\t\t<div class=\"elementor-widget-container\">\n\t\t\t\t\t\t\t\t\t\t\t\t\t\t\t<img loading=\"lazy\" decoding=\"async\" width=\"597\" height=\"1024\" src=\"https:\/\/humanitaerehilfe.awo-rle.de\/wordpress\/wp-content\/uploads\/2022\/02\/IMG-20200617-WA0002-21-597x1024.jpeg\" class=\"attachment-large size-large wp-image-709\" alt=\"\" srcset=\"https:\/\/humanitaerehilfe.awo-rle.de\/wordpress\/wp-content\/uploads\/2022\/02\/IMG-20200617-WA0002-21-597x1024.jpeg 597w, https:\/\/humanitaerehilfe.awo-rle.de\/wordpress\/wp-content\/uploads\/2022\/02\/IMG-20200617-WA0002-21-175x300.jpeg 175w, https:\/\/humanitaerehilfe.awo-rle.de\/wordpress\/wp-content\/uploads\/2022\/02\/IMG-20200617-WA0002-21.jpeg 700w\" sizes=\"(max-width: 597px) 100vw, 597px\" \/>\t\t\t\t\t\t\t\t\t\t\t\t\t\t\t<\/div>\n\t\t\t\t<\/div>\n\t\t\t\t\t<\/div>\n\t\t<\/div>\n\t\t\t\t<div class=\"elementor-column elementor-col-50 elementor-inner-column elementor-element elementor-element-b4cfe04\" data-id=\"b4cfe04\" data-element_type=\"column\" data-e-type=\"column\">\n\t\t\t<div class=\"elementor-widget-wrap elementor-element-populated\">\n\t\t\t\t\t\t<div class=\"elementor-element elementor-element-d99f9ae elementor-widget elementor-widget-image\" data-id=\"d99f9ae\" data-element_type=\"widget\" data-e-type=\"widget\" data-widget_type=\"image.default\">\n\t\t\t\t<div class=\"elementor-widget-container\">\n\t\t\t\t\t\t\t\t\t\t\t\t\t\t\t<img loading=\"lazy\" decoding=\"async\" width=\"576\" height=\"1024\" src=\"https:\/\/humanitaerehilfe.awo-rle.de\/wordpress\/wp-content\/uploads\/2022\/02\/20200617_104407-576x1024.jpg\" class=\"attachment-large size-large wp-image-707\" alt=\"\" srcset=\"https:\/\/humanitaerehilfe.awo-rle.de\/wordpress\/wp-content\/uploads\/2022\/02\/20200617_104407-576x1024.jpg 576w, https:\/\/humanitaerehilfe.awo-rle.de\/wordpress\/wp-content\/uploads\/2022\/02\/20200617_104407-169x300.jpg 169w, https:\/\/humanitaerehilfe.awo-rle.de\/wordpress\/wp-content\/uploads\/2022\/02\/20200617_104407-768x1365.jpg 768w, https:\/\/humanitaerehilfe.awo-rle.de\/wordpress\/wp-content\/uploads\/2022\/02\/20200617_104407-864x1536.jpg 864w, https:\/\/humanitaerehilfe.awo-rle.de\/wordpress\/wp-content\/uploads\/2022\/02\/20200617_104407.jpg 900w\" sizes=\"(max-width: 576px) 100vw, 576px\" \/>\t\t\t\t\t\t\t\t\t\t\t\t\t\t\t<\/div>\n\t\t\t\t<\/div>\n\t\t\t\t\t<\/div>\n\t\t<\/div>\n\t\t\t\t\t<\/div>\n\t\t<\/section>\n\t\t\t\t<section class=\"elementor-section elementor-inner-section elementor-element elementor-element-9908186 elementor-section-boxed elementor-section-height-default elementor-section-height-default\" data-id=\"9908186\" data-element_type=\"section\" data-e-type=\"section\">\n\t\t\t\t\t\t<div class=\"elementor-container elementor-column-gap-default\">\n\t\t\t\t\t<div class=\"elementor-column elementor-col-50 elementor-inner-column elementor-element elementor-element-79d1a81\" data-id=\"79d1a81\" data-element_type=\"column\" data-e-type=\"column\">\n\t\t\t<div class=\"elementor-widget-wrap elementor-element-populated\">\n\t\t\t\t\t\t<div class=\"elementor-element elementor-element-aebdc84 elementor-widget elementor-widget-image\" data-id=\"aebdc84\" data-element_type=\"widget\" data-e-type=\"widget\" data-widget_type=\"image.default\">\n\t\t\t\t<div class=\"elementor-widget-container\">\n\t\t\t\t\t\t\t\t\t\t\t\t\t\t\t<img loading=\"lazy\" decoding=\"async\" width=\"768\" height=\"576\" src=\"https:\/\/humanitaerehilfe.awo-rle.de\/wordpress\/wp-content\/uploads\/2022\/02\/20200617_104521-768x576.jpg\" class=\"attachment-medium_large size-medium_large wp-image-708\" alt=\"\" srcset=\"https:\/\/humanitaerehilfe.awo-rle.de\/wordpress\/wp-content\/uploads\/2022\/02\/20200617_104521-768x576.jpg 768w, https:\/\/humanitaerehilfe.awo-rle.de\/wordpress\/wp-content\/uploads\/2022\/02\/20200617_104521-300x225.jpg 300w, https:\/\/humanitaerehilfe.awo-rle.de\/wordpress\/wp-content\/uploads\/2022\/02\/20200617_104521-1024x768.jpg 1024w, https:\/\/humanitaerehilfe.awo-rle.de\/wordpress\/wp-content\/uploads\/2022\/02\/20200617_104521-1536x1152.jpg 1536w, https:\/\/humanitaerehilfe.awo-rle.de\/wordpress\/wp-content\/uploads\/2022\/02\/20200617_104521.jpg 1600w\" sizes=\"(max-width: 768px) 100vw, 768px\" \/>\t\t\t\t\t\t\t\t\t\t\t\t\t\t\t<\/div>\n\t\t\t\t<\/div>\n\t\t\t\t\t<\/div>\n\t\t<\/div>\n\t\t\t\t<div class=\"elementor-column elementor-col-50 elementor-inner-column elementor-element elementor-element-15a6745\" data-id=\"15a6745\" data-element_type=\"column\" data-e-type=\"column\">\n\t\t\t<div class=\"elementor-widget-wrap\">\n\t\t\t\t\t\t\t<\/div>\n\t\t<\/div>\n\t\t\t\t\t<\/div>\n\t\t<\/section>\n\t\t\t\t<div class=\"elementor-element elementor-element-ab0068d elementor-widget elementor-widget-text-editor\" data-id=\"ab0068d\" data-element_type=\"widget\" data-e-type=\"widget\" data-widget_type=\"text-editor.default\">\n\t\t\t\t<div class=\"elementor-widget-container\">\n\t\t\t\t\t\t\t\t\t<p>Besuchsreise vom 2.12.-6.12.2019:&nbsp; Unser Bericht kann durch klicken auf das untere&nbsp; Bild aufgerufen werden.<\/p>\t\t\t\t\t\t\t\t<\/div>\n\t\t\t\t<\/div>\n\t\t\t\t<div class=\"elementor-element elementor-element-7f10b54 elementor-widget elementor-widget-image\" data-id=\"7f10b54\" data-element_type=\"widget\" data-e-type=\"widget\" data-widget_type=\"image.default\">\n\t\t\t\t<div class=\"elementor-widget-container\">\n\t\t\t\t\t\t\t\t\t\t\t\t\t\t\t<img loading=\"lazy\" decoding=\"async\" width=\"1024\" height=\"768\" src=\"https:\/\/humanitaerehilfe.awo-rle.de\/wordpress\/wp-content\/uploads\/2022\/02\/IMG_20191204_095002-1024x768.jpg\" class=\"attachment-large size-large wp-image-710\" alt=\"\" srcset=\"https:\/\/humanitaerehilfe.awo-rle.de\/wordpress\/wp-content\/uploads\/2022\/02\/IMG_20191204_095002-1024x768.jpg 1024w, https:\/\/humanitaerehilfe.awo-rle.de\/wordpress\/wp-content\/uploads\/2022\/02\/IMG_20191204_095002-300x225.jpg 300w, https:\/\/humanitaerehilfe.awo-rle.de\/wordpress\/wp-content\/uploads\/2022\/02\/IMG_20191204_095002-768x576.jpg 768w, https:\/\/humanitaerehilfe.awo-rle.de\/wordpress\/wp-content\/uploads\/2022\/02\/IMG_20191204_095002-1536x1152.jpg 1536w, https:\/\/humanitaerehilfe.awo-rle.de\/wordpress\/wp-content\/uploads\/2022\/02\/IMG_20191204_095002.jpg 1600w\" sizes=\"(max-width: 1024px) 100vw, 1024px\" \/>\t\t\t\t\t\t\t\t\t\t\t\t\t\t\t<\/div>\n\t\t\t\t<\/div>\n\t\t\t\t<div class=\"elementor-element elementor-element-c6d8472 elementor-widget elementor-widget-text-editor\" data-id=\"c6d8472\" data-element_type=\"widget\" data-e-type=\"widget\" data-widget_type=\"text-editor.default\">\n\t\t\t\t<div class=\"elementor-widget-container\">\n\t\t\t\t\t\t\t\t\t<p>Die M\u00f6bel zur Einrichtung der 8 Schulklassen mit Regalen und&nbsp; Schr\u00e4nken wurden direkt von Ikea Bukarest geliefert.Hier entladen die Sch\u00fcler mit gro\u00dfer Freude den Lieferwagen.<\/p>\t\t\t\t\t\t\t\t<\/div>\n\t\t\t\t<\/div>\n\t\t\t\t<section class=\"elementor-section elementor-inner-section elementor-element elementor-element-a8f89c6 elementor-section-boxed elementor-section-height-default elementor-section-height-default\" data-id=\"a8f89c6\" data-element_type=\"section\" data-e-type=\"section\">\n\t\t\t\t\t\t<div class=\"elementor-container elementor-column-gap-default\">\n\t\t\t\t\t<div class=\"elementor-column elementor-col-50 elementor-inner-column elementor-element elementor-element-7c1205b\" data-id=\"7c1205b\" data-element_type=\"column\" data-e-type=\"column\">\n\t\t\t<div class=\"elementor-widget-wrap elementor-element-populated\">\n\t\t\t\t\t\t<div class=\"elementor-element elementor-element-ee893ef elementor-widget elementor-widget-image\" data-id=\"ee893ef\" data-element_type=\"widget\" data-e-type=\"widget\" data-widget_type=\"image.default\">\n\t\t\t\t<div class=\"elementor-widget-container\">\n\t\t\t\t\t\t\t\t\t\t\t\t\t\t\t<img loading=\"lazy\" decoding=\"async\" width=\"1024\" height=\"768\" src=\"https:\/\/humanitaerehilfe.awo-rle.de\/wordpress\/wp-content\/uploads\/2022\/02\/WhatsApp-Image-2019-11-22-at-11.01.39-1024x768.jpeg\" class=\"attachment-large size-large wp-image-712\" alt=\"\" srcset=\"https:\/\/humanitaerehilfe.awo-rle.de\/wordpress\/wp-content\/uploads\/2022\/02\/WhatsApp-Image-2019-11-22-at-11.01.39-1024x768.jpeg 1024w, https:\/\/humanitaerehilfe.awo-rle.de\/wordpress\/wp-content\/uploads\/2022\/02\/WhatsApp-Image-2019-11-22-at-11.01.39-300x225.jpeg 300w, https:\/\/humanitaerehilfe.awo-rle.de\/wordpress\/wp-content\/uploads\/2022\/02\/WhatsApp-Image-2019-11-22-at-11.01.39-768x576.jpeg 768w, https:\/\/humanitaerehilfe.awo-rle.de\/wordpress\/wp-content\/uploads\/2022\/02\/WhatsApp-Image-2019-11-22-at-11.01.39-1536x1152.jpeg 1536w, https:\/\/humanitaerehilfe.awo-rle.de\/wordpress\/wp-content\/uploads\/2022\/02\/WhatsApp-Image-2019-11-22-at-11.01.39.jpeg 1600w\" sizes=\"(max-width: 1024px) 100vw, 1024px\" \/>\t\t\t\t\t\t\t\t\t\t\t\t\t\t\t<\/div>\n\t\t\t\t<\/div>\n\t\t\t\t\t<\/div>\n\t\t<\/div>\n\t\t\t\t<div class=\"elementor-column elementor-col-50 elementor-inner-column elementor-element elementor-element-a326a4a\" data-id=\"a326a4a\" data-element_type=\"column\" data-e-type=\"column\">\n\t\t\t<div class=\"elementor-widget-wrap elementor-element-populated\">\n\t\t\t\t\t\t<div class=\"elementor-element elementor-element-28c2dfa elementor-widget elementor-widget-image\" data-id=\"28c2dfa\" data-element_type=\"widget\" data-e-type=\"widget\" data-widget_type=\"image.default\">\n\t\t\t\t<div class=\"elementor-widget-container\">\n\t\t\t\t\t\t\t\t\t\t\t\t\t\t\t<img loading=\"lazy\" decoding=\"async\" width=\"947\" height=\"533\" src=\"https:\/\/humanitaerehilfe.awo-rle.de\/wordpress\/wp-content\/uploads\/2022\/02\/Bild1.png\" class=\"attachment-large size-large wp-image-711\" alt=\"\" srcset=\"https:\/\/humanitaerehilfe.awo-rle.de\/wordpress\/wp-content\/uploads\/2022\/02\/Bild1.png 947w, https:\/\/humanitaerehilfe.awo-rle.de\/wordpress\/wp-content\/uploads\/2022\/02\/Bild1-300x169.png 300w, https:\/\/humanitaerehilfe.awo-rle.de\/wordpress\/wp-content\/uploads\/2022\/02\/Bild1-768x432.png 768w\" sizes=\"(max-width: 947px) 100vw, 947px\" \/>\t\t\t\t\t\t\t\t\t\t\t\t\t\t\t<\/div>\n\t\t\t\t<\/div>\n\t\t\t\t\t<\/div>\n\t\t<\/div>\n\t\t\t\t\t<\/div>\n\t\t<\/section>\n\t\t\t\t<div class=\"elementor-element elementor-element-a15eec3 elementor-widget elementor-widget-text-editor\" data-id=\"a15eec3\" data-element_type=\"widget\" data-e-type=\"widget\" data-widget_type=\"text-editor.default\">\n\t\t\t\t<div class=\"elementor-widget-container\">\n\t\t\t\t\t\t\t\t\t<div><span style=\"color: #000000; font-size: 80%;\">Die letzte Beladungsaktion erfolgte am 11.10.2019<br><\/span><\/div><div><span style=\"color: #000000; font-size: 80%;\">Neben dem Sammelgut bei DASDIES (Container), wurden bereits die Weihnachtst\u00fcten f\u00fcr die Kinderg\u00e4rten und f\u00fcr die Weihnachtsfeier mit dem Ortsverein Toplet und seinen Hochbetagten und Behinderten mitgegeben ,um Transportkosten zu sparen. Die Helferdelegation reist am 4.12.2019 auf eigene Kosten mit dem Flugzeug an, um die Winterholzheizungsaktion f\u00fcr besonders Bed\u00fcrftige, die Weihnachtsfeiern,die Jahreshauptversammlung des Ortsvereins Helm Toplet und die geplante Einrichtung der Schulklassen mit B\u00fccherregalen,verschlie\u00dfbaren Schr\u00e4nken und Whiteboards,durchzuf\u00fchren.Die M\u00f6bel sollen bei Ikea in Bukarest( ca. 350km von Toplet)gekauft und vor Ort von uns aufgebaut werden.<\/span><\/div>\t\t\t\t\t\t\t\t<\/div>\n\t\t\t\t<\/div>\n\t\t\t\t<div class=\"elementor-element elementor-element-15dc043 elementor-widget elementor-widget-image\" data-id=\"15dc043\" data-element_type=\"widget\" data-e-type=\"widget\" data-widget_type=\"image.default\">\n\t\t\t\t<div class=\"elementor-widget-container\">\n\t\t\t\t\t\t\t\t\t\t\t\t\t\t\t<img loading=\"lazy\" decoding=\"async\" width=\"768\" height=\"1024\" src=\"https:\/\/humanitaerehilfe.awo-rle.de\/wordpress\/wp-content\/uploads\/2022\/02\/ladeliste-10.10.19-768x1024.jpg\" class=\"attachment-large size-large wp-image-713\" alt=\"\" srcset=\"https:\/\/humanitaerehilfe.awo-rle.de\/wordpress\/wp-content\/uploads\/2022\/02\/ladeliste-10.10.19-768x1024.jpg 768w, https:\/\/humanitaerehilfe.awo-rle.de\/wordpress\/wp-content\/uploads\/2022\/02\/ladeliste-10.10.19-225x300.jpg 225w, https:\/\/humanitaerehilfe.awo-rle.de\/wordpress\/wp-content\/uploads\/2022\/02\/ladeliste-10.10.19.jpg 900w\" sizes=\"(max-width: 768px) 100vw, 768px\" \/>\t\t\t\t\t\t\t\t\t\t\t\t\t\t\t<\/div>\n\t\t\t\t<\/div>\n\t\t\t\t<div class=\"elementor-element elementor-element-823a55e elementor-widget elementor-widget-text-editor\" data-id=\"823a55e\" data-element_type=\"widget\" data-e-type=\"widget\" data-widget_type=\"text-editor.default\">\n\t\t\t\t<div class=\"elementor-widget-container\">\n\t\t\t\t\t\t\t\t\t<p>Herzlichen Dank an die Ortsvereine Unna Massen und S\u00fcdkamen der Arbeiterwohlfahrt f\u00fcr die S\u00fc\u00dfigkeitenspenden zur Gestaltung der Weihnachtsfeiern mit den Kindern in Toplet.<\/p>\t\t\t\t\t\t\t\t<\/div>\n\t\t\t\t<\/div>\n\t\t\t\t<section class=\"elementor-section elementor-inner-section elementor-element elementor-element-dcb0066 elementor-section-boxed elementor-section-height-default elementor-section-height-default\" data-id=\"dcb0066\" data-element_type=\"section\" data-e-type=\"section\">\n\t\t\t\t\t\t<div class=\"elementor-container elementor-column-gap-default\">\n\t\t\t\t\t<div class=\"elementor-column elementor-col-50 elementor-inner-column elementor-element elementor-element-81bd7a9\" data-id=\"81bd7a9\" data-element_type=\"column\" data-e-type=\"column\">\n\t\t\t<div class=\"elementor-widget-wrap elementor-element-populated\">\n\t\t\t\t\t\t<div class=\"elementor-element elementor-element-390e362 elementor-widget elementor-widget-image\" data-id=\"390e362\" data-element_type=\"widget\" data-e-type=\"widget\" data-widget_type=\"image.default\">\n\t\t\t\t<div class=\"elementor-widget-container\">\n\t\t\t\t\t\t\t\t\t\t\t\t\t\t\t<img loading=\"lazy\" decoding=\"async\" width=\"768\" height=\"1024\" src=\"https:\/\/humanitaerehilfe.awo-rle.de\/wordpress\/wp-content\/uploads\/2022\/02\/IMG_20191001_155822-768x1024.jpg\" class=\"attachment-large size-large wp-image-715\" alt=\"\" srcset=\"https:\/\/humanitaerehilfe.awo-rle.de\/wordpress\/wp-content\/uploads\/2022\/02\/IMG_20191001_155822-768x1024.jpg 768w, https:\/\/humanitaerehilfe.awo-rle.de\/wordpress\/wp-content\/uploads\/2022\/02\/IMG_20191001_155822-225x300.jpg 225w, https:\/\/humanitaerehilfe.awo-rle.de\/wordpress\/wp-content\/uploads\/2022\/02\/IMG_20191001_155822.jpg 900w\" sizes=\"(max-width: 768px) 100vw, 768px\" \/>\t\t\t\t\t\t\t\t\t\t\t\t\t\t\t<\/div>\n\t\t\t\t<\/div>\n\t\t\t\t\t<\/div>\n\t\t<\/div>\n\t\t\t\t<div class=\"elementor-column elementor-col-50 elementor-inner-column elementor-element elementor-element-7015050\" data-id=\"7015050\" data-element_type=\"column\" data-e-type=\"column\">\n\t\t\t<div class=\"elementor-widget-wrap elementor-element-populated\">\n\t\t\t\t\t\t<div class=\"elementor-element elementor-element-9485875 elementor-widget elementor-widget-image\" data-id=\"9485875\" data-element_type=\"widget\" data-e-type=\"widget\" data-widget_type=\"image.default\">\n\t\t\t\t<div class=\"elementor-widget-container\">\n\t\t\t\t\t\t\t\t\t\t\t\t\t\t\t<img loading=\"lazy\" decoding=\"async\" width=\"1024\" height=\"768\" src=\"https:\/\/humanitaerehilfe.awo-rle.de\/wordpress\/wp-content\/uploads\/2022\/02\/IMG_20191001_153509-1024x768.jpg\" class=\"attachment-large size-large wp-image-714\" alt=\"\" srcset=\"https:\/\/humanitaerehilfe.awo-rle.de\/wordpress\/wp-content\/uploads\/2022\/02\/IMG_20191001_153509-1024x768.jpg 1024w, https:\/\/humanitaerehilfe.awo-rle.de\/wordpress\/wp-content\/uploads\/2022\/02\/IMG_20191001_153509-300x225.jpg 300w, https:\/\/humanitaerehilfe.awo-rle.de\/wordpress\/wp-content\/uploads\/2022\/02\/IMG_20191001_153509-768x576.jpg 768w, https:\/\/humanitaerehilfe.awo-rle.de\/wordpress\/wp-content\/uploads\/2022\/02\/IMG_20191001_153509-1536x1152.jpg 1536w, https:\/\/humanitaerehilfe.awo-rle.de\/wordpress\/wp-content\/uploads\/2022\/02\/IMG_20191001_153509.jpg 1600w\" sizes=\"(max-width: 1024px) 100vw, 1024px\" \/>\t\t\t\t\t\t\t\t\t\t\t\t\t\t\t<\/div>\n\t\t\t\t<\/div>\n\t\t\t\t\t<\/div>\n\t\t<\/div>\n\t\t\t\t\t<\/div>\n\t\t<\/section>\n\t\t\t\t<section class=\"elementor-section elementor-inner-section elementor-element elementor-element-343ef5f elementor-section-boxed elementor-section-height-default elementor-section-height-default\" data-id=\"343ef5f\" data-element_type=\"section\" data-e-type=\"section\">\n\t\t\t\t\t\t<div class=\"elementor-container elementor-column-gap-default\">\n\t\t\t\t\t<div class=\"elementor-column elementor-col-50 elementor-inner-column elementor-element elementor-element-b332b59\" data-id=\"b332b59\" data-element_type=\"column\" data-e-type=\"column\">\n\t\t\t<div class=\"elementor-widget-wrap elementor-element-populated\">\n\t\t\t\t\t\t<div class=\"elementor-element elementor-element-0882f29 elementor-widget elementor-widget-image\" data-id=\"0882f29\" data-element_type=\"widget\" data-e-type=\"widget\" data-widget_type=\"image.default\">\n\t\t\t\t<div class=\"elementor-widget-container\">\n\t\t\t\t\t\t\t\t\t\t\t\t\t\t\t<img loading=\"lazy\" decoding=\"async\" width=\"768\" height=\"1024\" src=\"https:\/\/humanitaerehilfe.awo-rle.de\/wordpress\/wp-content\/uploads\/2022\/02\/IMG-20191011-WA0002-768x1024.jpg\" class=\"attachment-large size-large wp-image-716\" alt=\"\" srcset=\"https:\/\/humanitaerehilfe.awo-rle.de\/wordpress\/wp-content\/uploads\/2022\/02\/IMG-20191011-WA0002-768x1024.jpg 768w, https:\/\/humanitaerehilfe.awo-rle.de\/wordpress\/wp-content\/uploads\/2022\/02\/IMG-20191011-WA0002-225x300.jpg 225w, https:\/\/humanitaerehilfe.awo-rle.de\/wordpress\/wp-content\/uploads\/2022\/02\/IMG-20191011-WA0002.jpg 900w\" sizes=\"(max-width: 768px) 100vw, 768px\" \/>\t\t\t\t\t\t\t\t\t\t\t\t\t\t\t<\/div>\n\t\t\t\t<\/div>\n\t\t\t\t\t<\/div>\n\t\t<\/div>\n\t\t\t\t<div class=\"elementor-column elementor-col-50 elementor-inner-column elementor-element elementor-element-82b5df5\" data-id=\"82b5df5\" data-element_type=\"column\" data-e-type=\"column\">\n\t\t\t<div class=\"elementor-widget-wrap elementor-element-populated\">\n\t\t\t\t\t\t<div class=\"elementor-element elementor-element-4f4e853 elementor-widget elementor-widget-image\" data-id=\"4f4e853\" data-element_type=\"widget\" data-e-type=\"widget\" data-widget_type=\"image.default\">\n\t\t\t\t<div class=\"elementor-widget-container\">\n\t\t\t\t\t\t\t\t\t\t\t\t\t\t\t<img loading=\"lazy\" decoding=\"async\" width=\"768\" height=\"1024\" src=\"https:\/\/humanitaerehilfe.awo-rle.de\/wordpress\/wp-content\/uploads\/2022\/02\/IMG-20191011-WA0003-768x1024.jpg\" class=\"attachment-large size-large wp-image-717\" alt=\"\" srcset=\"https:\/\/humanitaerehilfe.awo-rle.de\/wordpress\/wp-content\/uploads\/2022\/02\/IMG-20191011-WA0003-768x1024.jpg 768w, https:\/\/humanitaerehilfe.awo-rle.de\/wordpress\/wp-content\/uploads\/2022\/02\/IMG-20191011-WA0003-225x300.jpg 225w, https:\/\/humanitaerehilfe.awo-rle.de\/wordpress\/wp-content\/uploads\/2022\/02\/IMG-20191011-WA0003.jpg 900w\" sizes=\"(max-width: 768px) 100vw, 768px\" \/>\t\t\t\t\t\t\t\t\t\t\t\t\t\t\t<\/div>\n\t\t\t\t<\/div>\n\t\t\t\t\t<\/div>\n\t\t<\/div>\n\t\t\t\t\t<\/div>\n\t\t<\/section>\n\t\t\t\t<div class=\"elementor-element elementor-element-70560d8 elementor-widget elementor-widget-text-editor\" data-id=\"70560d8\" data-element_type=\"widget\" data-e-type=\"widget\" data-widget_type=\"text-editor.default\">\n\t\t\t\t<div class=\"elementor-widget-container\">\n\t\t\t\t\t\t\t\t\t<p>Und nun beginnt wieder die lange Reise nach Toplet.Zwischenzeitlich sind Fahrer und Ladung gut angekommen.<\/p>\t\t\t\t\t\t\t\t<\/div>\n\t\t\t\t<\/div>\n\t\t\t\t<div class=\"elementor-element elementor-element-faadcdc elementor-widget elementor-widget-text-editor\" data-id=\"faadcdc\" data-element_type=\"widget\" data-e-type=\"widget\" data-widget_type=\"text-editor.default\">\n\t\t\t\t<div class=\"elementor-widget-container\">\n\t\t\t\t\t\t\t\t\t<p>Beladung von Hilfsg\u00fctern vom 6. September 2019<br>Niko und Lilly kommen am Freitag den 6.9.2019 um 9:00 Uhr zum Beladen der Sammelg\u00fcter,&nbsp; die bei DASDIES in der Garage und im Container lagern. Rolf \u00fcbernimmt die Ladeliste.<\/p>\t\t\t\t\t\t\t\t<\/div>\n\t\t\t\t<\/div>\n\t\t\t\t<section class=\"elementor-section elementor-inner-section elementor-element elementor-element-00daf6b elementor-section-boxed elementor-section-height-default elementor-section-height-default\" data-id=\"00daf6b\" data-element_type=\"section\" data-e-type=\"section\">\n\t\t\t\t\t\t<div class=\"elementor-container elementor-column-gap-default\">\n\t\t\t\t\t<div class=\"elementor-column elementor-col-50 elementor-inner-column elementor-element elementor-element-73e4f57\" data-id=\"73e4f57\" data-element_type=\"column\" data-e-type=\"column\">\n\t\t\t<div class=\"elementor-widget-wrap elementor-element-populated\">\n\t\t\t\t\t\t<div class=\"elementor-element elementor-element-ca11bae elementor-widget elementor-widget-image\" data-id=\"ca11bae\" data-element_type=\"widget\" data-e-type=\"widget\" data-widget_type=\"image.default\">\n\t\t\t\t<div class=\"elementor-widget-container\">\n\t\t\t\t\t\t\t\t\t\t\t\t\t\t\t<img loading=\"lazy\" decoding=\"async\" width=\"500\" height=\"508\" src=\"https:\/\/humanitaerehilfe.awo-rle.de\/wordpress\/wp-content\/uploads\/2022\/02\/index.jpg\" class=\"attachment-large size-large wp-image-721\" alt=\"\" srcset=\"https:\/\/humanitaerehilfe.awo-rle.de\/wordpress\/wp-content\/uploads\/2022\/02\/index.jpg 500w, https:\/\/humanitaerehilfe.awo-rle.de\/wordpress\/wp-content\/uploads\/2022\/02\/index-295x300.jpg 295w\" sizes=\"(max-width: 500px) 100vw, 500px\" \/>\t\t\t\t\t\t\t\t\t\t\t\t\t\t\t<\/div>\n\t\t\t\t<\/div>\n\t\t\t\t\t<\/div>\n\t\t<\/div>\n\t\t\t\t<div class=\"elementor-column elementor-col-50 elementor-inner-column elementor-element elementor-element-bba1bc1\" data-id=\"bba1bc1\" data-element_type=\"column\" data-e-type=\"column\">\n\t\t\t<div class=\"elementor-widget-wrap elementor-element-populated\">\n\t\t\t\t\t\t<div class=\"elementor-element elementor-element-5ef717c elementor-widget elementor-widget-image\" data-id=\"5ef717c\" data-element_type=\"widget\" data-e-type=\"widget\" data-widget_type=\"image.default\">\n\t\t\t\t<div class=\"elementor-widget-container\">\n\t\t\t\t\t\t\t\t\t\t\t\t\t\t\t<img loading=\"lazy\" decoding=\"async\" width=\"768\" height=\"1024\" src=\"https:\/\/humanitaerehilfe.awo-rle.de\/wordpress\/wp-content\/uploads\/2022\/02\/IMG_20190906_162030-768x1024.jpg\" class=\"attachment-large size-large wp-image-720\" alt=\"\" srcset=\"https:\/\/humanitaerehilfe.awo-rle.de\/wordpress\/wp-content\/uploads\/2022\/02\/IMG_20190906_162030-768x1024.jpg 768w, https:\/\/humanitaerehilfe.awo-rle.de\/wordpress\/wp-content\/uploads\/2022\/02\/IMG_20190906_162030-225x300.jpg 225w, https:\/\/humanitaerehilfe.awo-rle.de\/wordpress\/wp-content\/uploads\/2022\/02\/IMG_20190906_162030.jpg 900w\" sizes=\"(max-width: 768px) 100vw, 768px\" \/>\t\t\t\t\t\t\t\t\t\t\t\t\t\t\t<\/div>\n\t\t\t\t<\/div>\n\t\t\t\t\t<\/div>\n\t\t<\/div>\n\t\t\t\t\t<\/div>\n\t\t<\/section>\n\t\t\t\t<section class=\"elementor-section elementor-inner-section elementor-element elementor-element-2ac2cf8 elementor-section-boxed elementor-section-height-default elementor-section-height-default\" data-id=\"2ac2cf8\" data-element_type=\"section\" data-e-type=\"section\">\n\t\t\t\t\t\t<div class=\"elementor-container elementor-column-gap-default\">\n\t\t\t\t\t<div class=\"elementor-column elementor-col-50 elementor-inner-column elementor-element elementor-element-0bf5c7c\" data-id=\"0bf5c7c\" data-element_type=\"column\" data-e-type=\"column\">\n\t\t\t<div class=\"elementor-widget-wrap elementor-element-populated\">\n\t\t\t\t\t\t<div class=\"elementor-element elementor-element-8e2a338 elementor-widget elementor-widget-image\" data-id=\"8e2a338\" data-element_type=\"widget\" data-e-type=\"widget\" data-widget_type=\"image.default\">\n\t\t\t\t<div class=\"elementor-widget-container\">\n\t\t\t\t\t\t\t\t\t\t\t\t\t\t\t<img loading=\"lazy\" decoding=\"async\" width=\"768\" height=\"1024\" src=\"https:\/\/humanitaerehilfe.awo-rle.de\/wordpress\/wp-content\/uploads\/2022\/02\/IMG_20190906_110409-768x1024.jpg\" class=\"attachment-large size-large wp-image-718\" alt=\"\" srcset=\"https:\/\/humanitaerehilfe.awo-rle.de\/wordpress\/wp-content\/uploads\/2022\/02\/IMG_20190906_110409-768x1024.jpg 768w, https:\/\/humanitaerehilfe.awo-rle.de\/wordpress\/wp-content\/uploads\/2022\/02\/IMG_20190906_110409-225x300.jpg 225w, https:\/\/humanitaerehilfe.awo-rle.de\/wordpress\/wp-content\/uploads\/2022\/02\/IMG_20190906_110409.jpg 900w\" sizes=\"(max-width: 768px) 100vw, 768px\" \/>\t\t\t\t\t\t\t\t\t\t\t\t\t\t\t<\/div>\n\t\t\t\t<\/div>\n\t\t\t\t\t<\/div>\n\t\t<\/div>\n\t\t\t\t<div class=\"elementor-column elementor-col-50 elementor-inner-column elementor-element elementor-element-26bbad0\" data-id=\"26bbad0\" data-element_type=\"column\" data-e-type=\"column\">\n\t\t\t<div class=\"elementor-widget-wrap elementor-element-populated\">\n\t\t\t\t\t\t<div class=\"elementor-element elementor-element-edd6f3c elementor-widget elementor-widget-image\" data-id=\"edd6f3c\" data-element_type=\"widget\" data-e-type=\"widget\" data-widget_type=\"image.default\">\n\t\t\t\t<div class=\"elementor-widget-container\">\n\t\t\t\t\t\t\t\t\t\t\t\t\t\t\t<img loading=\"lazy\" decoding=\"async\" width=\"768\" height=\"1024\" src=\"https:\/\/humanitaerehilfe.awo-rle.de\/wordpress\/wp-content\/uploads\/2022\/02\/IMG_20190906_110429-768x1024.jpg\" class=\"attachment-large size-large wp-image-719\" alt=\"\" srcset=\"https:\/\/humanitaerehilfe.awo-rle.de\/wordpress\/wp-content\/uploads\/2022\/02\/IMG_20190906_110429-768x1024.jpg 768w, https:\/\/humanitaerehilfe.awo-rle.de\/wordpress\/wp-content\/uploads\/2022\/02\/IMG_20190906_110429-225x300.jpg 225w, https:\/\/humanitaerehilfe.awo-rle.de\/wordpress\/wp-content\/uploads\/2022\/02\/IMG_20190906_110429.jpg 900w\" sizes=\"(max-width: 768px) 100vw, 768px\" \/>\t\t\t\t\t\t\t\t\t\t\t\t\t\t\t<\/div>\n\t\t\t\t<\/div>\n\t\t\t\t\t<\/div>\n\t\t<\/div>\n\t\t\t\t\t<\/div>\n\t\t<\/section>\n\t\t\t\t<div class=\"elementor-element elementor-element-0dedb57 elementor-widget elementor-widget-text-editor\" data-id=\"0dedb57\" data-element_type=\"widget\" data-e-type=\"widget\" data-widget_type=\"text-editor.default\">\n\t\t\t\t<div class=\"elementor-widget-container\">\n\t\t\t\t\t\t\t\t\t<p>E<b>in Schneewittchensarg ging auf die Reise nach Rum\u00e4nien (Februar 2018)<\/b><br><b>Eine von 100 Geschichten aus dem Jubil\u00e4umsjahr der AWO Deutschland<\/b><\/p><p><a href=\"https:\/\/www.awo-100-geschichten.de\/ein-schneewittchensarg-geht-auf-die-reise-nach-rumaenien\" target=\"_blank\">https:\/\/www.awo-100-geschichten.de\/ein-schneewittchensarg-geht-auf-die-reise-nach-rumaenien<\/a><\/p>\t\t\t\t\t\t\t\t<\/div>\n\t\t\t\t<\/div>\n\t\t\t\t\t<\/div>\n\t\t<\/div>\n\t\t\t\t\t<\/div>\n\t\t<\/section>\n\t\t\t\t<section class=\"elementor-section elementor-top-section elementor-element elementor-element-f827008 elementor-section-boxed elementor-section-height-default elementor-section-height-default\" data-id=\"f827008\" data-element_type=\"section\" data-e-type=\"section\">\n\t\t\t\t\t\t<div class=\"elementor-container elementor-column-gap-default\">\n\t\t\t\t\t<div class=\"elementor-column elementor-col-100 elementor-top-column elementor-element elementor-element-c43987c\" data-id=\"c43987c\" data-element_type=\"column\" data-e-type=\"column\">\n\t\t\t<div class=\"elementor-widget-wrap elementor-element-populated\">\n\t\t\t\t\t\t<div class=\"elementor-element elementor-element-f4db6fc elementor-widget elementor-widget-text-editor\" data-id=\"f4db6fc\" data-element_type=\"widget\" data-e-type=\"widget\" data-widget_type=\"text-editor.default\">\n\t\t\t\t<div class=\"elementor-widget-container\">\n\t\t\t\t\t\t\t\t\t<p>Lorem ipsum dolor sit amet, consectetur adipiscing elit. Ut elit tellus, luctus nec ullamcorper mattis, pulvinar dapibus leo.<\/p>\t\t\t\t\t\t\t\t<\/div>\n\t\t\t\t<\/div>\n\t\t\t\t\t<\/div>\n\t\t<\/div>\n\t\t\t\t\t<\/div>\n\t\t<\/section>\n\t\t\t\t<section class=\"elementor-section elementor-top-section elementor-element elementor-element-720f341 elementor-section-boxed elementor-section-height-default elementor-section-height-default\" data-id=\"720f341\" data-element_type=\"section\" data-e-type=\"section\">\n\t\t\t\t\t\t<div class=\"elementor-container elementor-column-gap-default\">\n\t\t\t\t\t<div class=\"elementor-column elementor-col-100 elementor-top-column elementor-element elementor-element-3311ee5\" data-id=\"3311ee5\" data-element_type=\"column\" data-e-type=\"column\">\n\t\t\t<div class=\"elementor-widget-wrap elementor-element-populated\">\n\t\t\t\t\t\t<div class=\"elementor-element elementor-element-a2ad953 elementor-widget elementor-widget-text-editor\" data-id=\"a2ad953\" data-element_type=\"widget\" data-e-type=\"widget\" data-widget_type=\"text-editor.default\">\n\t\t\t\t<div class=\"elementor-widget-container\">\n\t\t\t\t\t\t\t\t\t<p>Lorem ipsum dolor sit amet, consectetur adipiscing elit. Ut elit tellus, luctus&nbsp;<\/p>\t\t\t\t\t\t\t\t<\/div>\n\t\t\t\t<\/div>\n\t\t\t\t\t<\/div>\n\t\t<\/div>\n\t\t\t\t\t<\/div>\n\t\t<\/section>\n\t\t\t\t<\/div>\n\t\t","protected":false},"excerpt":{"rendered":"<p>WEIHNACHTSP\u00c4CKCHENAKTION 2023 DES AKTIONSKREISES HUMANIT\u00c4RE HILFE: GEMEINSCHAFTLICHER EINSATZ F\u00dcR EINE BESONDERE BESCHERUNG Geschrieben von Redaktion am 09. Dezember 2023. Ver\u00f6ffentlicht in Lokalnachrichten kamen.web &nbsp;In diesem Jahr h\u00e4tte der rum\u00e4nische Nikolaus beinahe sein Ziel verfehlt, die Weihnachtsp\u00e4ckchen aus Kamen abzuholen, da sein Auto den Dienst versagte. Doch die Mitglieder des Aktionskreises humanit\u00e4re Hilfe und insbesondere Julia [&hellip;]<\/p>\n","protected":false},"author":2,"featured_media":0,"parent":0,"menu_order":0,"comment_status":"closed","ping_status":"closed","template":"","meta":{"ocean_post_layout":"full-screen","ocean_both_sidebars_style":"","ocean_both_sidebars_content_width":0,"ocean_both_sidebars_sidebars_width":0,"ocean_sidebar":"0","ocean_second_sidebar":"0","ocean_disable_margins":"enable","ocean_add_body_class":"","ocean_shortcode_before_top_bar":"","ocean_shortcode_after_top_bar":"","ocean_shortcode_before_header":"","ocean_shortcode_after_header":"","ocean_has_shortcode":"","ocean_shortcode_after_title":"","ocean_shortcode_before_footer_widgets":"","ocean_shortcode_after_footer_widgets":"","ocean_shortcode_before_footer_bottom":"","ocean_shortcode_after_footer_bottom":"","ocean_display_top_bar":"off","ocean_display_header":"default","ocean_header_style":"","ocean_center_header_left_menu":"0","ocean_custom_header_template":"0","ocean_custom_logo":0,"ocean_custom_retina_logo":0,"ocean_custom_logo_max_width":0,"ocean_custom_logo_tablet_max_width":0,"ocean_custom_logo_mobile_max_width":0,"ocean_custom_logo_max_height":0,"ocean_custom_logo_tablet_max_height":0,"ocean_custom_logo_mobile_max_height":0,"ocean_header_custom_menu":"0","ocean_menu_typo_font_family":"0","ocean_menu_typo_font_subset":"","ocean_menu_typo_font_size":0,"ocean_menu_typo_font_size_tablet":0,"ocean_menu_typo_font_size_mobile":0,"ocean_menu_typo_font_size_unit":"px","ocean_menu_typo_font_weight":"","ocean_menu_typo_font_weight_tablet":"","ocean_menu_typo_font_weight_mobile":"","ocean_menu_typo_transform":"","ocean_menu_typo_transform_tablet":"","ocean_menu_typo_transform_mobile":"","ocean_menu_typo_line_height":0,"ocean_menu_typo_line_height_tablet":0,"ocean_menu_typo_line_height_mobile":0,"ocean_menu_typo_line_height_unit":"","ocean_menu_typo_spacing":0,"ocean_menu_typo_spacing_tablet":0,"ocean_menu_typo_spacing_mobile":0,"ocean_menu_typo_spacing_unit":"","ocean_menu_link_color":"","ocean_menu_link_color_hover":"","ocean_menu_link_color_active":"","ocean_menu_link_background":"","ocean_menu_link_hover_background":"","ocean_menu_link_active_background":"","ocean_menu_social_links_bg":"","ocean_menu_social_hover_links_bg":"","ocean_menu_social_links_color":"","ocean_menu_social_hover_links_color":"","ocean_disable_title":"on","ocean_disable_heading":"default","ocean_post_title":"","ocean_post_subheading":"","ocean_post_title_style":"","ocean_post_title_background_color":"","ocean_post_title_background":0,"ocean_post_title_bg_image_position":"","ocean_post_title_bg_image_attachment":"","ocean_post_title_bg_image_repeat":"","ocean_post_title_bg_image_size":"","ocean_post_title_height":0,"ocean_post_title_bg_overlay":0.5,"ocean_post_title_bg_overlay_color":"","ocean_disable_breadcrumbs":"default","ocean_breadcrumbs_color":"","ocean_breadcrumbs_separator_color":"","ocean_breadcrumbs_links_color":"","ocean_breadcrumbs_links_hover_color":"","ocean_display_footer_widgets":"off","ocean_display_footer_bottom":"default","ocean_custom_footer_template":"0","footnotes":""},"class_list":["post-428","page","type-page","status-publish","hentry","entry"],"_links":{"self":[{"href":"https:\/\/humanitaerehilfe.awo-rle.de\/wordpress\/index.php\/wp-json\/wp\/v2\/pages\/428","targetHints":{"allow":["GET"]}}],"collection":[{"href":"https:\/\/humanitaerehilfe.awo-rle.de\/wordpress\/index.php\/wp-json\/wp\/v2\/pages"}],"about":[{"href":"https:\/\/humanitaerehilfe.awo-rle.de\/wordpress\/index.php\/wp-json\/wp\/v2\/types\/page"}],"author":[{"embeddable":true,"href":"https:\/\/humanitaerehilfe.awo-rle.de\/wordpress\/index.php\/wp-json\/wp\/v2\/users\/2"}],"replies":[{"embeddable":true,"href":"https:\/\/humanitaerehilfe.awo-rle.de\/wordpress\/index.php\/wp-json\/wp\/v2\/comments?post=428"}],"version-history":[{"count":302,"href":"https:\/\/humanitaerehilfe.awo-rle.de\/wordpress\/index.php\/wp-json\/wp\/v2\/pages\/428\/revisions"}],"predecessor-version":[{"id":1602,"href":"https:\/\/humanitaerehilfe.awo-rle.de\/wordpress\/index.php\/wp-json\/wp\/v2\/pages\/428\/revisions\/1602"}],"wp:attachment":[{"href":"https:\/\/humanitaerehilfe.awo-rle.de\/wordpress\/index.php\/wp-json\/wp\/v2\/media?parent=428"}],"curies":[{"name":"wp","href":"https:\/\/api.w.org\/{rel}","templated":true}]}}